{"id":97,"date":"2022-01-27T10:58:35","date_gmt":"2022-01-27T10:58:35","guid":{"rendered":"http:\/\/cognito.mprinsdesign.nl\/?page_id=97"},"modified":"2025-04-18T10:39:32","modified_gmt":"2025-04-18T10:39:32","slug":"lokalizacja","status":"publish","type":"page","link":"https:\/\/soleil-marbella.com\/pl\/lokalizacja\/","title":{"rendered":"Lokalizacja"},"content":{"rendered":"<section class=\"wpb-content-wrapper\"><div  class=\"content_row row page-content vc_row wpb_row  default-style fullwidth\" >\n\t\n\t<div class=\"content_row_wrapper  default\" >\n\t<div id=\"asdasd\" class=\"vc_col-sm-12 wpb_column vc_column_container\" >\n\t<div class=\"vc_column-inner\">\n\t\t<div class=\"wpb_wrapper\" >\n\t\t\t<div class=\"rt_heading_wrapper no-style\">\n\t\t\t\t\t\t<h1 class=\"rt_heading  no-style\"  style=\"font-size:24px;margin-top:24px;margin-bottom:0px;\">Lokalizacja - <span class=\"after_h1\">S\u0142o\u0144ce Marbella<\/span><\/h1> \n\t\t\t\t\t<\/div><div class=\"vc_empty_space\"   style=\"height: 32px\"><span class=\"vc_empty_space_inner\"><\/span><\/div><div class=\"vc_separator wpb_content_element vc_separator_align_center vc_sep_width_100 vc_sep_style-4 vc_sep_pos_align_center vc_separator_no_text vc_sep_color_grey\" ><span class=\"vc_sep_holder vc_sep_holder_l\"><span class=\"vc_sep_line\"><\/span><\/span><span class=\"vc_sep_holder vc_sep_holder_r\"><span class=\"vc_sep_line\"><\/span><\/span>\n<\/div>\n\t\t<\/div>\n\t<\/div>\n\t<\/div>\n\n<\/div>\n<\/div>\n\n<div  class=\"content_row row room-list vc_row wpb_row  default-style fullwidth\" >\n\t\n\t<div class=\"content_row_wrapper  fullwidth\" >\n\t<div id=\"asdasd\" class=\"vc_col-sm-12 wpb_column vc_column_container\" >\n\t<div class=\"vc_column-inner\">\n\t\t<div class=\"wpb_wrapper\" >\n\t\t\t<div class=\"google_map_holder\" data-height=\"300\" data-scope=\"#map-449987\" data-bw=\"\">\n\n\t\t\t<div id=\"map-449987\" class=\"google_map\"><\/div>\n\t\t\t<script type=\"text\/javascript\">\n\t\t\t \/* <![CDATA[ *\/ \n\t\t\t\t\/\/ Runs google maps\t\n\t\t\t\t\tjQuery(function() {\n\t\t\t\t\t\tjQuery(\"#map-449987\").rt_maps([[\"Soleil Marbella\", 36.529138, -4.841712, 4,\"\"],],10); \n\t\t\t\t\t});\n\t\t\t\/* ]]> *\/\t\n\t\t\t<\/script>\n\n\t\t<\/div><div class=\"vc_empty_space\"   style=\"height: 180px\"><span class=\"vc_empty_space_inner\"><\/span><\/div>\n\t<div class=\"wpb_text_column wpb_content_element\" >\n\t\t<div class=\"wpb_wrapper\">\n\t\t\t\n\t\t<\/div>\n\t<\/div>\n<div class=\"vc_btn3-container vc_btn3-center\" ><a class=\"vc_general vc_btn3 vc_btn3-size-md vc_btn3-shape-square vc_btn3-style-modern vc_btn3-color-warning\" href=\"https:\/\/soleil-marbella.com\/pl\/wiecej-informacji\/\" title=\"Wi\u0119cej informacji\">ZAPYTAJ O CENNIK PRZEDPREMIEROWY<\/a><\/div>\n\t<div class=\"wpb_text_column wpb_content_element\" >\n\t\t<div class=\"wpb_wrapper\">\n\t\t\t<h3>Atrakcje w pobli\u017cu Soleil Marbella<\/h3>\n<p>Oto kilka atrakcji w pobli\u017cu Soleil Marbella. Pi\u0119kne po\u0142\u0105czenie kultury, luksusu, natury, relaksu i praktycznych udogodnie\u0144, wszystko \u0142atwo dost\u0119pne.<\/p>\n<ul>\n<li><strong>Stare Miasto (Casco Antiguo) w Marbelli: <\/strong>\u00a0Jak ju\u017c wspomnia\u0142em wcze\u015bniej, jest to miasto z uroczymi uliczkami, Plaza de los Naranjos, butikami i barami tapas. Absolutnie trzeba to zobaczy\u0107.<\/li>\n<li><strong>Port Ban\u00fas:<\/strong>\u00a0 S\u0142ynna na ca\u0142ym \u015bwiecie marina pe\u0142na luksusowych jacht\u00f3w, designerskich sklep\u00f3w, ekskluzywnych restauracji i t\u0119tni\u0105cej \u017cyciem atmosfery, zw\u0142aszcza wieczorami.<\/li>\n<li><strong>Bulwar (Paseo Mar\u00edtimo) w Marbelli:<\/strong>\u00a0 Pi\u0119kna promenada wzd\u0142u\u017c pla\u017cy, idealna na spacery, wycieczki rowerowe, podziwianie widok\u00f3w na morze i zatrzymanie si\u0119 w jednej z licznych chiringuitos (restauracji na pla\u017cy).<\/li>\n<li><strong>Port i pla\u017ca Cabopino:<\/strong>\u00a0 Mniejsza, kameralna marina z dobrymi restauracjami i pi\u0119kn\u0105 pla\u017c\u0105 z chronionymi wydmami (wydmy Artola).<\/li>\n<li><strong>Mijas Pueblo:<\/strong>\u00a0 Kultowa bia\u0142a andaluzyjska wioska g\u00f3rska (pueblo blanco) z w\u0105skimi uliczkami, taks\u00f3wkami zaprz\u0119gowymi i fantastycznymi widokami na wybrze\u017ce.<\/li>\n<li><strong>Oczy:<\/strong>\u00a0 Kolejna urocza bia\u0142a wioska, po\u0142o\u017cona bli\u017cej ni\u017c Mijas, po\u0142o\u017cona na wzg\u00f3rzach nad Marbell\u0105, znana ze spokoju i tradycyjnej atmosfery.<\/li>\n<li><strong>Centrum handlowe La Ca\u00f1ada:<\/strong>\u00a0 Du\u017ce, nowoczesne centrum handlowe z szerok\u0105 gam\u0105 sklep\u00f3w, supermarketem, kinem i restauracjami. Przydatne ze wzgl\u0119d\u00f3w praktycznych lub w przypadku z\u0142ej pogody.<\/li>\n<\/ul>\n<p>&nbsp;<\/p>\n<h3><strong>Wybrze\u017ce Golfa<\/strong><\/h3>\n<p>Nie b\u0119dzie zaskoczeniem, \u017ce w pobli\u017cu Laguna Mijas, po\u0142o\u017conej w samym sercu Costa del Golf, znajduj\u0105 si\u0119 pi\u0119kne pola golfowe. Oto przegl\u0105d:<\/p>\n<p><em>Pola golfowe w pobli\u017cu:<\/em><\/p>\n<p>Soleil Marbella ma bardzo dogodn\u0105 lokalizacj\u0119, blisko kilku doskona\u0142ych p\u00f3l golfowych. Najbli\u017csze znajduj\u0105 si\u0119 praktycznie u podn\u00f3\u017ca wzg\u00f3rza:<\/p>\n<ol>\n<li><strong>Rio Real Golf:<\/strong>\u00a0To jest prawdopodobnie najbli\u017csze, cz\u0119sto jedyne\u00a0<strong>5 do 10 minut<\/strong>\u00a0przejed\u017a samochodem (oko\u0142o 3-5 km), w zale\u017cno\u015bci od dok\u0142adnej lokalizacji w Altos de Los Monteros.<\/li>\n<li><strong>Pole golfowe Santa Clara w Marbelli:<\/strong>\u00a0R\u00f3wnie\u017c bardzo blisko, tylko troch\u0119 dalej na wsch\u00f3d ni\u017c Rio Real. R\u00f3wnie\u017c licz na takie\u00a0<strong>5 do 10 minut<\/strong>\u00a0jazda samochodem (oko\u0142o 4-6 km).<\/li>\n<li><strong>Marbella Golf &amp; Country Club:<\/strong>\u00a0To pole golfowe znajduje si\u0119 niedaleko, tu\u017c na wsch\u00f3d od Santa Clara. Czas podr\u00f3\u017cy jest podobny, mo\u017ce\u00a0<strong>7 do 12 minut<\/strong>\u00a0(oko\u0142o 5-8 km).<\/li>\n<\/ol>\n<p>Kr\u00f3tko m\u00f3wi\u0105c, Soleil Marbella stanowi doskona\u0142\u0105 baz\u0119 wypadow\u0105 dla mi\u0142o\u015bnik\u00f3w golfa, oferuj\u0105c kilka znakomitych p\u00f3l golfowych.<\/p>\n\n\t\t<\/div>\n\t<\/div>\n\n\t<div  class=\"wpb_single_image wpb_content_element vc_align_center\">\n\t\t\n\t\t<figure class=\"wpb_wrapper vc_figure\">\n\t\t\t<div class=\"vc_single_image-wrapper   vc_box_border_grey\"><img fetchpriority=\"high\" decoding=\"async\" width=\"1000\" height=\"412\" src=\"https:\/\/soleil-marbella.com\/wp-content\/uploads\/sites\/50\/2025\/03\/Mijas-Golf-Olivos.png\" class=\"vc_single_image-img attachment-full\" alt=\"Mijas Golf - Olivias\" title=\"Mijas Golf Olivos\" srcset=\"https:\/\/soleil-marbella.com\/wp-content\/uploads\/sites\/50\/2025\/03\/Mijas-Golf-Olivos.png 1000w, https:\/\/soleil-marbella.com\/wp-content\/uploads\/sites\/50\/2025\/03\/Mijas-Golf-Olivos-300x124.png 300w, https:\/\/soleil-marbella.com\/wp-content\/uploads\/sites\/50\/2025\/03\/Mijas-Golf-Olivos-768x316.png 768w, https:\/\/soleil-marbella.com\/wp-content\/uploads\/sites\/50\/2025\/03\/Mijas-Golf-Olivos-18x7.png 18w\" sizes=\"(max-width: 1000px) 100vw, 1000px\" \/><\/div>\n\t\t<\/figure>\n\t<\/div>\n\n\t<div class=\"wpb_text_column wpb_content_element\" >\n\t\t<div class=\"wpb_wrapper\">\n\t\t\t<h3>Dlaczego warto wybra\u0107 Pre-Launch?<\/h3>\n<ul>\n<li>Przed wprowadzeniem na rynek: Jako wczesny inwestor masz mo\u017cliwo\u015b\u0107 <strong>pierwszy wyb\u00f3r spo\u015br\u00f3d dost\u0119pnych jednostek<\/strong>, co daje Ci mo\u017cliwo\u015b\u0107 wyboru nieruchomo\u015bci idealnie odpowiadaj\u0105cej Twoim potrzebom.<\/li>\n<li>Atrakcyjne ceny: Pierwszy etap to <strong>konkurencyjne ceny, aby szybko przyci\u0105gn\u0105\u0107 pierwszych nabywc\u00f3w<\/strong> i mierzy\u0107 popyt, co czyni t\u0119 faz\u0119 idealn\u0105 zar\u00f3wno do u\u017cytku osobistego, jak i inwestycji.<\/li>\n<li>Wysokie potencjalne zwroty: Historycznie<strong> inwestowanie w tej fazie cz\u0119sto oferuje najwy\u017cszy zwrot<\/strong> na inwestycje.<\/li>\n<li>Pomoc prawna: Pomoc prawna dla <strong>niezale\u017cni prawnicy<\/strong> kt\u00f3rzy m\u00f3wi\u0105 Twoim j\u0119zykiem.<\/li>\n<li>Gwarancja bankowa:<strong> Bezpiecze\u0144stwo finansowe<\/strong> i dodatkowa ochrona prawna<\/li>\n<\/ul>\n<p>W tej fazie przed uruchomieniem mo\u017cemy <em>nie podam jeszcze wszystkich szczeg\u00f3\u0142\u00f3w<\/em>. Ju\u017c teraz mo\u017cesz poprosi\u0107 o cennik przedpremierowy \u2013 bez \u017cadnych zobowi\u0105za\u0144. W<strong> po rozpocz\u0119ciu oficjalnej sprzeda\u017cy niezw\u0142ocznie prze\u015blemy wszystkie szczeg\u00f3\u0142y,<\/strong> w tym broszur\u0119, planowanie, opcje finansowania, specyfikacje konstrukcyjne, plany pi\u0119ter itp. B\u0119dziesz wtedy nale\u017ca\u0142 do wybranej grupy, kt\u00f3ra ma pierwszy wyb\u00f3r.<\/p>\n\n\t\t<\/div>\n\t<\/div>\n<div class=\"vc_btn3-container vc_btn3-center\" ><a class=\"vc_general vc_btn3 vc_btn3-size-md vc_btn3-shape-square vc_btn3-style-modern vc_btn3-color-warning\" href=\"https:\/\/soleil-marbella.com\/pl\/wiecej-informacji\/\" title=\"Wi\u0119cej informacji\">ZAPYTAJ O CENNIK PRZEDPREMIEROWY<\/a><\/div>\n\t<div class=\"wpb_text_column wpb_content_element\" >\n\t\t<div class=\"wpb_wrapper\">\n\t\t\t\n\t\t<\/div>\n\t<\/div>\n\n\t\t<\/div>\n\t<\/div>\n\t<\/div>\n\n<\/div>\n<\/div>\n\n<div  class=\"content_row row vc_row wpb_row  default-style fullwidth\" >\n\t\n\t<div class=\"content_row_wrapper  default\" >\n\t<div id=\"asdasd\" class=\"vc_col-sm-12 wpb_column vc_column_container\" >\n\t<div class=\"vc_column-inner\">\n\t\t<div class=\"wpb_wrapper\" >\n\t\t\t\n\t\t<\/div>\n\t<\/div>\n\t<\/div>\n\n<\/div>\n<\/div>\n<\/section>","protected":false},"excerpt":{"rendered":"<p>\u2026 <a class=\"more-link\" href=\"https:\/\/soleil-marbella.com\/pl\/lokalizacja\/\">Kontynuuj czytanie<\/a><\/p>","protected":false},"author":1,"featured_media":4223,"parent":0,"menu_order":5,"comment_status":"closed","ping_status":"closed","template":"","meta":{"footnotes":""},"class_list":["post-97","page","type-page","status-publish","has-post-thumbnail","hentry"],"yoast_head":"<!-- This site is optimized with the Yoast SEO plugin v26.0 - https:\/\/yoast.com\/wordpress\/plugins\/seo\/ -->\n<title>Locatie - Soleil Marbella<\/title>\n<meta name=\"robots\" content=\"index, follow, max-snippet:-1, max-image-preview:large, max-video-preview:-1\" \/>\n<link rel=\"canonical\" href=\"https:\/\/soleil-marbella.com\/pl\/lokalizacja\/\" \/>\n<meta property=\"og:locale\" content=\"pl_PL\" \/>\n<meta property=\"og:type\" content=\"article\" \/>\n<meta property=\"og:title\" content=\"Locatie - Soleil Marbella\" \/>\n<meta property=\"og:url\" content=\"https:\/\/soleil-marbella.com\/pl\/lokalizacja\/\" \/>\n<meta property=\"og:site_name\" content=\"Soleil Marbella\" \/>\n<meta property=\"article:modified_time\" content=\"2025-04-18T10:39:32+00:00\" \/>\n<meta property=\"og:image\" content=\"https:\/\/soleil-marbella.com\/wp-content\/uploads\/sites\/50\/2022\/10\/soleil_1-scaled.jpg\" \/>\n\t<meta property=\"og:image:width\" content=\"2560\" \/>\n\t<meta property=\"og:image:height\" content=\"1800\" \/>\n\t<meta property=\"og:image:type\" content=\"image\/jpeg\" \/>\n<meta name=\"twitter:card\" content=\"summary_large_image\" \/>\n<meta name=\"twitter:label1\" content=\"Szacowany czas czytania\" \/>\n\t<meta name=\"twitter:data1\" content=\"4 minuty\" \/>\n<script type=\"application\/ld+json\" class=\"yoast-schema-graph\">{\"@context\":\"https:\/\/schema.org\",\"@graph\":[{\"@type\":\"WebPage\",\"@id\":\"https:\/\/soleil-marbella.com\/locatie\/\",\"url\":\"https:\/\/soleil-marbella.com\/locatie\/\",\"name\":\"Locatie - Soleil Marbella\",\"isPartOf\":{\"@id\":\"https:\/\/soleil-marbella.com\/#website\"},\"primaryImageOfPage\":{\"@id\":\"https:\/\/soleil-marbella.com\/locatie\/#primaryimage\"},\"image\":{\"@id\":\"https:\/\/soleil-marbella.com\/locatie\/#primaryimage\"},\"thumbnailUrl\":\"https:\/\/soleil-marbella.com\/wp-content\/uploads\/sites\/50\/2022\/10\/soleil_1-scaled.jpg\",\"datePublished\":\"2022-01-27T10:58:35+00:00\",\"dateModified\":\"2025-04-18T10:39:32+00:00\",\"breadcrumb\":{\"@id\":\"https:\/\/soleil-marbella.com\/locatie\/#breadcrumb\"},\"inLanguage\":\"pl-PL\",\"potentialAction\":[{\"@type\":\"ReadAction\",\"target\":[\"https:\/\/soleil-marbella.com\/locatie\/\"]}]},{\"@type\":\"ImageObject\",\"inLanguage\":\"pl-PL\",\"@id\":\"https:\/\/soleil-marbella.com\/locatie\/#primaryimage\",\"url\":\"https:\/\/soleil-marbella.com\/wp-content\/uploads\/sites\/50\/2022\/10\/soleil_1-scaled.jpg\",\"contentUrl\":\"https:\/\/soleil-marbella.com\/wp-content\/uploads\/sites\/50\/2022\/10\/soleil_1-scaled.jpg\",\"width\":2560,\"height\":1800},{\"@type\":\"BreadcrumbList\",\"@id\":\"https:\/\/soleil-marbella.com\/locatie\/#breadcrumb\",\"itemListElement\":[{\"@type\":\"ListItem\",\"position\":1,\"name\":\"Home\",\"item\":\"https:\/\/soleil-marbella.com\/\"},{\"@type\":\"ListItem\",\"position\":2,\"name\":\"Locatie\"}]},{\"@type\":\"WebSite\",\"@id\":\"https:\/\/soleil-marbella.com\/#website\",\"url\":\"https:\/\/soleil-marbella.com\/\",\"name\":\"Soleil Marbella\",\"description\":\"Uitzonderlijk wonen in Marbella\",\"potentialAction\":[{\"@type\":\"SearchAction\",\"target\":{\"@type\":\"EntryPoint\",\"urlTemplate\":\"https:\/\/soleil-marbella.com\/?s={search_term_string}\"},\"query-input\":{\"@type\":\"PropertyValueSpecification\",\"valueRequired\":true,\"valueName\":\"search_term_string\"}}],\"inLanguage\":\"pl-PL\"}]}<\/script>\n<!-- \/ Yoast SEO plugin. -->","yoast_head_json":{"title":"Lokalizacja - Soleil Marbella","robots":{"index":"index","follow":"follow","max-snippet":"max-snippet:-1","max-image-preview":"max-image-preview:large","max-video-preview":"max-video-preview:-1"},"canonical":"https:\/\/soleil-marbella.com\/pl\/lokalizacja\/","og_locale":"pl_PL","og_type":"article","og_title":"Locatie - Soleil Marbella","og_url":"https:\/\/soleil-marbella.com\/pl\/lokalizacja\/","og_site_name":"Soleil Marbella","article_modified_time":"2025-04-18T10:39:32+00:00","og_image":[{"width":2560,"height":1800,"url":"https:\/\/soleil-marbella.com\/wp-content\/uploads\/sites\/50\/2022\/10\/soleil_1-scaled.jpg","type":"image\/jpeg"}],"twitter_card":"summary_large_image","twitter_misc":{"Szacowany czas czytania":"4 minuty"},"schema":{"@context":"https:\/\/schema.org","@graph":[{"@type":"WebPage","@id":"https:\/\/soleil-marbella.com\/locatie\/","url":"https:\/\/soleil-marbella.com\/locatie\/","name":"Lokalizacja - Soleil Marbella","isPartOf":{"@id":"https:\/\/soleil-marbella.com\/#website"},"primaryImageOfPage":{"@id":"https:\/\/soleil-marbella.com\/locatie\/#primaryimage"},"image":{"@id":"https:\/\/soleil-marbella.com\/locatie\/#primaryimage"},"thumbnailUrl":"https:\/\/soleil-marbella.com\/wp-content\/uploads\/sites\/50\/2022\/10\/soleil_1-scaled.jpg","datePublished":"2022-01-27T10:58:35+00:00","dateModified":"2025-04-18T10:39:32+00:00","breadcrumb":{"@id":"https:\/\/soleil-marbella.com\/locatie\/#breadcrumb"},"inLanguage":"pl-PL","potentialAction":[{"@type":"ReadAction","target":["https:\/\/soleil-marbella.com\/locatie\/"]}]},{"@type":"ImageObject","inLanguage":"pl-PL","@id":"https:\/\/soleil-marbella.com\/locatie\/#primaryimage","url":"https:\/\/soleil-marbella.com\/wp-content\/uploads\/sites\/50\/2022\/10\/soleil_1-scaled.jpg","contentUrl":"https:\/\/soleil-marbella.com\/wp-content\/uploads\/sites\/50\/2022\/10\/soleil_1-scaled.jpg","width":2560,"height":1800},{"@type":"BreadcrumbList","@id":"https:\/\/soleil-marbella.com\/locatie\/#breadcrumb","itemListElement":[{"@type":"ListItem","position":1,"name":"Home","item":"https:\/\/soleil-marbella.com\/"},{"@type":"ListItem","position":2,"name":"Locatie"}]},{"@type":"WebSite","@id":"https:\/\/soleil-marbella.com\/#website","url":"https:\/\/soleil-marbella.com\/","name":"S\u0142o\u0144ce Marbella","description":"Wyj\u0105tkowe \u017cycie w Marbelli","potentialAction":[{"@type":"SearchAction","target":{"@type":"EntryPoint","urlTemplate":"https:\/\/soleil-marbella.com\/?s={search_term_string}"},"query-input":{"@type":"PropertyValueSpecification","valueRequired":true,"valueName":"search_term_string"}}],"inLanguage":"pl-PL"}]}},"_links":{"self":[{"href":"https:\/\/soleil-marbella.com\/pl\/wp-json\/wp\/v2\/pages\/97","targetHints":{"allow":["GET"]}}],"collection":[{"href":"https:\/\/soleil-marbella.com\/pl\/wp-json\/wp\/v2\/pages"}],"about":[{"href":"https:\/\/soleil-marbella.com\/pl\/wp-json\/wp\/v2\/types\/page"}],"author":[{"embeddable":true,"href":"https:\/\/soleil-marbella.com\/pl\/wp-json\/wp\/v2\/users\/1"}],"replies":[{"embeddable":true,"href":"https:\/\/soleil-marbella.com\/pl\/wp-json\/wp\/v2\/comments?post=97"}],"version-history":[{"count":21,"href":"https:\/\/soleil-marbella.com\/pl\/wp-json\/wp\/v2\/pages\/97\/revisions"}],"predecessor-version":[{"id":4256,"href":"https:\/\/soleil-marbella.com\/pl\/wp-json\/wp\/v2\/pages\/97\/revisions\/4256"}],"wp:featuredmedia":[{"embeddable":true,"href":"https:\/\/soleil-marbella.com\/pl\/wp-json\/wp\/v2\/media\/4223"}],"wp:attachment":[{"href":"https:\/\/soleil-marbella.com\/pl\/wp-json\/wp\/v2\/media?parent=97"}],"curies":[{"name":"wp","href":"https:\/\/api.w.org\/{rel}","templated":true}]}}