{"id":2786,"date":"2016-06-13T10:25:58","date_gmt":"2016-06-13T10:25:58","guid":{"rendered":"http:\/\/nixe-demo1.rtthemes.com\/?page_id=2786"},"modified":"2025-06-26T14:51:19","modified_gmt":"2025-06-26T14:51:19","slug":"home","status":"publish","type":"page","link":"https:\/\/soleil-marbella.com\/pl\/","title":{"rendered":"Dom"},"content":{"rendered":"<section class=\"wpb-content-wrapper\"><div  class=\"content_row row vc_row wpb_row  default-style fullwidth\" >\n\t\n\t<div class=\"content_row_wrapper nopadding fullwidth\" >\n\t<div id=\"asdasd\" class=\"vc_col-sm-12 wpb_column vc_column_container nopadding\" >\n\t<div class=\"vc_column-inner\">\n\t\t<div class=\"wpb_wrapper\" >\n\t\t\t<div id=\"content-slider-219636\" class=\"rt-carousel main-carousel carousel-holder clearfix\" data-item-width=\"1\" data-mobile-height=\"350\" data-nav=\"true\" data-dots=\"\" data-parallax=\"true\" data-timeout=\"15000\" data-autoplay=\"true\">\n<div class=\"owl-carousel\">\n\n\t\t<div class=\"item has-bg-image  global-style\" style=\"min-height: 700px;\">\n\t\t\t<a href=\"\/pl\/wiecej-informacji\/\" target=\"_self\" title=\"\"><\/a>\n\t\t\t \n\t\t\t\t\t\t<div class=\"slide-content-wrapper fullwidth clearfix\" style=\"min-height: 700px;\">\n\t\t\t\t\t\t\t<div class=\"slide-content  left text-center\" style=\"width: 50%;background-color: #ffffff;\">\t\t\t\n\t\t\t\t\t\t\t\t<h2 class=\"slide_heading\" style=\"font-size:24px; line-height:32px\" data-mobile-value=\"28\" data-mobile-line-height=\"1.5\">S\u0142o\u0144ce Marbella<\/h2>\n\t\t\t\t\t\t\t\t<span class=\"slide_sub_heading secondary-font\"    data-mobile-value=\"22\" data-mobile-line-height=\"1\">Altos de los Monteros \u2013 Marbella<\/span>\n\t\t\t\t\t\t\t\t<div class=\"slide-text\"><p>Kwiecie\u0144 2025 \u2013 rozpocz\u0119cie sprzeda\u017cy! Presti\u017cowy projekt Soleil Marbella w rejonie Altos de los Monteros. Nowoczesny i ekskluzywny kompleks mieszkaniowy sk\u0142adaj\u0105cy si\u0119 z 80 dom\u00f3w, zaprojektowany tak, aby zapewni\u0107 ca\u0142ej rodzinie idealn\u0105 r\u00f3wnowag\u0119 mi\u0119dzy prywatno\u015bci\u0105, komfortem i spokojem.<\/p>\n<\/div>\n\t\t\t\t\t\t\t\t\n\t\t\t\t\t\t\t\t\n\t\t\t\t\t\t\t<\/div>\n\t\t\t\t\t\t<\/div> \n\t\t\t\t\n\t\t\t<div class=\"slide-background\" style=\"background-image: url(https:\/\/soleil-marbella.com\/wp-content\/uploads\/sites\/50\/2025\/06\/Header-Soleil.png);background-repeat: no-repeat;background-size: cover;background-position: center center;\"><\/div>\n\t\t<\/div><\/div>\n\n<\/div>\n\n\t\t<\/div>\n\t<\/div>\n\t<\/div>\n\n<\/div>\n<\/div>\n\n<div  class=\"content_row row cta-slider vc_row wpb_row  default-style fullwidth\" >\n\t\n\t<div class=\"content_row_wrapper  fullwidth\" style=\"padding-top:0px;padding-bottom:0px;\">\n\t<div id=\"asdasd\" class=\"vc_col-sm-6 vc_col-md-offset-9 vc_col-md-3 vc_col-sm-offset-6 vc_col-xs-12 wpb_column vc_column_container alt-style-1 has-custom-margin has-nmargin\" style=\"margin-top:-107px;\">\n\t<div class=\"vc_column-inner\" style=\"padding-top:20px;padding-bottom:20px;padding-left:20px;padding-right:20px;\">\n\t\t<div class=\"wpb_wrapper\" >\n\t\t\t<div class=\"button_wrapper align hero\"><a  href=\"\/pl\/wiecej-informacji\/\" target=\"_self\" title=\"Ksi\u0105\u017cka\" class=\"button_  style-3 hero\">Wi\u0119cej informacji<\/a><\/div>\n\t\t<\/div>\n\t<\/div>\n\t<\/div>\n\n<\/div>\n<\/div>\n\n<div id=\"highlights\" class=\"content_row row vc_row wpb_row  default-style fullwidth fixed_heights rt-flex-wrapper has-custom-margin border-top\" style=\"margin-top:40px;\">\n\t\n\t<div class=\"content_row_wrapper  fullwidth\" style=\"padding-top:20px;padding-bottom:20px;\"><div id=\"asdasd\" class=\"vc_col-sm-3 wpb_column vc_column_container border-right mobile-border-bottom custom_bg\" >\n\t<div class=\"vc_column-inner\" style=\"padding-top:30px;padding-bottom:30px;background-color: rgba(255,255,255,0.1);\">\n\t\t<div class=\"wpb_wrapper\" >\n\t\t\t<article  class=\"icon-content-box content-box icon-top icon-style-1\"><div class=\"icon-holder\"><span class=\"icon-line-globe\"><\/span><\/div><div class=\"text-holder\"><h3 class=\"heading\">Stylowe apartamenty<\/h3> <p class=\"aligncenter\"><strong>Soleil oferuje apartamenty z 2 i 3 sypialniami<\/strong>, przestronne tarasy i dwupoziomowe apartamenty typu penthous z tarasem i tarasem na dachu. Wn\u0119trza tych wyj\u0105tkowych dom\u00f3w zachwycaj\u0105 jasno\u015bci\u0105 i wysok\u0105 jako\u015bci\u0105 wyko\u0144czenia.<\/p>\n<p class=\"aligncenter\">&nbsp;<\/p>\n<p class=\"aligncenter\"><a href=\"https:\/\/soleil-marbella.com\/pl\/wiecej-informacji\/\"><strong>Popro\u015b o pakiet informacyjny &gt;&gt;&gt;<\/strong><\/a><\/p>\n<\/div><\/article>\n\t\t<\/div>\n\t<\/div>\n\t<\/div>\n\n\t<div id=\"asdasd\" class=\"vc_col-sm-3 wpb_column vc_column_container border-right mobile-border-bottom\" >\n\t<div class=\"vc_column-inner\" style=\"padding-top:30px;padding-bottom:30px;\">\n\t\t<div class=\"wpb_wrapper\" >\n\t\t\t<article  class=\"icon-content-box content-box icon-top icon-style-1\"><div class=\"icon-holder\"><span class=\"he icon-line-umbrella icon-new-heart-1\"><\/span><\/div><div class=\"text-holder\"><h3 class=\"heading\">Ekskluzywne cz\u0119\u015bci wsp\u00f3lne<\/h3> <p class=\"aligncenter\">Cz\u0119\u015bci wsp\u00f3lne zaprojektowano z my\u015bl\u0105 o poprawie jako\u015bci \u017cycia. Obiekty oferuj\u0105 odkryty basen, podgrzewany basen kryty, si\u0142owni\u0119, spa i \u0142a\u017ani\u0119 tureck\u0105, przestrze\u0144 coworkingow\u0105 i klub towarzyski.<\/p>\n<p class=\"aligncenter\">&nbsp;<\/p>\n<p class=\"aligncenter\"><a href=\"https:\/\/soleil-marbella.com\/pl\/wiecej-informacji\/\"><strong>Popro\u015b o pakiet informacyjny &gt;&gt;&gt;<\/strong><\/a><\/p>\n<\/div><\/article>\n\t\t<\/div>\n\t<\/div>\n\t<\/div>\n\n\t<div id=\"asdasd\" class=\"vc_col-sm-3 wpb_column vc_column_container border-right mobile-border-bottom custom_bg\" >\n\t<div class=\"vc_column-inner\" style=\"padding-top:30px;padding-bottom:30px;background-color: rgba(255,255,255,0.1);\">\n\t\t<div class=\"wpb_wrapper\" >\n\t\t\t<article  class=\"icon-content-box content-box icon-top icon-style-1\"><div class=\"icon-holder\"><span class=\"icon-golf\"><\/span><\/div><div class=\"text-holder\"><h3 class=\"heading\">O Altos de Los Monteros - Marbella<\/h3> <p class=\"aligncenter\">Altos de Los Monteros to ekskluzywna dzielnica mieszkaniowa po\u0142o\u017cona na wzg\u00f3rzach na wsch\u00f3d od Marbelli. Miejscowo\u015b\u0107 s\u0142ynie z zachwycaj\u0105cych widok\u00f3w na Morze \u015ar\u00f3dziemne i g\u00f3ry. Znajduj\u0105 si\u0119 tam g\u0142\u00f3wnie luksusowe wille i apartamenty, po\u0142o\u017cone w cichym, zielonym i bezpiecznym otoczeniu, zapewniaj\u0105cym du\u017c\u0105 prywatno\u015b\u0107.<\/p>\n<p class=\"aligncenter\">&nbsp;<\/p>\n<p class=\"aligncenter\"><strong><a href=\"https:\/\/soleil-marbella.com\/pl\/wiecej-informacji\/\">Zam\u00f3w pakiet informacyjny &gt;&gt;&gt;<\/a><\/strong><\/p>\n<\/div><\/article>\n\t\t<\/div>\n\t<\/div>\n\t<\/div>\n\n\t<div id=\"asdasd\" class=\"vc_col-sm-3 wpb_column vc_column_container mobile-border-bottom\" >\n\t<div class=\"vc_column-inner\" style=\"padding-top:30px;padding-bottom:30px;padding-left:30px;padding-right:30px;\">\n\t\t<div class=\"wpb_wrapper\" >\n\t\t\t<article  class=\"icon-content-box content-box icon-top icon-style-1\"><div class=\"icon-holder\"><span class=\"icon-star-empty-1\"><\/span><\/div><div class=\"text-holder\"><h3 class=\"heading\">Zapytaj o dost\u0119pne domy i ceny<\/h3> <div class=\"Z26q7c UK95Uc VGXe8\" data-content-feature=\"1\">\n<div class=\"VwiC3b yXK7lf MUxGbd yDYNvb lyLwlc\">\n<p class=\"aligncenter\">Popro\u015b o pakiet informacyjny ze szczeg\u00f3\u0142owymi danymi, takimi jak specyfikacje jako\u015bciowe, broszury, plany i rzuty pi\u0119ter itp. Czerwiec 2024 r. \u2013 ceny od 605 000 EUR<\/p>\n<p class=\"aligncenter\"><strong><a href=\"https:\/\/soleil-marbella.com\/pl\/wiecej-informacji\/\">Popro\u015b o pakiet informacyjny &gt;&gt;&gt;<\/a><\/strong><\/p>\n<\/div>\n<\/div>\n<div class=\"Z26q7c UK95Uc VGXe8\" data-content-feature=\"2\">\n<div class=\"fG8Fp uo4vr\"><\/div>\n<\/div>\n<\/div><\/article>\n\t\t<\/div>\n\t<\/div>\n\t<\/div>\n<\/div>\n<\/div>\n\n<div  class=\"content_row row quote-row vc_row wpb_row  default-style fullwidth has-custom-margin has-custom-margin\" style=\"margin-bottom:50px;background-color: #fcfcfc;\">\n\t\n\t<div class=\"content_row_wrapper  fullwidth\" >\n\t<div id=\"asdasd\" class=\"vc_col-sm-12 wpb_column vc_column_container vc_custom_1644925648982\" >\n\t<div class=\"vc_column-inner\">\n\t\t<div class=\"wpb_wrapper\" >\n\t\t\t<div class=\"rt_heading_wrapper style-3\">\n\t\t\t\t\t\t<h4 class=\"rt_heading serif style-3\" >Rozpocz\u0119\u0142a si\u0119 sprzeda\u017c Soleil Marbella \u2013 szansa na pierwszy wyb\u00f3r w tym pi\u0119knym projekcie. <\/h4> \n\t\t\t\t\t<\/div>\n\t\t<\/div>\n\t<\/div>\n\t<\/div>\n\n<\/div>\n<\/div>\n\n<div  class=\"content_row row room-list vc_row wpb_row  default-style fullwidth\" >\n\t\n\t<div class=\"content_row_wrapper  fullwidth\" >\n\t<div id=\"asdasd\" class=\"vc_col-sm-12 wpb_column vc_column_container\" >\n\t<div class=\"vc_column-inner\">\n\t\t<div class=\"wpb_wrapper\" >\n\t\t\t\n\t<div class=\"wpb_text_column wpb_content_element  vc_custom_1648208307727\" >\n\t\t<div class=\"wpb_wrapper\">\n\t\t\t<div class=\"rt-gallery clearfix grid4fotos fixed_heights animated-layout\">\n\t<div class=\"row clearfix\">\n\t\t\n\n\t\t<div class=\"col col-sm-3 col-xs-12 col-fotos\">\n\t\t\t<!-- room info -->\n\n\t\t\t<div class=\"room-info has-bg-image gallery-item-holder\"\n\t\t\t\t data-thumbnail=\"https:\/\/soleil-marbella.com\/wp-content\/uploads\/sites\/50\/2022\/10\/SOLEIL-MARBELLA-view-scaled.png\"\n\t\t\t\t data-min-height=\"350\" style=\"min-height: 350px;\">\n\n\t\t\t\t<div class=\"room-info-wrapper\" style=\"top: calc(50% - 175px);\">\n\n\t\t\t\t\t<!-- title-->\n\t\t\t\t\t<h5 class=\"room-title\"><a href=\"https:\/\/soleil-marbella.com\/wp-content\/uploads\/sites\/50\/2022\/10\/SOLEIL-MARBELLA-view-scaled.png\" title=\"S\u0142o\u0144ce Marbella\" rel=\"bookmark\">S\u0142o\u0144ce Marbella<\/a><\/h5>\n\n\t\t\t\t\t<!-- text-->\n\t\t\t\t\t<p><a id=\"\" class=\"imgeffect zoom rt_lightbox\" data-gal-id=\"\" data-rel=\"rt_lightbox\"\n\t\t\t\t\t\t  title=\"Powi\u0119ksz obraz\" data-title=\"Soleil Marbella\" data-sub-html=\"\" data-src=\"\" data-width=\"\"\n\t\t\t\t\t\t  data-height=\"\" data-poster=\"\" data-autoplay=\"\" data-audiotitle=\"\" data-download-url=\"false\"\n\t\t\t\t\t\t  href=\"https:\/\/soleil-marbella.com\/wp-content\/uploads\/sites\/50\/2022\/10\/SOLEIL-MARBELLA-view-scaled.png\">Zobacz zdj\u0119cie<\/a><\/p>\n\t\t\t\t\t<!-- key features -->\n\n\n\t\t\t\t\t<!-- button -->\n\t\t\t\t\t<a class=\"button_ style-2 small margin-t30\"\n\t\t\t\t\t   href=\"https:\/\/soleil-marbella.com\/wp-content\/uploads\/sites\/50\/2022\/10\/SOLEIL-MARBELLA-view-scaled.png\" title=\"S\u0142o\u0144ce Marbella\"><span class=\"icon-angle-right\"><\/span>wi\u0119cej szczeg\u00f3\u0142\u00f3w<\/a>\n\n\n\t\t\t\t<\/div>\n\t\t\t\t<!--\/ end .room-info-wrapper -->\n\n\n\t\t\t\t<!-- single title-->\n\t\t\t\t<div class=\"room-single-title\">S\u0142o\u0144ce Marbella<\/div>\n\n\t\t\t\t<!-- overlay background -->\n\t\t\t\t<div class=\"room-bg-ovelay\"\n\t\t\t\t\t style=\"background-image: url(&quot;https:\/\/soleil-marbella.com\/wp-content\/uploads\/sites\/50\/2022\/10\/SOLEIL-MARBELLA-view-scaled.png&quot;);\">\n\t\t\t\t<\/div>\n\n\t\t\t<\/div>\n\t\t\t<!--\/ end .room-info -->\n\t\t<\/div>\n\n\t\t\n\n\t\t<div class=\"col col-sm-3 col-xs-12 col-fotos\">\n\t\t\t<!-- room info -->\n\n\t\t\t<div class=\"room-info has-bg-image gallery-item-holder\"\n\t\t\t\t data-thumbnail=\"https:\/\/soleil-marbella.com\/wp-content\/uploads\/sites\/50\/2025\/04\/SOLEIL-MARBELLA-NIGHTVIEW.png\"\n\t\t\t\t data-min-height=\"350\" style=\"min-height: 350px;\">\n\n\t\t\t\t<div class=\"room-info-wrapper\" style=\"top: calc(50% - 175px);\">\n\n\t\t\t\t\t<!-- title-->\n\t\t\t\t\t<h5 class=\"room-title\"><a href=\"https:\/\/soleil-marbella.com\/wp-content\/uploads\/sites\/50\/2025\/04\/SOLEIL-MARBELLA-NIGHTVIEW.png\" title=\"Soleil Marbella noc\u0105\" rel=\"bookmark\">Soleil Marbella noc\u0105<\/a><\/h5>\n\n\t\t\t\t\t<!-- text-->\n\t\t\t\t\t<p><a id=\"\" class=\"imgeffect zoom rt_lightbox\" data-gal-id=\"\" data-rel=\"rt_lightbox\"\n\t\t\t\t\t\t  title=\"Powi\u0119ksz obraz\" data-title=\"Soleil Marbella by night\" data-sub-html=\"\" data-src=\"\" data-width=\"\"\n\t\t\t\t\t\t  data-height=\"\" data-poster=\"\" data-autoplay=\"\" data-audiotitle=\"\" data-download-url=\"false\"\n\t\t\t\t\t\t  href=\"https:\/\/soleil-marbella.com\/wp-content\/uploads\/sites\/50\/2025\/04\/SOLEIL-MARBELLA-NIGHTVIEW.png\">Zobacz zdj\u0119cie<\/a><\/p>\n\t\t\t\t\t<!-- key features -->\n\n\n\t\t\t\t\t<!-- button -->\n\t\t\t\t\t<a class=\"button_ style-2 small margin-t30\"\n\t\t\t\t\t   href=\"https:\/\/soleil-marbella.com\/wp-content\/uploads\/sites\/50\/2025\/04\/SOLEIL-MARBELLA-NIGHTVIEW.png\" title=\"Soleil Marbella noc\u0105\"><span class=\"icon-angle-right\"><\/span>wi\u0119cej szczeg\u00f3\u0142\u00f3w<\/a>\n\n\n\t\t\t\t<\/div>\n\t\t\t\t<!--\/ end .room-info-wrapper -->\n\n\n\t\t\t\t<!-- single title-->\n\t\t\t\t<div class=\"room-single-title\">Soleil Marbella noc\u0105<\/div>\n\n\t\t\t\t<!-- overlay background -->\n\t\t\t\t<div class=\"room-bg-ovelay\"\n\t\t\t\t\t style=\"background-image: url(&quot;https:\/\/soleil-marbella.com\/wp-content\/uploads\/sites\/50\/2025\/04\/SOLEIL-MARBELLA-NIGHTVIEW.png&quot;);\">\n\t\t\t\t<\/div>\n\n\t\t\t<\/div>\n\t\t\t<!--\/ end .room-info -->\n\t\t<\/div>\n\n\t\t\n\n\t\t<div class=\"col col-sm-3 col-xs-12 col-fotos\">\n\t\t\t<!-- room info -->\n\n\t\t\t<div class=\"room-info has-bg-image gallery-item-holder\"\n\t\t\t\t data-thumbnail=\"https:\/\/soleil-marbella.com\/wp-content\/uploads\/sites\/50\/2025\/04\/SOLEIL-MARBELLA-SEAVIEW-scaled.png\"\n\t\t\t\t data-min-height=\"350\" style=\"min-height: 350px;\">\n\n\t\t\t\t<div class=\"room-info-wrapper\" style=\"top: calc(50% - 175px);\">\n\n\t\t\t\t\t<!-- title-->\n\t\t\t\t\t<h5 class=\"room-title\"><a href=\"https:\/\/soleil-marbella.com\/wp-content\/uploads\/sites\/50\/2025\/04\/SOLEIL-MARBELLA-SEAVIEW-scaled.png\" title=\"Taras Soleil Marbella\" rel=\"bookmark\">Taras Soleil Marbella<\/a><\/h5>\n\n\t\t\t\t\t<!-- text-->\n\t\t\t\t\t<p><a id=\"\" class=\"imgeffect zoom rt_lightbox\" data-gal-id=\"\" data-rel=\"rt_lightbox\"\n\t\t\t\t\t\t  title=\"Powi\u0119ksz obraz\" data-title=\"Soleil Marbella Terrace\" data-sub-html=\"\" data-src=\"\" data-width=\"\"\n\t\t\t\t\t\t  data-height=\"\" data-poster=\"\" data-autoplay=\"\" data-audiotitle=\"\" data-download-url=\"false\"\n\t\t\t\t\t\t  href=\"https:\/\/soleil-marbella.com\/wp-content\/uploads\/sites\/50\/2025\/04\/SOLEIL-MARBELLA-SEAVIEW-scaled.png\">Zobacz zdj\u0119cie<\/a><\/p>\n\t\t\t\t\t<!-- key features -->\n\n\n\t\t\t\t\t<!-- button -->\n\t\t\t\t\t<a class=\"button_ style-2 small margin-t30\"\n\t\t\t\t\t   href=\"https:\/\/soleil-marbella.com\/wp-content\/uploads\/sites\/50\/2025\/04\/SOLEIL-MARBELLA-SEAVIEW-scaled.png\" title=\"Taras Soleil Marbella\"><span class=\"icon-angle-right\"><\/span>wi\u0119cej szczeg\u00f3\u0142\u00f3w<\/a>\n\n\n\t\t\t\t<\/div>\n\t\t\t\t<!--\/ end .room-info-wrapper -->\n\n\n\t\t\t\t<!-- single title-->\n\t\t\t\t<div class=\"room-single-title\">Taras Soleil Marbella<\/div>\n\n\t\t\t\t<!-- overlay background -->\n\t\t\t\t<div class=\"room-bg-ovelay\"\n\t\t\t\t\t style=\"background-image: url(&quot;https:\/\/soleil-marbella.com\/wp-content\/uploads\/sites\/50\/2025\/04\/SOLEIL-MARBELLA-SEAVIEW-scaled.png&quot;);\">\n\t\t\t\t<\/div>\n\n\t\t\t<\/div>\n\t\t\t<!--\/ end .room-info -->\n\t\t<\/div>\n\n\t\t\n\n\t\t<div class=\"col col-sm-3 col-xs-12 col-fotos\">\n\t\t\t<!-- room info -->\n\n\t\t\t<div class=\"room-info has-bg-image gallery-item-holder\"\n\t\t\t\t data-thumbnail=\"https:\/\/soleil-marbella.com\/wp-content\/uploads\/sites\/50\/2022\/10\/soleil_1-scaled.jpg\"\n\t\t\t\t data-min-height=\"350\" style=\"min-height: 350px;\">\n\n\t\t\t\t<div class=\"room-info-wrapper\" style=\"top: calc(50% - 175px);\">\n\n\t\t\t\t\t<!-- title-->\n\t\t\t\t\t<h5 class=\"room-title\"><a href=\"https:\/\/soleil-marbella.com\/wp-content\/uploads\/sites\/50\/2022\/10\/soleil_1-scaled.jpg\" title=\"S\u0142o\u0144ce Marbella\" rel=\"bookmark\">S\u0142o\u0144ce Marbella<\/a><\/h5>\n\n\t\t\t\t\t<!-- text-->\n\t\t\t\t\t<p><a id=\"\" class=\"imgeffect zoom rt_lightbox\" data-gal-id=\"\" data-rel=\"rt_lightbox\"\n\t\t\t\t\t\t  title=\"Powi\u0119ksz obraz\" data-title=\"Soleil Marbella\" data-sub-html=\"\" data-src=\"\" data-width=\"\"\n\t\t\t\t\t\t  data-height=\"\" data-poster=\"\" data-autoplay=\"\" data-audiotitle=\"\" data-download-url=\"false\"\n\t\t\t\t\t\t  href=\"https:\/\/soleil-marbella.com\/wp-content\/uploads\/sites\/50\/2022\/10\/soleil_1-scaled.jpg\">Zobacz zdj\u0119cie<\/a><\/p>\n\t\t\t\t\t<!-- key features -->\n\n\n\t\t\t\t\t<!-- button -->\n\t\t\t\t\t<a class=\"button_ style-2 small margin-t30\"\n\t\t\t\t\t   href=\"https:\/\/soleil-marbella.com\/wp-content\/uploads\/sites\/50\/2022\/10\/soleil_1-scaled.jpg\" title=\"S\u0142o\u0144ce Marbella\"><span class=\"icon-angle-right\"><\/span>wi\u0119cej szczeg\u00f3\u0142\u00f3w<\/a>\n\n\n\t\t\t\t<\/div>\n\t\t\t\t<!--\/ end .room-info-wrapper -->\n\n\n\t\t\t\t<!-- single title-->\n\t\t\t\t<div class=\"room-single-title\">S\u0142o\u0144ce Marbella<\/div>\n\n\t\t\t\t<!-- overlay background -->\n\t\t\t\t<div class=\"room-bg-ovelay\"\n\t\t\t\t\t style=\"background-image: url(&quot;https:\/\/soleil-marbella.com\/wp-content\/uploads\/sites\/50\/2022\/10\/soleil_1-scaled.jpg&quot;);\">\n\t\t\t\t<\/div>\n\n\t\t\t<\/div>\n\t\t\t<!--\/ end .room-info -->\n\t\t<\/div>\n\n\t\t\n\n\t\t<div class=\"col col-sm-3 col-xs-12 col-fotos\">\n\t\t\t<!-- room info -->\n\n\t\t\t<div class=\"room-info has-bg-image gallery-item-holder\"\n\t\t\t\t data-thumbnail=\"https:\/\/soleil-marbella.com\/wp-content\/uploads\/sites\/50\/2025\/03\/soleil_2-scaled.jpg\"\n\t\t\t\t data-min-height=\"350\" style=\"min-height: 350px;\">\n\n\t\t\t\t<div class=\"room-info-wrapper\" style=\"top: calc(50% - 175px);\">\n\n\t\t\t\t\t<!-- title-->\n\t\t\t\t\t<h5 class=\"room-title\"><a href=\"https:\/\/soleil-marbella.com\/wp-content\/uploads\/sites\/50\/2025\/03\/soleil_2-scaled.jpg\" title=\"S\u0142o\u0144ce Marbella\" rel=\"bookmark\">S\u0142o\u0144ce Marbella<\/a><\/h5>\n\n\t\t\t\t\t<!-- text-->\n\t\t\t\t\t<p><a id=\"\" class=\"imgeffect zoom rt_lightbox\" data-gal-id=\"\" data-rel=\"rt_lightbox\"\n\t\t\t\t\t\t  title=\"Powi\u0119ksz obraz\" data-title=\"Soleil Marbella\" data-sub-html=\"\" data-src=\"\" data-width=\"\"\n\t\t\t\t\t\t  data-height=\"\" data-poster=\"\" data-autoplay=\"\" data-audiotitle=\"\" data-download-url=\"false\"\n\t\t\t\t\t\t  href=\"https:\/\/soleil-marbella.com\/wp-content\/uploads\/sites\/50\/2025\/03\/soleil_2-scaled.jpg\">Zobacz zdj\u0119cie<\/a><\/p>\n\t\t\t\t\t<!-- key features -->\n\n\n\t\t\t\t\t<!-- button -->\n\t\t\t\t\t<a class=\"button_ style-2 small margin-t30\"\n\t\t\t\t\t   href=\"https:\/\/soleil-marbella.com\/wp-content\/uploads\/sites\/50\/2025\/03\/soleil_2-scaled.jpg\" title=\"S\u0142o\u0144ce Marbella\"><span class=\"icon-angle-right\"><\/span>wi\u0119cej szczeg\u00f3\u0142\u00f3w<\/a>\n\n\n\t\t\t\t<\/div>\n\t\t\t\t<!--\/ end .room-info-wrapper -->\n\n\n\t\t\t\t<!-- single title-->\n\t\t\t\t<div class=\"room-single-title\">S\u0142o\u0144ce Marbella<\/div>\n\n\t\t\t\t<!-- overlay background -->\n\t\t\t\t<div class=\"room-bg-ovelay\"\n\t\t\t\t\t style=\"background-image: url(&quot;https:\/\/soleil-marbella.com\/wp-content\/uploads\/sites\/50\/2025\/03\/soleil_2-scaled.jpg&quot;);\">\n\t\t\t\t<\/div>\n\n\t\t\t<\/div>\n\t\t\t<!--\/ end .room-info -->\n\t\t<\/div>\n\n\t\t\n\n\t\t<div class=\"col col-sm-3 col-xs-12 col-fotos\">\n\t\t\t<!-- room info -->\n\n\t\t\t<div class=\"room-info has-bg-image gallery-item-holder\"\n\t\t\t\t data-thumbnail=\"https:\/\/soleil-marbella.com\/wp-content\/uploads\/sites\/50\/2022\/04\/SOLEIL-MARBELLA-POOL-view-scaled.png\"\n\t\t\t\t data-min-height=\"350\" style=\"min-height: 350px;\">\n\n\t\t\t\t<div class=\"room-info-wrapper\" style=\"top: calc(50% - 175px);\">\n\n\t\t\t\t\t<!-- title-->\n\t\t\t\t\t<h5 class=\"room-title\"><a href=\"https:\/\/soleil-marbella.com\/wp-content\/uploads\/sites\/50\/2022\/04\/SOLEIL-MARBELLA-POOL-view-scaled.png\" title=\"S\u0142o\u0144ce Marbella\" rel=\"bookmark\">S\u0142o\u0144ce Marbella<\/a><\/h5>\n\n\t\t\t\t\t<!-- text-->\n\t\t\t\t\t<p><a id=\"\" class=\"imgeffect zoom rt_lightbox\" data-gal-id=\"\" data-rel=\"rt_lightbox\"\n\t\t\t\t\t\t  title=\"Powi\u0119ksz obraz\" data-title=\"Soleil Marbella\" data-sub-html=\"\" data-src=\"\" data-width=\"\"\n\t\t\t\t\t\t  data-height=\"\" data-poster=\"\" data-autoplay=\"\" data-audiotitle=\"\" data-download-url=\"false\"\n\t\t\t\t\t\t  href=\"https:\/\/soleil-marbella.com\/wp-content\/uploads\/sites\/50\/2022\/04\/SOLEIL-MARBELLA-POOL-view-scaled.png\">Zobacz zdj\u0119cie<\/a><\/p>\n\t\t\t\t\t<!-- key features -->\n\n\n\t\t\t\t\t<!-- button -->\n\t\t\t\t\t<a class=\"button_ style-2 small margin-t30\"\n\t\t\t\t\t   href=\"https:\/\/soleil-marbella.com\/wp-content\/uploads\/sites\/50\/2022\/04\/SOLEIL-MARBELLA-POOL-view-scaled.png\" title=\"S\u0142o\u0144ce Marbella\"><span class=\"icon-angle-right\"><\/span>wi\u0119cej szczeg\u00f3\u0142\u00f3w<\/a>\n\n\n\t\t\t\t<\/div>\n\t\t\t\t<!--\/ end .room-info-wrapper -->\n\n\n\t\t\t\t<!-- single title-->\n\t\t\t\t<div class=\"room-single-title\">S\u0142o\u0144ce Marbella<\/div>\n\n\t\t\t\t<!-- overlay background -->\n\t\t\t\t<div class=\"room-bg-ovelay\"\n\t\t\t\t\t style=\"background-image: url(&quot;https:\/\/soleil-marbella.com\/wp-content\/uploads\/sites\/50\/2022\/04\/SOLEIL-MARBELLA-POOL-view-scaled.png&quot;);\">\n\t\t\t\t<\/div>\n\n\t\t\t<\/div>\n\t\t\t<!--\/ end .room-info -->\n\t\t<\/div>\n\n\t\t\t<\/div>\n<\/div>\n\n\n\t\t<\/div>\n\t<\/div>\n<div class=\"vc_empty_space\"   style=\"height: 36px\"><span class=\"vc_empty_space_inner\"><\/span><\/div><div class=\"button_wrapper aligncenter\"><a  href=\"\/pl\/zdjecia\/\" target=\"_self\" title=\"&gt; wi\u0119cej zdj\u0119\u0107\" class=\"button_  style-2 small\">&gt; wi\u0119cej zdj\u0119\u0107<\/a><\/div>\n\t\t<\/div>\n\t<\/div>\n\t<\/div>\n\n<\/div>\n<\/div>\n\n<div  class=\"content_row row news-events vc_row wpb_row  default-style fullwidth fixed_heights rt-flex-wrapper rt-flex-wrapper border-top\" >\n\t\n\t<div class=\"content_row_wrapper align-contents content-align-middle fullwidth\" style=\"padding-top:40px;padding-bottom:40px;\">\n\t<div id=\"asdasd\" class=\"vc_col-sm-12 wpb_column vc_column_container\" >\n\t<div class=\"vc_column-inner\" style=\"padding-top:50px;\">\n\t\t<div class=\"wpb_wrapper\" >\n\t\t\t<div class=\"rt_heading_wrapper style-4\">\n\t\t\t\t\t\t<h3 class=\"rt_heading  style-4\" >OTWARTE MIEJSCE dla \u015aWIATA<\/h3> \n\t\t\t\t\t<\/div>\n\t<div class=\"wpb_text_column wpb_content_element\" >\n\t\t<div class=\"wpb_wrapper\">\n\t\t\t<p style=\"text-align: center;\">Przestronny taras z barem, z kt\u00f3rego mo\u017cna podziwia\u0107 fantastyczny widok na Morze \u015ar\u00f3dziemne.<\/p>\n\n\t\t<\/div>\n\t<\/div>\n<div class=\"vc_empty_space\"   style=\"height: 40px\"><span class=\"vc_empty_space_inner\"><\/span><\/div>\n<div id=\"blog-dynamicID-305675\" class=\"blog_list clearfix fixed_heights\" data-column-width=\"4\">\n<div class=\"row clearfix\">\n<article id=\"2881\" class=\"col col-sm-3 post-2881 post type-post status-publish format-gallery has-post-thumbnail hentry category-events category-news post_format-post-format-gallery\">\n \n\n<!-- blog box-->\n\t\n\t\t<figure class=\"featured_image featured_media\">\n\t\t<a id=\"featured-image-2881\" class=\"imgeffect zoom rt_lightbox featured_image\" data-gal-id=\"image_4242\" data-rel=\"rt_lightbox\" title=\"Powi\u0119ksz obraz\" data-title=\"Altos de los Monteros\" data-sub-html=\"\" data-src=\"\" data-width=\"\" data-height=\"\" data-poster=\"\" data-autoplay=\"\" data-audiotitle=\"\" data-download-url=\"false\" href=\"https:\/\/soleil-marbella.com\/wp-content\/uploads\/sites\/50\/2016\/06\/Altosdelosmonteros.jpg\"><img decoding=\"async\" src=\"https:\/\/soleil-marbella.com\/wp-content\/uploads\/sites\/50\/2016\/06\/Altosdelosmonteros-480x318.jpg\" alt=\"Altos de los Monteros Marbella\" class=\"\" \/><\/a>\t<\/figure> \n\t\n\t \n\n\t\n\t<div class=\"entry-content text no-post-sidebar\">\n\n\t\t<!-- blog headline-->\n\t\t<h6 class=\"entry-title\"><a href=\"https:\/\/soleil-marbella.com\/pl\/kursy-wedkarskie-rozpoczete-w-lipcu\/\" rel=\"bookmark\">Alty Monteros<\/a><\/h6> \n\t\t\t\t\n\t\t\n\t\t<p>Soleil Marbella znajduje si\u0119 w Altos de Los Monteros. To ekskluzywny obszar po\u0142o\u017cony w\u015br\u00f3d zielonych wzg\u00f3rz Marbelli. W 10 minut znajdziesz si\u0119 w centrum Marbelli, a w 5 minut b\u0119dziesz na pla\u017cy. Osiedle po\u0142o\u017cone jest po\u015br\u00f3d chronionych teren\u00f3w zielonych, oferuj\u0105c wiele mo\u017cliwo\u015bci spacer\u00f3w i obcowania z przyrod\u0105. Alty \u2026 <a class=\"more-link\" href=\"https:\/\/soleil-marbella.com\/pl\/kursy-wedkarskie-rozpoczete-w-lipcu\/\">Kontynuuj czytanie<\/a><\/p>\n\n\t<\/div> \n<!-- \/ blog box--><\/article>\n<article id=\"2880\" class=\"col col-sm-3 post-2880 post type-post status-publish format-standard has-post-thumbnail hentry category-events category-news\">\n \n\n<!-- blog box-->\n\n\t\t<figure class=\"featured_image featured_media\">\n\t\t<a id=\"lightbox-168108\" class=\"imgeffect zoom rt_lightbox featured_image\" data-gal-id=\"image_4164\" data-rel=\"rt_lightbox\" title=\"Powi\u0119ksz obraz\" data-title=\"Golfbanen nabij Soleil Marbella\" data-sub-html=\"\" data-src=\"\" data-width=\"\" data-height=\"\" data-poster=\"\" data-autoplay=\"\" data-audiotitle=\"\" data-download-url=\"false\" href=\"https:\/\/soleil-marbella.com\/wp-content\/uploads\/sites\/50\/2016\/06\/golf.jpg\"><img decoding=\"async\" src=\"https:\/\/soleil-marbella.com\/wp-content\/uploads\/sites\/50\/2016\/06\/golf.jpg\" alt=\"\" class=\"\" \/><\/a>\t\t\n\t<\/figure> \n\t\n\n\t\n\t<div class=\"entry-content text no-post-sidebar\">\n\n\t\t<!-- blog headline-->\n\t\t<h6 class=\"entry-title\"><a href=\"https:\/\/soleil-marbella.com\/pl\/aliquam-vestibulum-sem-turpis\/\" rel=\"bookmark\">Pola golfowe w pobli\u017cu Soleil Marbella<\/a><\/h6> \n\t\t\t\t\n\t\t\n\t\t<p>Soleil Marbella ma bardzo dogodn\u0105 lokalizacj\u0119, blisko kilku doskona\u0142ych p\u00f3l golfowych. Najbli\u017csze znajduj\u0105 si\u0119 praktycznie u podn\u00f3\u017ca wzg\u00f3rza. W ci\u0105gu dziesi\u0119ciu minut mo\u017cna dotrze\u0107 do p\u00f3l golfowych Rio Real Golf, Santa Clara Golf lub Marbella Golf &amp; Country Club. Kr\u00f3tko m\u00f3wi\u0105c, dla mi\u0142o\u015bnik\u00f3w golfa Soleil Marbella jest doskona\u0142\u0105 baz\u0105 wypadow\u0105, posiadaj\u0105c\u0105 kilka znakomitych p\u00f3l golfowych\u2026 <a class=\"more-link\" href=\"https:\/\/soleil-marbella.com\/pl\/aliquam-vestibulum-sem-turpis\/\">Kontynuuj czytanie<\/a><\/p>\n\t<\/div> \n\n<!-- \/ blog box-->\n<\/article>\n<article id=\"2876\" class=\"col col-sm-3 post-2876 post type-post status-publish format-gallery has-post-thumbnail hentry category-news post_format-post-format-gallery\">\n \n\n<!-- blog box-->\n\t\n\t\t<figure class=\"featured_image featured_media\">\n\t\t<a id=\"featured-image-2876\" class=\"imgeffect zoom rt_lightbox featured_image\" data-gal-id=\"image_4252\" data-rel=\"rt_lightbox\" title=\"Powi\u0119ksz obraz\" data-title=\"Casco Antiguo &#8211; historisch hart Marbella\" data-sub-html=\"\" data-src=\"\" data-width=\"\" data-height=\"\" data-poster=\"\" data-autoplay=\"\" data-audiotitle=\"\" data-download-url=\"false\" href=\"https:\/\/soleil-marbella.com\/wp-content\/uploads\/sites\/50\/2016\/06\/marbella-centro.jpg\"><img decoding=\"async\" src=\"https:\/\/soleil-marbella.com\/wp-content\/uploads\/sites\/50\/2016\/06\/marbella-centro-480x342.jpg\" alt=\"Centrum Marbelli\" class=\"\" \/><\/a>\t<\/figure> \n\t\n\t \n\n\t\n\t<div class=\"entry-content text no-post-sidebar\">\n\n\t\t<!-- blog headline-->\n\t\t<h6 class=\"entry-title\"><a href=\"https:\/\/soleil-marbella.com\/pl\/fusce-mattis-lacus-blandit-convallis\/\" rel=\"bookmark\">Casco Antiguo \u2013 historyczne serce Marbelli<\/a><\/h6> \n\t\t\t\t\n\t\t\n\t\t<p>Stare centrum Marbelli (Casco Antiguo) jest klimatycznym, historycznym sercem miasta. Charakterystyczn\u0105 cech\u0105 dzielnicy s\u0105 w\u0105skie, kr\u0119te uliczki z bielonymi domami i kolorowymi kwiatami na balkonach. Gwarnym centrum jest s\u0142ynny Plaza de los Naranjos (Plac Pomara\u0144czowy). To urokliwe miejsce pe\u0142ne butik\u00f3w, bar\u00f3w tapas i restauracji, w kt\u00f3rych mo\u017cna\u2026 <a class=\"more-link\" href=\"https:\/\/soleil-marbella.com\/pl\/fusce-mattis-lacus-blandit-convallis\/\">Kontynuuj czytanie<\/a><\/p>\n\n\t<\/div> \n<!-- \/ blog box--><\/article>\n<article id=\"2877\" class=\"col col-sm-3 post-2877 post type-post status-publish format-standard has-post-thumbnail hentry category-articles\">\n \n\n<!-- blog box-->\n\n\t\t<figure class=\"featured_image featured_media\">\n\t\t<a id=\"lightbox-458574\" class=\"imgeffect zoom rt_lightbox featured_image\" data-gal-id=\"image_4168\" data-rel=\"rt_lightbox\" title=\"Powi\u0119ksz obraz\" data-title=\"La playa\" data-sub-html=\"\" data-src=\"\" data-width=\"\" data-height=\"\" data-poster=\"\" data-autoplay=\"\" data-audiotitle=\"\" data-download-url=\"false\" href=\"https:\/\/soleil-marbella.com\/wp-content\/uploads\/sites\/50\/2016\/06\/beach-1.jpg\"><img decoding=\"async\" src=\"https:\/\/soleil-marbella.com\/wp-content\/uploads\/sites\/50\/2016\/06\/beach-1.jpg\" alt=\"\" class=\"\" \/><\/a>\t\t\n\t<\/figure> \n\t\n\n\t\n\t<div class=\"entry-content text no-post-sidebar\">\n\n\t\t<!-- blog headline-->\n\t\t<h6 class=\"entry-title\"><a href=\"https:\/\/soleil-marbella.com\/pl\/znaczenie-planowania-wycieczki\/\" rel=\"bookmark\">Pla\u017ca<\/a><\/h6> \n\t\t\t\t\n\t\t\n\t\t<p>Pla\u017ca jest bardzo dobrze utrzymana, a gmina robi wszystko, aby tury\u015bci byli zadowoleni\u2026 jest kilka bar\u00f3w\/restauracji na pla\u017cy, a niekt\u00f3re s\u0105 otwarte nawet zim\u0105\u2026 tutaj dziecko mo\u017ce nadal bawi\u0107 si\u0119 \u0142opat\u0105 i wiadrem lub pla\u017cowicze mog\u0105 wypo\u017cyczy\u0107 krzese\u0142ko z parasolem lub bez\u2026 psy mog\u0105\u2026 <a class=\"more-link\" href=\"https:\/\/soleil-marbella.com\/pl\/znaczenie-planowania-wycieczki\/\">Kontynuuj czytanie<\/a><\/p>\n\t<\/div> \n\n<!-- \/ blog box-->\n<\/article>\n<\/div>\n<\/div>\n\n\t\t<\/div>\n\t<\/div>\n\t<\/div>\n\n<\/div>\n<\/div>\n<\/section>","protected":false},"excerpt":{"rendered":"<p>\u2026 <a class=\"more-link\" href=\"https:\/\/soleil-marbella.com\/pl\/znaczenie-planowania-wycieczki\/\">Kontynuuj czytanie<\/a><\/p>","protected":false},"author":1,"featured_media":0,"parent":0,"menu_order":4,"comment_status":"closed","ping_status":"closed","template":"","meta":{"footnotes":""},"class_list":["post-2786","page","type-page","status-publish","hentry"],"yoast_head":"<!-- This site is optimized with the Yoast SEO plugin v26.0 - https:\/\/yoast.com\/wordpress\/plugins\/seo\/ -->\n<title>Home - Soleil Marbella<\/title>\n<meta name=\"robots\" content=\"index, follow, max-snippet:-1, max-image-preview:large, max-video-preview:-1\" \/>\n<link rel=\"canonical\" href=\"https:\/\/soleil-marbella.com\/pl\/\" \/>\n<meta property=\"og:locale\" content=\"pl_PL\" \/>\n<meta property=\"og:type\" content=\"article\" \/>\n<meta property=\"og:title\" content=\"Home - Soleil Marbella\" \/>\n<meta property=\"og:url\" content=\"https:\/\/soleil-marbella.com\/pl\/\" \/>\n<meta property=\"og:site_name\" content=\"Soleil Marbella\" \/>\n<meta property=\"article:modified_time\" content=\"2025-06-26T14:51:19+00:00\" \/>\n<meta name=\"twitter:card\" content=\"summary_large_image\" \/>\n<meta name=\"twitter:label1\" content=\"Szacowany czas czytania\" \/>\n\t<meta name=\"twitter:data1\" content=\"4 minuty\" \/>\n<script type=\"application\/ld+json\" class=\"yoast-schema-graph\">{\"@context\":\"https:\/\/schema.org\",\"@graph\":[{\"@type\":\"WebPage\",\"@id\":\"https:\/\/soleil-marbella.com\/\",\"url\":\"https:\/\/soleil-marbella.com\/\",\"name\":\"Home - Soleil Marbella\",\"isPartOf\":{\"@id\":\"https:\/\/soleil-marbella.com\/#website\"},\"datePublished\":\"2016-06-13T10:25:58+00:00\",\"dateModified\":\"2025-06-26T14:51:19+00:00\",\"breadcrumb\":{\"@id\":\"https:\/\/soleil-marbella.com\/#breadcrumb\"},\"inLanguage\":\"pl-PL\",\"potentialAction\":[{\"@type\":\"ReadAction\",\"target\":[\"https:\/\/soleil-marbella.com\/\"]}]},{\"@type\":\"BreadcrumbList\",\"@id\":\"https:\/\/soleil-marbella.com\/#breadcrumb\",\"itemListElement\":[{\"@type\":\"ListItem\",\"position\":1,\"name\":\"Home\",\"item\":\"https:\/\/soleil-marbella.com\/\"},{\"@type\":\"ListItem\",\"position\":2,\"name\":\"Home\"}]},{\"@type\":\"WebSite\",\"@id\":\"https:\/\/soleil-marbella.com\/#website\",\"url\":\"https:\/\/soleil-marbella.com\/\",\"name\":\"Soleil Marbella\",\"description\":\"Uitzonderlijk wonen in Marbella\",\"potentialAction\":[{\"@type\":\"SearchAction\",\"target\":{\"@type\":\"EntryPoint\",\"urlTemplate\":\"https:\/\/soleil-marbella.com\/?s={search_term_string}\"},\"query-input\":{\"@type\":\"PropertyValueSpecification\",\"valueRequired\":true,\"valueName\":\"search_term_string\"}}],\"inLanguage\":\"pl-PL\"}]}<\/script>\n<!-- \/ Yoast SEO plugin. -->","yoast_head_json":{"title":"Strona g\u0142\u00f3wna - Soleil Marbella","robots":{"index":"index","follow":"follow","max-snippet":"max-snippet:-1","max-image-preview":"max-image-preview:large","max-video-preview":"max-video-preview:-1"},"canonical":"https:\/\/soleil-marbella.com\/pl\/","og_locale":"pl_PL","og_type":"article","og_title":"Home - Soleil Marbella","og_url":"https:\/\/soleil-marbella.com\/pl\/","og_site_name":"Soleil Marbella","article_modified_time":"2025-06-26T14:51:19+00:00","twitter_card":"summary_large_image","twitter_misc":{"Szacowany czas czytania":"4 minuty"},"schema":{"@context":"https:\/\/schema.org","@graph":[{"@type":"WebPage","@id":"https:\/\/soleil-marbella.com\/","url":"https:\/\/soleil-marbella.com\/","name":"Strona g\u0142\u00f3wna - Soleil Marbella","isPartOf":{"@id":"https:\/\/soleil-marbella.com\/#website"},"datePublished":"2016-06-13T10:25:58+00:00","dateModified":"2025-06-26T14:51:19+00:00","breadcrumb":{"@id":"https:\/\/soleil-marbella.com\/#breadcrumb"},"inLanguage":"pl-PL","potentialAction":[{"@type":"ReadAction","target":["https:\/\/soleil-marbella.com\/"]}]},{"@type":"BreadcrumbList","@id":"https:\/\/soleil-marbella.com\/#breadcrumb","itemListElement":[{"@type":"ListItem","position":1,"name":"Home","item":"https:\/\/soleil-marbella.com\/"},{"@type":"ListItem","position":2,"name":"Home"}]},{"@type":"WebSite","@id":"https:\/\/soleil-marbella.com\/#website","url":"https:\/\/soleil-marbella.com\/","name":"S\u0142o\u0144ce Marbella","description":"Wyj\u0105tkowe \u017cycie w Marbelli","potentialAction":[{"@type":"SearchAction","target":{"@type":"EntryPoint","urlTemplate":"https:\/\/soleil-marbella.com\/?s={search_term_string}"},"query-input":{"@type":"PropertyValueSpecification","valueRequired":true,"valueName":"search_term_string"}}],"inLanguage":"pl-PL"}]}},"_links":{"self":[{"href":"https:\/\/soleil-marbella.com\/pl\/wp-json\/wp\/v2\/pages\/2786","targetHints":{"allow":["GET"]}}],"collection":[{"href":"https:\/\/soleil-marbella.com\/pl\/wp-json\/wp\/v2\/pages"}],"about":[{"href":"https:\/\/soleil-marbella.com\/pl\/wp-json\/wp\/v2\/types\/page"}],"author":[{"embeddable":true,"href":"https:\/\/soleil-marbella.com\/pl\/wp-json\/wp\/v2\/users\/1"}],"replies":[{"embeddable":true,"href":"https:\/\/soleil-marbella.com\/pl\/wp-json\/wp\/v2\/comments?post=2786"}],"version-history":[{"count":63,"href":"https:\/\/soleil-marbella.com\/pl\/wp-json\/wp\/v2\/pages\/2786\/revisions"}],"predecessor-version":[{"id":4322,"href":"https:\/\/soleil-marbella.com\/pl\/wp-json\/wp\/v2\/pages\/2786\/revisions\/4322"}],"wp:attachment":[{"href":"https:\/\/soleil-marbella.com\/pl\/wp-json\/wp\/v2\/media?parent=2786"}],"curies":[{"name":"wp","href":"https:\/\/api.w.org\/{rel}","templated":true}]}}