{"id":2786,"date":"2016-06-13T10:25:58","date_gmt":"2016-06-13T10:25:58","guid":{"rendered":"http:\/\/nixe-demo1.rtthemes.com\/?page_id=2786"},"modified":"2025-06-26T14:51:19","modified_gmt":"2025-06-26T14:51:19","slug":"home","status":"publish","type":"page","link":"https:\/\/soleil-marbella.com\/fr\/","title":{"rendered":"Maison"},"content":{"rendered":"<section class=\"wpb-content-wrapper\"><div  class=\"content_row row vc_row wpb_row  default-style fullwidth\" >\n\t\n\t<div class=\"content_row_wrapper nopadding fullwidth\" >\n\t<div id=\"asdasd\" class=\"vc_col-sm-12 wpb_column vc_column_container nopadding\" >\n\t<div class=\"vc_column-inner\">\n\t\t<div class=\"wpb_wrapper\" >\n\t\t\t<div id=\"content-slider-298360\" class=\"rt-carousel main-carousel carousel-holder clearfix\" data-item-width=\"1\" data-mobile-height=\"350\" data-nav=\"true\" data-dots=\"\" data-parallax=\"true\" data-timeout=\"15000\" data-autoplay=\"true\">\n<div class=\"owl-carousel\">\n\n\t\t<div class=\"item has-bg-image  global-style\" style=\"min-height: 700px;\">\n\t\t\t<a href=\"\/fr\/plus-dinformation\/\" target=\"_self\" title=\"\"><\/a>\n\t\t\t \n\t\t\t\t\t\t<div class=\"slide-content-wrapper fullwidth clearfix\" style=\"min-height: 700px;\">\n\t\t\t\t\t\t\t<div class=\"slide-content  left text-center\" style=\"width: 50%;background-color: #ffffff;\">\t\t\t\n\t\t\t\t\t\t\t\t<h2 class=\"slide_heading\" style=\"font-size:24px; line-height:32px\" data-mobile-value=\"28\" data-mobile-line-height=\"1.5\">Soleil Marbella<\/h2>\n\t\t\t\t\t\t\t\t<span class=\"slide_sub_heading secondary-font\"    data-mobile-value=\"22\" data-mobile-line-height=\"1\">Altos de los Monteros - Marbella<\/span>\n\t\t\t\t\t\t\t\t<div class=\"slide-text\"><p>Avril 2025 \u2013 D\u00e9but des ventes ! Le prestigieux projet Soleil Marbella dans la r\u00e9gion d&#039;Altos de los Monteros. Un complexe r\u00e9sidentiel moderne et exclusif de 80 maisons, con\u00e7u pour offrir l&#039;\u00e9quilibre parfait entre intimit\u00e9, confort et tranquillit\u00e9 pour toute la famille.<\/p>\n<\/div>\n\t\t\t\t\t\t\t\t\n\t\t\t\t\t\t\t\t\n\t\t\t\t\t\t\t<\/div>\n\t\t\t\t\t\t<\/div> \n\t\t\t\t\n\t\t\t<div class=\"slide-background\" style=\"background-image: url(https:\/\/soleil-marbella.com\/wp-content\/uploads\/sites\/50\/2025\/06\/Header-Soleil.png);background-repeat: no-repeat;background-size: cover;background-position: center center;\"><\/div>\n\t\t<\/div><\/div>\n\n<\/div>\n\n\t\t<\/div>\n\t<\/div>\n\t<\/div>\n\n<\/div>\n<\/div>\n\n<div  class=\"content_row row cta-slider vc_row wpb_row  default-style fullwidth\" >\n\t\n\t<div class=\"content_row_wrapper  fullwidth\" style=\"padding-top:0px;padding-bottom:0px;\">\n\t<div id=\"asdasd\" class=\"vc_col-sm-6 vc_col-md-offset-9 vc_col-md-3 vc_col-sm-offset-6 vc_col-xs-12 wpb_column vc_column_container alt-style-1 has-custom-margin has-nmargin\" style=\"margin-top:-107px;\">\n\t<div class=\"vc_column-inner\" style=\"padding-top:20px;padding-bottom:20px;padding-left:20px;padding-right:20px;\">\n\t\t<div class=\"wpb_wrapper\" >\n\t\t\t<div class=\"button_wrapper align hero\"><a  href=\"\/fr\/plus-dinformation\/\" target=\"_self\" title=\"Livre\" class=\"button_  style-3 hero\">Plus d&#039;infos<\/a><\/div>\n\t\t<\/div>\n\t<\/div>\n\t<\/div>\n\n<\/div>\n<\/div>\n\n<div id=\"highlights\" class=\"content_row row vc_row wpb_row  default-style fullwidth fixed_heights rt-flex-wrapper has-custom-margin border-top\" style=\"margin-top:40px;\">\n\t\n\t<div class=\"content_row_wrapper  fullwidth\" style=\"padding-top:20px;padding-bottom:20px;\"><div id=\"asdasd\" class=\"vc_col-sm-3 wpb_column vc_column_container border-right mobile-border-bottom custom_bg\" >\n\t<div class=\"vc_column-inner\" style=\"padding-top:30px;padding-bottom:30px;background-color: rgba(255,255,255,0.1);\">\n\t\t<div class=\"wpb_wrapper\" >\n\t\t\t<article  class=\"icon-content-box content-box icon-top icon-style-1\"><div class=\"icon-holder\"><span class=\"icon-line-globe\"><\/span><\/div><div class=\"text-holder\"><h3 class=\"heading\">Appartements \u00e9l\u00e9gants<\/h3> <p class=\"aligncenter\"><strong>Soleil propose des appartements de 2 et 3 chambres<\/strong>, spacieuses terrasses et penthouses en duplex avec terrasse et toit-terrasse. Les int\u00e9rieurs de ces maisons uniques frappent par leur luminosit\u00e9 et leur finition de haute qualit\u00e9.<\/p>\n<p class=\"aligncenter\">&nbsp;<\/p>\n<p class=\"aligncenter\"><a href=\"https:\/\/soleil-marbella.com\/fr\/plus-dinformation\/\"><strong>Demander un dossier d&#039;information &gt;&gt;&gt;<\/strong><\/a><\/p>\n<\/div><\/article>\n\t\t<\/div>\n\t<\/div>\n\t<\/div>\n\n\t<div id=\"asdasd\" class=\"vc_col-sm-3 wpb_column vc_column_container border-right mobile-border-bottom\" >\n\t<div class=\"vc_column-inner\" style=\"padding-top:30px;padding-bottom:30px;\">\n\t\t<div class=\"wpb_wrapper\" >\n\t\t\t<article  class=\"icon-content-box content-box icon-top icon-style-1\"><div class=\"icon-holder\"><span class=\"he icon-line-umbrella icon-new-heart-1\"><\/span><\/div><div class=\"text-holder\"><h3 class=\"heading\">Espaces communs exclusifs<\/h3> <p class=\"aligncenter\">Les espaces communs sont con\u00e7us pour am\u00e9liorer la qualit\u00e9 de vie. Ils disposent d&#039;une piscine ext\u00e9rieure et d&#039;une piscine int\u00e9rieure chauff\u00e9e, d&#039;une salle de sport, d&#039;un spa et d&#039;un bain turc, d&#039;un espace de coworking et d&#039;un club social.<\/p>\n<p class=\"aligncenter\">&nbsp;<\/p>\n<p class=\"aligncenter\"><a href=\"https:\/\/soleil-marbella.com\/fr\/plus-dinformation\/\"><strong>Demander un dossier d&#039;information &gt;&gt;&gt;<\/strong><\/a><\/p>\n<\/div><\/article>\n\t\t<\/div>\n\t<\/div>\n\t<\/div>\n\n\t<div id=\"asdasd\" class=\"vc_col-sm-3 wpb_column vc_column_container border-right mobile-border-bottom custom_bg\" >\n\t<div class=\"vc_column-inner\" style=\"padding-top:30px;padding-bottom:30px;background-color: rgba(255,255,255,0.1);\">\n\t\t<div class=\"wpb_wrapper\" >\n\t\t\t<article  class=\"icon-content-box content-box icon-top icon-style-1\"><div class=\"icon-holder\"><span class=\"icon-golf\"><\/span><\/div><div class=\"text-holder\"><h3 class=\"heading\">\u00c0 propos de Altos de Los Monteros - Marbella<\/h3> <p class=\"aligncenter\">Altos de Los Monteros est un quartier r\u00e9sidentiel exclusif situ\u00e9 dans les collines \u00e0 l&#039;est de Marbella. Il est connu pour ses vues panoramiques spectaculaires sur la mer M\u00e9diterran\u00e9e et les montagnes, et propose principalement des villas et des appartements de luxe dans un environnement calme, verdoyant et s\u00fbr avec beaucoup d&#039;intimit\u00e9.<\/p>\n<p class=\"aligncenter\">&nbsp;<\/p>\n<p class=\"aligncenter\"><strong><a href=\"https:\/\/soleil-marbella.com\/fr\/plus-dinformation\/\">Demandez le dossier d&#039;information &gt;&gt;&gt;<\/a><\/strong><\/p>\n<\/div><\/article>\n\t\t<\/div>\n\t<\/div>\n\t<\/div>\n\n\t<div id=\"asdasd\" class=\"vc_col-sm-3 wpb_column vc_column_container mobile-border-bottom\" >\n\t<div class=\"vc_column-inner\" style=\"padding-top:30px;padding-bottom:30px;padding-left:30px;padding-right:30px;\">\n\t\t<div class=\"wpb_wrapper\" >\n\t\t\t<article  class=\"icon-content-box content-box icon-top icon-style-1\"><div class=\"icon-holder\"><span class=\"icon-star-empty-1\"><\/span><\/div><div class=\"text-holder\"><h3 class=\"heading\">Demander les maisons disponibles et les prix<\/h3> <div class=\"Z26q7c UK95Uc VGXe8\" data-content-feature=\"1\">\n<div class=\"VwiC3b yXK7lf MUxGbd yDYNvb lyLwlc\">\n<p class=\"aligncenter\">Demandez le dossier d&#039;information avec des donn\u00e9es d\u00e9taill\u00e9es telles que les sp\u00e9cifications de qualit\u00e9, les brochures, la planification et les plans d&#039;\u00e9tage, etc. Juin 2024 \u2013 prix \u00e0 partir de 605 000 \u20ac<\/p>\n<p class=\"aligncenter\"><strong><a href=\"https:\/\/soleil-marbella.com\/fr\/plus-dinformation\/\">Demander un dossier d&#039;information &gt;&gt;&gt;<\/a><\/strong><\/p>\n<\/div>\n<\/div>\n<div class=\"Z26q7c UK95Uc VGXe8\" data-content-feature=\"2\">\n<div class=\"fG8Fp uo4vr\"><\/div>\n<\/div>\n<\/div><\/article>\n\t\t<\/div>\n\t<\/div>\n\t<\/div>\n<\/div>\n<\/div>\n\n<div  class=\"content_row row quote-row vc_row wpb_row  default-style fullwidth has-custom-margin has-custom-margin\" style=\"margin-bottom:50px;background-color: #fcfcfc;\">\n\t\n\t<div class=\"content_row_wrapper  fullwidth\" >\n\t<div id=\"asdasd\" class=\"vc_col-sm-12 wpb_column vc_column_container vc_custom_1644925648982\" >\n\t<div class=\"vc_column-inner\">\n\t\t<div class=\"wpb_wrapper\" >\n\t\t\t<div class=\"rt_heading_wrapper style-3\">\n\t\t\t\t\t\t<h4 class=\"rt_heading serif style-3\" >Les ventes de Soleil Marbella ont commenc\u00e9 \u2013 chance d\u2019avoir le premier choix dans ce magnifique projet. <\/h4> \n\t\t\t\t\t<\/div>\n\t\t<\/div>\n\t<\/div>\n\t<\/div>\n\n<\/div>\n<\/div>\n\n<div  class=\"content_row row room-list vc_row wpb_row  default-style fullwidth\" >\n\t\n\t<div class=\"content_row_wrapper  fullwidth\" >\n\t<div id=\"asdasd\" class=\"vc_col-sm-12 wpb_column vc_column_container\" >\n\t<div class=\"vc_column-inner\">\n\t\t<div class=\"wpb_wrapper\" >\n\t\t\t\n\t<div class=\"wpb_text_column wpb_content_element  vc_custom_1648208307727\" >\n\t\t<div class=\"wpb_wrapper\">\n\t\t\t<div class=\"rt-gallery clearfix grid4fotos fixed_heights animated-layout\">\n\t<div class=\"row clearfix\">\n\t\t\n\n\t\t<div class=\"col col-sm-3 col-xs-12 col-fotos\">\n\t\t\t<!-- room info -->\n\n\t\t\t<div class=\"room-info has-bg-image gallery-item-holder\"\n\t\t\t\t data-thumbnail=\"https:\/\/soleil-marbella.com\/wp-content\/uploads\/sites\/50\/2022\/10\/SOLEIL-MARBELLA-view-scaled.png\"\n\t\t\t\t data-min-height=\"350\" style=\"min-height: 350px;\">\n\n\t\t\t\t<div class=\"room-info-wrapper\" style=\"top: calc(50% - 175px);\">\n\n\t\t\t\t\t<!-- title-->\n\t\t\t\t\t<h5 class=\"room-title\"><a href=\"https:\/\/soleil-marbella.com\/wp-content\/uploads\/sites\/50\/2022\/10\/SOLEIL-MARBELLA-view-scaled.png\" title=\"Soleil Marbella\" rel=\"bookmark\">Soleil Marbella<\/a><\/h5>\n\n\t\t\t\t\t<!-- text-->\n\t\t\t\t\t<p><a id=\"\" class=\"imgeffect zoom rt_lightbox\" data-gal-id=\"\" data-rel=\"rt_lightbox\"\n\t\t\t\t\t\t  title=\"Agrandir l&#039;image\" data-title=\"Soleil Marbella\" data-sub-html=\"\" data-src=\"\" data-width=\"\"\n\t\t\t\t\t\t  data-height=\"\" data-poster=\"\" data-autoplay=\"\" data-audiotitle=\"\" data-download-url=\"false\"\n\t\t\t\t\t\t  href=\"https:\/\/soleil-marbella.com\/wp-content\/uploads\/sites\/50\/2022\/10\/SOLEIL-MARBELLA-view-scaled.png\">Voir la photo<\/a><\/p>\n\t\t\t\t\t<!-- key features -->\n\n\n\t\t\t\t\t<!-- button -->\n\t\t\t\t\t<a class=\"button_ style-2 small margin-t30\"\n\t\t\t\t\t   href=\"https:\/\/soleil-marbella.com\/wp-content\/uploads\/sites\/50\/2022\/10\/SOLEIL-MARBELLA-view-scaled.png\" title=\"Soleil Marbella\"><span class=\"icon-angle-right\"><\/span>plus de d\u00e9tails<\/a>\n\n\n\t\t\t\t<\/div>\n\t\t\t\t<!--\/ end .room-info-wrapper -->\n\n\n\t\t\t\t<!-- single title-->\n\t\t\t\t<div class=\"room-single-title\">Soleil Marbella<\/div>\n\n\t\t\t\t<!-- overlay background -->\n\t\t\t\t<div class=\"room-bg-ovelay\"\n\t\t\t\t\t style=\"background-image: url(&quot;https:\/\/soleil-marbella.com\/wp-content\/uploads\/sites\/50\/2022\/10\/SOLEIL-MARBELLA-view-scaled.png&quot;);\">\n\t\t\t\t<\/div>\n\n\t\t\t<\/div>\n\t\t\t<!--\/ end .room-info -->\n\t\t<\/div>\n\n\t\t\n\n\t\t<div class=\"col col-sm-3 col-xs-12 col-fotos\">\n\t\t\t<!-- room info -->\n\n\t\t\t<div class=\"room-info has-bg-image gallery-item-holder\"\n\t\t\t\t data-thumbnail=\"https:\/\/soleil-marbella.com\/wp-content\/uploads\/sites\/50\/2025\/04\/SOLEIL-MARBELLA-NIGHTVIEW.png\"\n\t\t\t\t data-min-height=\"350\" style=\"min-height: 350px;\">\n\n\t\t\t\t<div class=\"room-info-wrapper\" style=\"top: calc(50% - 175px);\">\n\n\t\t\t\t\t<!-- title-->\n\t\t\t\t\t<h5 class=\"room-title\"><a href=\"https:\/\/soleil-marbella.com\/wp-content\/uploads\/sites\/50\/2025\/04\/SOLEIL-MARBELLA-NIGHTVIEW.png\" title=\"Soleil Marbella de nuit\" rel=\"bookmark\">Soleil Marbella de nuit<\/a><\/h5>\n\n\t\t\t\t\t<!-- text-->\n\t\t\t\t\t<p><a id=\"\" class=\"imgeffect zoom rt_lightbox\" data-gal-id=\"\" data-rel=\"rt_lightbox\"\n\t\t\t\t\t\t  title=\"Agrandir l&#039;image\" data-title=\"Soleil Marbella by night\" data-sub-html=\"\" data-src=\"\" data-width=\"\"\n\t\t\t\t\t\t  data-height=\"\" data-poster=\"\" data-autoplay=\"\" data-audiotitle=\"\" data-download-url=\"false\"\n\t\t\t\t\t\t  href=\"https:\/\/soleil-marbella.com\/wp-content\/uploads\/sites\/50\/2025\/04\/SOLEIL-MARBELLA-NIGHTVIEW.png\">Voir la photo<\/a><\/p>\n\t\t\t\t\t<!-- key features -->\n\n\n\t\t\t\t\t<!-- button -->\n\t\t\t\t\t<a class=\"button_ style-2 small margin-t30\"\n\t\t\t\t\t   href=\"https:\/\/soleil-marbella.com\/wp-content\/uploads\/sites\/50\/2025\/04\/SOLEIL-MARBELLA-NIGHTVIEW.png\" title=\"Soleil Marbella de nuit\"><span class=\"icon-angle-right\"><\/span>plus de d\u00e9tails<\/a>\n\n\n\t\t\t\t<\/div>\n\t\t\t\t<!--\/ end .room-info-wrapper -->\n\n\n\t\t\t\t<!-- single title-->\n\t\t\t\t<div class=\"room-single-title\">Soleil Marbella de nuit<\/div>\n\n\t\t\t\t<!-- overlay background -->\n\t\t\t\t<div class=\"room-bg-ovelay\"\n\t\t\t\t\t style=\"background-image: url(&quot;https:\/\/soleil-marbella.com\/wp-content\/uploads\/sites\/50\/2025\/04\/SOLEIL-MARBELLA-NIGHTVIEW.png&quot;);\">\n\t\t\t\t<\/div>\n\n\t\t\t<\/div>\n\t\t\t<!--\/ end .room-info -->\n\t\t<\/div>\n\n\t\t\n\n\t\t<div class=\"col col-sm-3 col-xs-12 col-fotos\">\n\t\t\t<!-- room info -->\n\n\t\t\t<div class=\"room-info has-bg-image gallery-item-holder\"\n\t\t\t\t data-thumbnail=\"https:\/\/soleil-marbella.com\/wp-content\/uploads\/sites\/50\/2025\/04\/SOLEIL-MARBELLA-SEAVIEW-scaled.png\"\n\t\t\t\t data-min-height=\"350\" style=\"min-height: 350px;\">\n\n\t\t\t\t<div class=\"room-info-wrapper\" style=\"top: calc(50% - 175px);\">\n\n\t\t\t\t\t<!-- title-->\n\t\t\t\t\t<h5 class=\"room-title\"><a href=\"https:\/\/soleil-marbella.com\/wp-content\/uploads\/sites\/50\/2025\/04\/SOLEIL-MARBELLA-SEAVIEW-scaled.png\" title=\"Terrasse Soleil Marbella\" rel=\"bookmark\">Terrasse Soleil Marbella<\/a><\/h5>\n\n\t\t\t\t\t<!-- text-->\n\t\t\t\t\t<p><a id=\"\" class=\"imgeffect zoom rt_lightbox\" data-gal-id=\"\" data-rel=\"rt_lightbox\"\n\t\t\t\t\t\t  title=\"Agrandir l&#039;image\" data-title=\"Soleil Marbella Terrace\" data-sub-html=\"\" data-src=\"\" data-width=\"\"\n\t\t\t\t\t\t  data-height=\"\" data-poster=\"\" data-autoplay=\"\" data-audiotitle=\"\" data-download-url=\"false\"\n\t\t\t\t\t\t  href=\"https:\/\/soleil-marbella.com\/wp-content\/uploads\/sites\/50\/2025\/04\/SOLEIL-MARBELLA-SEAVIEW-scaled.png\">Voir la photo<\/a><\/p>\n\t\t\t\t\t<!-- key features -->\n\n\n\t\t\t\t\t<!-- button -->\n\t\t\t\t\t<a class=\"button_ style-2 small margin-t30\"\n\t\t\t\t\t   href=\"https:\/\/soleil-marbella.com\/wp-content\/uploads\/sites\/50\/2025\/04\/SOLEIL-MARBELLA-SEAVIEW-scaled.png\" title=\"Terrasse Soleil Marbella\"><span class=\"icon-angle-right\"><\/span>plus de d\u00e9tails<\/a>\n\n\n\t\t\t\t<\/div>\n\t\t\t\t<!--\/ end .room-info-wrapper -->\n\n\n\t\t\t\t<!-- single title-->\n\t\t\t\t<div class=\"room-single-title\">Terrasse Soleil Marbella<\/div>\n\n\t\t\t\t<!-- overlay background -->\n\t\t\t\t<div class=\"room-bg-ovelay\"\n\t\t\t\t\t style=\"background-image: url(&quot;https:\/\/soleil-marbella.com\/wp-content\/uploads\/sites\/50\/2025\/04\/SOLEIL-MARBELLA-SEAVIEW-scaled.png&quot;);\">\n\t\t\t\t<\/div>\n\n\t\t\t<\/div>\n\t\t\t<!--\/ end .room-info -->\n\t\t<\/div>\n\n\t\t\n\n\t\t<div class=\"col col-sm-3 col-xs-12 col-fotos\">\n\t\t\t<!-- room info -->\n\n\t\t\t<div class=\"room-info has-bg-image gallery-item-holder\"\n\t\t\t\t data-thumbnail=\"https:\/\/soleil-marbella.com\/wp-content\/uploads\/sites\/50\/2022\/10\/soleil_1-scaled.jpg\"\n\t\t\t\t data-min-height=\"350\" style=\"min-height: 350px;\">\n\n\t\t\t\t<div class=\"room-info-wrapper\" style=\"top: calc(50% - 175px);\">\n\n\t\t\t\t\t<!-- title-->\n\t\t\t\t\t<h5 class=\"room-title\"><a href=\"https:\/\/soleil-marbella.com\/wp-content\/uploads\/sites\/50\/2022\/10\/soleil_1-scaled.jpg\" title=\"Soleil Marbella\" rel=\"bookmark\">Soleil Marbella<\/a><\/h5>\n\n\t\t\t\t\t<!-- text-->\n\t\t\t\t\t<p><a id=\"\" class=\"imgeffect zoom rt_lightbox\" data-gal-id=\"\" data-rel=\"rt_lightbox\"\n\t\t\t\t\t\t  title=\"Agrandir l&#039;image\" data-title=\"Soleil Marbella\" data-sub-html=\"\" data-src=\"\" data-width=\"\"\n\t\t\t\t\t\t  data-height=\"\" data-poster=\"\" data-autoplay=\"\" data-audiotitle=\"\" data-download-url=\"false\"\n\t\t\t\t\t\t  href=\"https:\/\/soleil-marbella.com\/wp-content\/uploads\/sites\/50\/2022\/10\/soleil_1-scaled.jpg\">Voir la photo<\/a><\/p>\n\t\t\t\t\t<!-- key features -->\n\n\n\t\t\t\t\t<!-- button -->\n\t\t\t\t\t<a class=\"button_ style-2 small margin-t30\"\n\t\t\t\t\t   href=\"https:\/\/soleil-marbella.com\/wp-content\/uploads\/sites\/50\/2022\/10\/soleil_1-scaled.jpg\" title=\"Soleil Marbella\"><span class=\"icon-angle-right\"><\/span>plus de d\u00e9tails<\/a>\n\n\n\t\t\t\t<\/div>\n\t\t\t\t<!--\/ end .room-info-wrapper -->\n\n\n\t\t\t\t<!-- single title-->\n\t\t\t\t<div class=\"room-single-title\">Soleil Marbella<\/div>\n\n\t\t\t\t<!-- overlay background -->\n\t\t\t\t<div class=\"room-bg-ovelay\"\n\t\t\t\t\t style=\"background-image: url(&quot;https:\/\/soleil-marbella.com\/wp-content\/uploads\/sites\/50\/2022\/10\/soleil_1-scaled.jpg&quot;);\">\n\t\t\t\t<\/div>\n\n\t\t\t<\/div>\n\t\t\t<!--\/ end .room-info -->\n\t\t<\/div>\n\n\t\t\n\n\t\t<div class=\"col col-sm-3 col-xs-12 col-fotos\">\n\t\t\t<!-- room info -->\n\n\t\t\t<div class=\"room-info has-bg-image gallery-item-holder\"\n\t\t\t\t data-thumbnail=\"https:\/\/soleil-marbella.com\/wp-content\/uploads\/sites\/50\/2025\/03\/soleil_2-scaled.jpg\"\n\t\t\t\t data-min-height=\"350\" style=\"min-height: 350px;\">\n\n\t\t\t\t<div class=\"room-info-wrapper\" style=\"top: calc(50% - 175px);\">\n\n\t\t\t\t\t<!-- title-->\n\t\t\t\t\t<h5 class=\"room-title\"><a href=\"https:\/\/soleil-marbella.com\/wp-content\/uploads\/sites\/50\/2025\/03\/soleil_2-scaled.jpg\" title=\"Soleil Marbella\" rel=\"bookmark\">Soleil Marbella<\/a><\/h5>\n\n\t\t\t\t\t<!-- text-->\n\t\t\t\t\t<p><a id=\"\" class=\"imgeffect zoom rt_lightbox\" data-gal-id=\"\" data-rel=\"rt_lightbox\"\n\t\t\t\t\t\t  title=\"Agrandir l&#039;image\" data-title=\"Soleil Marbella\" data-sub-html=\"\" data-src=\"\" data-width=\"\"\n\t\t\t\t\t\t  data-height=\"\" data-poster=\"\" data-autoplay=\"\" data-audiotitle=\"\" data-download-url=\"false\"\n\t\t\t\t\t\t  href=\"https:\/\/soleil-marbella.com\/wp-content\/uploads\/sites\/50\/2025\/03\/soleil_2-scaled.jpg\">Voir la photo<\/a><\/p>\n\t\t\t\t\t<!-- key features -->\n\n\n\t\t\t\t\t<!-- button -->\n\t\t\t\t\t<a class=\"button_ style-2 small margin-t30\"\n\t\t\t\t\t   href=\"https:\/\/soleil-marbella.com\/wp-content\/uploads\/sites\/50\/2025\/03\/soleil_2-scaled.jpg\" title=\"Soleil Marbella\"><span class=\"icon-angle-right\"><\/span>plus de d\u00e9tails<\/a>\n\n\n\t\t\t\t<\/div>\n\t\t\t\t<!--\/ end .room-info-wrapper -->\n\n\n\t\t\t\t<!-- single title-->\n\t\t\t\t<div class=\"room-single-title\">Soleil Marbella<\/div>\n\n\t\t\t\t<!-- overlay background -->\n\t\t\t\t<div class=\"room-bg-ovelay\"\n\t\t\t\t\t style=\"background-image: url(&quot;https:\/\/soleil-marbella.com\/wp-content\/uploads\/sites\/50\/2025\/03\/soleil_2-scaled.jpg&quot;);\">\n\t\t\t\t<\/div>\n\n\t\t\t<\/div>\n\t\t\t<!--\/ end .room-info -->\n\t\t<\/div>\n\n\t\t\n\n\t\t<div class=\"col col-sm-3 col-xs-12 col-fotos\">\n\t\t\t<!-- room info -->\n\n\t\t\t<div class=\"room-info has-bg-image gallery-item-holder\"\n\t\t\t\t data-thumbnail=\"https:\/\/soleil-marbella.com\/wp-content\/uploads\/sites\/50\/2022\/04\/SOLEIL-MARBELLA-POOL-view-scaled.png\"\n\t\t\t\t data-min-height=\"350\" style=\"min-height: 350px;\">\n\n\t\t\t\t<div class=\"room-info-wrapper\" style=\"top: calc(50% - 175px);\">\n\n\t\t\t\t\t<!-- title-->\n\t\t\t\t\t<h5 class=\"room-title\"><a href=\"https:\/\/soleil-marbella.com\/wp-content\/uploads\/sites\/50\/2022\/04\/SOLEIL-MARBELLA-POOL-view-scaled.png\" title=\"Soleil Marbella\" rel=\"bookmark\">Soleil Marbella<\/a><\/h5>\n\n\t\t\t\t\t<!-- text-->\n\t\t\t\t\t<p><a id=\"\" class=\"imgeffect zoom rt_lightbox\" data-gal-id=\"\" data-rel=\"rt_lightbox\"\n\t\t\t\t\t\t  title=\"Agrandir l&#039;image\" data-title=\"Soleil Marbella\" data-sub-html=\"\" data-src=\"\" data-width=\"\"\n\t\t\t\t\t\t  data-height=\"\" data-poster=\"\" data-autoplay=\"\" data-audiotitle=\"\" data-download-url=\"false\"\n\t\t\t\t\t\t  href=\"https:\/\/soleil-marbella.com\/wp-content\/uploads\/sites\/50\/2022\/04\/SOLEIL-MARBELLA-POOL-view-scaled.png\">Voir la photo<\/a><\/p>\n\t\t\t\t\t<!-- key features -->\n\n\n\t\t\t\t\t<!-- button -->\n\t\t\t\t\t<a class=\"button_ style-2 small margin-t30\"\n\t\t\t\t\t   href=\"https:\/\/soleil-marbella.com\/wp-content\/uploads\/sites\/50\/2022\/04\/SOLEIL-MARBELLA-POOL-view-scaled.png\" title=\"Soleil Marbella\"><span class=\"icon-angle-right\"><\/span>plus de d\u00e9tails<\/a>\n\n\n\t\t\t\t<\/div>\n\t\t\t\t<!--\/ end .room-info-wrapper -->\n\n\n\t\t\t\t<!-- single title-->\n\t\t\t\t<div class=\"room-single-title\">Soleil Marbella<\/div>\n\n\t\t\t\t<!-- overlay background -->\n\t\t\t\t<div class=\"room-bg-ovelay\"\n\t\t\t\t\t style=\"background-image: url(&quot;https:\/\/soleil-marbella.com\/wp-content\/uploads\/sites\/50\/2022\/04\/SOLEIL-MARBELLA-POOL-view-scaled.png&quot;);\">\n\t\t\t\t<\/div>\n\n\t\t\t<\/div>\n\t\t\t<!--\/ end .room-info -->\n\t\t<\/div>\n\n\t\t\t<\/div>\n<\/div>\n\n\n\t\t<\/div>\n\t<\/div>\n<div class=\"vc_empty_space\"   style=\"height: 36px\"><span class=\"vc_empty_space_inner\"><\/span><\/div><div class=\"button_wrapper aligncenter\"><a  href=\"\/fr\/des-photos\/\" target=\"_self\" title=\"&gt; plus de photos\" class=\"button_  style-2 small\">&gt; plus de photos<\/a><\/div>\n\t\t<\/div>\n\t<\/div>\n\t<\/div>\n\n<\/div>\n<\/div>\n\n<div  class=\"content_row row news-events vc_row wpb_row  default-style fullwidth fixed_heights rt-flex-wrapper rt-flex-wrapper border-top\" >\n\t\n\t<div class=\"content_row_wrapper align-contents content-align-middle fullwidth\" style=\"padding-top:40px;padding-bottom:40px;\">\n\t<div id=\"asdasd\" class=\"vc_col-sm-12 wpb_column vc_column_container\" >\n\t<div class=\"vc_column-inner\" style=\"padding-top:50px;\">\n\t\t<div class=\"wpb_wrapper\" >\n\t\t\t<div class=\"rt_heading_wrapper style-4\">\n\t\t\t\t\t\t<h3 class=\"rt_heading  style-4\" >Un LIEU OUVERT sur le MONDE<\/h3> \n\t\t\t\t\t<\/div>\n\t<div class=\"wpb_text_column wpb_content_element\" >\n\t\t<div class=\"wpb_wrapper\">\n\t\t\t<p style=\"text-align: center;\">Grande terrasse avec bar o\u00f9 vous pourrez profiter d&#039;une vue fantastique sur la mer M\u00e9diterran\u00e9e.<\/p>\n\n\t\t<\/div>\n\t<\/div>\n<div class=\"vc_empty_space\"   style=\"height: 40px\"><span class=\"vc_empty_space_inner\"><\/span><\/div>\n<div id=\"blog-dynamicID-695489\" class=\"blog_list clearfix fixed_heights\" data-column-width=\"4\">\n<div class=\"row clearfix\">\n<article id=\"2881\" class=\"col col-sm-3 post-2881 post type-post status-publish format-gallery has-post-thumbnail hentry category-events category-news post_format-post-format-gallery\">\n \n\n<!-- blog box-->\n\t\n\t\t<figure class=\"featured_image featured_media\">\n\t\t<a id=\"featured-image-2881\" class=\"imgeffect zoom rt_lightbox featured_image\" data-gal-id=\"image_4242\" data-rel=\"rt_lightbox\" title=\"Agrandir l&#039;image\" data-title=\"Altos de los Monteros\" data-sub-html=\"\" data-src=\"\" data-width=\"\" data-height=\"\" data-poster=\"\" data-autoplay=\"\" data-audiotitle=\"\" data-download-url=\"false\" href=\"https:\/\/soleil-marbella.com\/wp-content\/uploads\/sites\/50\/2016\/06\/Altosdelosmonteros.jpg\"><img decoding=\"async\" src=\"https:\/\/soleil-marbella.com\/wp-content\/uploads\/sites\/50\/2016\/06\/Altosdelosmonteros-480x318.jpg\" alt=\"Altos de los Monteros Marbella\" class=\"\" \/><\/a>\t<\/figure> \n\t\n\t \n\n\t\n\t<div class=\"entry-content text no-post-sidebar\">\n\n\t\t<!-- blog headline-->\n\t\t<h6 class=\"entry-title\"><a href=\"https:\/\/soleil-marbella.com\/fr\/stages-de-peche-a-partir-de-juillet\/\" rel=\"bookmark\">Les Altos des Monteros<\/a><\/h6> \n\t\t\t\t\n\t\t\n\t\t<p>Le Soleil Marbella est situ\u00e9 \u00e0 Altos de Los Monteros. Il s&#039;agit d&#039;une zone exclusive situ\u00e9e dans les collines verdoyantes de Marbella. En 10 minutes vous \u00eates au centre de Marbella et en 5 minutes vous \u00eates \u00e0 la plage. Le quartier est situ\u00e9 entre des espaces verts prot\u00e9g\u00e9s, de nombreuses possibilit\u00e9s de promenade ou de profiter de la nature. Altos \u2026 <a class=\"more-link\" href=\"https:\/\/soleil-marbella.com\/fr\/stages-de-peche-a-partir-de-juillet\/\">continuer la lecture<\/a><\/p>\n\n\t<\/div> \n<!-- \/ blog box--><\/article>\n<article id=\"2880\" class=\"col col-sm-3 post-2880 post type-post status-publish format-standard has-post-thumbnail hentry category-events category-news\">\n \n\n<!-- blog box-->\n\n\t\t<figure class=\"featured_image featured_media\">\n\t\t<a id=\"lightbox-796794\" class=\"imgeffect zoom rt_lightbox featured_image\" data-gal-id=\"image_4164\" data-rel=\"rt_lightbox\" title=\"Agrandir l&#039;image\" data-title=\"Golfbanen nabij Soleil Marbella\" data-sub-html=\"\" data-src=\"\" data-width=\"\" data-height=\"\" data-poster=\"\" data-autoplay=\"\" data-audiotitle=\"\" data-download-url=\"false\" href=\"https:\/\/soleil-marbella.com\/wp-content\/uploads\/sites\/50\/2016\/06\/golf.jpg\"><img decoding=\"async\" src=\"https:\/\/soleil-marbella.com\/wp-content\/uploads\/sites\/50\/2016\/06\/golf.jpg\" alt=\"\" class=\"\" \/><\/a>\t\t\n\t<\/figure> \n\t\n\n\t\n\t<div class=\"entry-content text no-post-sidebar\">\n\n\t\t<!-- blog headline-->\n\t\t<h6 class=\"entry-title\"><a href=\"https:\/\/soleil-marbella.com\/fr\/aliquam-vestibulum-sem-turpis\/\" rel=\"bookmark\">Terrains de golf pr\u00e8s de Soleil Marbella<\/a><\/h6> \n\t\t\t\t\n\t\t\n\t\t<p>Soleil Marbella est tr\u00e8s id\u00e9alement situ\u00e9 \u00e0 proximit\u00e9 de plusieurs excellents terrains de golf. Les plus proches se trouvent pratiquement au pied de la colline. En dix minutes, vous pouvez rejoindre Rio Real Golf, Santa Clara Golf ou le Marbella Golf &amp; Country Club. En bref, pour les amateurs de golf, Soleil Marbella est une excellente base avec plusieurs parcours de premier ordre\u2026 <a class=\"more-link\" href=\"https:\/\/soleil-marbella.com\/fr\/aliquam-vestibulum-sem-turpis\/\">continuer la lecture<\/a><\/p>\n\t<\/div> \n\n<!-- \/ blog box-->\n<\/article>\n<article id=\"2876\" class=\"col col-sm-3 post-2876 post type-post status-publish format-gallery has-post-thumbnail hentry category-news post_format-post-format-gallery\">\n \n\n<!-- blog box-->\n\t\n\t\t<figure class=\"featured_image featured_media\">\n\t\t<a id=\"featured-image-2876\" class=\"imgeffect zoom rt_lightbox featured_image\" data-gal-id=\"image_4252\" data-rel=\"rt_lightbox\" title=\"Agrandir l&#039;image\" data-title=\"Casco Antiguo &#8211; historisch hart Marbella\" data-sub-html=\"\" data-src=\"\" data-width=\"\" data-height=\"\" data-poster=\"\" data-autoplay=\"\" data-audiotitle=\"\" data-download-url=\"false\" href=\"https:\/\/soleil-marbella.com\/wp-content\/uploads\/sites\/50\/2016\/06\/marbella-centro.jpg\"><img decoding=\"async\" src=\"https:\/\/soleil-marbella.com\/wp-content\/uploads\/sites\/50\/2016\/06\/marbella-centro-480x342.jpg\" alt=\"Centre de Marbella\" class=\"\" \/><\/a>\t<\/figure> \n\t\n\t \n\n\t\n\t<div class=\"entry-content text no-post-sidebar\">\n\n\t\t<!-- blog headline-->\n\t\t<h6 class=\"entry-title\"><a href=\"https:\/\/soleil-marbella.com\/fr\/fusce-mattis-lacus-blandit-convallis\/\" rel=\"bookmark\">Casco Antiguo \u2013 c\u0153ur historique de Marbella<\/a><\/h6> \n\t\t\t\t\n\t\t\n\t\t<p>Le vieux centre de Marbella (Casco Antiguo) est le c\u0153ur historique et atmosph\u00e9rique de la ville. Elle se caract\u00e9rise par des rues \u00e9troites et sinueuses bord\u00e9es de maisons blanchies \u00e0 la chaux et de fleurs color\u00e9es sur les balcons, avec la c\u00e9l\u00e8bre Plaza de los Naranjos (Place des Orangers) comme centre anim\u00e9. C&#039;est un endroit charmant plein de boutiques, de bars \u00e0 tapas et de restaurants o\u00f9 vous pourrez\u2026 <a class=\"more-link\" href=\"https:\/\/soleil-marbella.com\/fr\/fusce-mattis-lacus-blandit-convallis\/\">continuer la lecture<\/a><\/p>\n\n\t<\/div> \n<!-- \/ blog box--><\/article>\n<article id=\"2877\" class=\"col col-sm-3 post-2877 post type-post status-publish format-standard has-post-thumbnail hentry category-articles\">\n \n\n<!-- blog box-->\n\n\t\t<figure class=\"featured_image featured_media\">\n\t\t<a id=\"lightbox-840470\" class=\"imgeffect zoom rt_lightbox featured_image\" data-gal-id=\"image_4168\" data-rel=\"rt_lightbox\" title=\"Agrandir l&#039;image\" data-title=\"La playa\" data-sub-html=\"\" data-src=\"\" data-width=\"\" data-height=\"\" data-poster=\"\" data-autoplay=\"\" data-audiotitle=\"\" data-download-url=\"false\" href=\"https:\/\/soleil-marbella.com\/wp-content\/uploads\/sites\/50\/2016\/06\/beach-1.jpg\"><img decoding=\"async\" src=\"https:\/\/soleil-marbella.com\/wp-content\/uploads\/sites\/50\/2016\/06\/beach-1.jpg\" alt=\"\" class=\"\" \/><\/a>\t\t\n\t<\/figure> \n\t\n\n\t\n\t<div class=\"entry-content text no-post-sidebar\">\n\n\t\t<!-- blog headline-->\n\t\t<h6 class=\"entry-title\"><a href=\"https:\/\/soleil-marbella.com\/fr\/importance-de-planifier-un-voyage\/\" rel=\"bookmark\">La plage<\/a><\/h6> \n\t\t\t\t\n\t\t\n\t\t<p>La plage est tr\u00e8s bien entretenue et la municipalit\u00e9 fait tout pour rendre les touristes heureux\u2026 il y a plusieurs bars\/restaurants de plage et certains sont m\u00eame ouverts en hiver\u2026 ici un enfant peut encore jouer avec une pelle et un seau ou les baigneurs peuvent louer une chaise avec ou sans parasol\u2026 les chiens peuvent\u2026 <a class=\"more-link\" href=\"https:\/\/soleil-marbella.com\/fr\/importance-de-planifier-un-voyage\/\">continuer la lecture<\/a><\/p>\n\t<\/div> \n\n<!-- \/ blog box-->\n<\/article>\n<\/div>\n<\/div>\n\n\t\t<\/div>\n\t<\/div>\n\t<\/div>\n\n<\/div>\n<\/div>\n<\/section>","protected":false},"excerpt":{"rendered":"<p>\u2026 <a class=\"more-link\" href=\"https:\/\/soleil-marbella.com\/fr\/importance-de-planifier-un-voyage\/\">continuer la lecture<\/a><\/p>","protected":false},"author":1,"featured_media":0,"parent":0,"menu_order":4,"comment_status":"closed","ping_status":"closed","template":"","meta":{"footnotes":""},"class_list":["post-2786","page","type-page","status-publish","hentry"],"yoast_head":"<!-- This site is optimized with the Yoast SEO plugin v26.0 - https:\/\/yoast.com\/wordpress\/plugins\/seo\/ -->\n<title>Home - Soleil Marbella<\/title>\n<meta name=\"robots\" content=\"index, follow, max-snippet:-1, max-image-preview:large, max-video-preview:-1\" \/>\n<link rel=\"canonical\" href=\"https:\/\/soleil-marbella.com\/fr\/\" \/>\n<meta property=\"og:locale\" content=\"fr_FR\" \/>\n<meta property=\"og:type\" content=\"article\" \/>\n<meta property=\"og:title\" content=\"Home - Soleil Marbella\" \/>\n<meta property=\"og:url\" content=\"https:\/\/soleil-marbella.com\/fr\/\" \/>\n<meta property=\"og:site_name\" content=\"Soleil Marbella\" \/>\n<meta property=\"article:modified_time\" content=\"2025-06-26T14:51:19+00:00\" \/>\n<meta name=\"twitter:card\" content=\"summary_large_image\" \/>\n<meta name=\"twitter:label1\" content=\"Dur\u00e9e de lecture estim\u00e9e\" \/>\n\t<meta name=\"twitter:data1\" content=\"4 minutes\" \/>\n<script type=\"application\/ld+json\" class=\"yoast-schema-graph\">{\"@context\":\"https:\/\/schema.org\",\"@graph\":[{\"@type\":\"WebPage\",\"@id\":\"https:\/\/soleil-marbella.com\/\",\"url\":\"https:\/\/soleil-marbella.com\/\",\"name\":\"Home - Soleil Marbella\",\"isPartOf\":{\"@id\":\"https:\/\/soleil-marbella.com\/#website\"},\"datePublished\":\"2016-06-13T10:25:58+00:00\",\"dateModified\":\"2025-06-26T14:51:19+00:00\",\"breadcrumb\":{\"@id\":\"https:\/\/soleil-marbella.com\/#breadcrumb\"},\"inLanguage\":\"fr-FR\",\"potentialAction\":[{\"@type\":\"ReadAction\",\"target\":[\"https:\/\/soleil-marbella.com\/\"]}]},{\"@type\":\"BreadcrumbList\",\"@id\":\"https:\/\/soleil-marbella.com\/#breadcrumb\",\"itemListElement\":[{\"@type\":\"ListItem\",\"position\":1,\"name\":\"Home\",\"item\":\"https:\/\/soleil-marbella.com\/\"},{\"@type\":\"ListItem\",\"position\":2,\"name\":\"Home\"}]},{\"@type\":\"WebSite\",\"@id\":\"https:\/\/soleil-marbella.com\/#website\",\"url\":\"https:\/\/soleil-marbella.com\/\",\"name\":\"Soleil Marbella\",\"description\":\"Uitzonderlijk wonen in Marbella\",\"potentialAction\":[{\"@type\":\"SearchAction\",\"target\":{\"@type\":\"EntryPoint\",\"urlTemplate\":\"https:\/\/soleil-marbella.com\/?s={search_term_string}\"},\"query-input\":{\"@type\":\"PropertyValueSpecification\",\"valueRequired\":true,\"valueName\":\"search_term_string\"}}],\"inLanguage\":\"fr-FR\"}]}<\/script>\n<!-- \/ Yoast SEO plugin. -->","yoast_head_json":{"title":"Accueil - Soleil Marbella","robots":{"index":"index","follow":"follow","max-snippet":"max-snippet:-1","max-image-preview":"max-image-preview:large","max-video-preview":"max-video-preview:-1"},"canonical":"https:\/\/soleil-marbella.com\/fr\/","og_locale":"fr_FR","og_type":"article","og_title":"Home - Soleil Marbella","og_url":"https:\/\/soleil-marbella.com\/fr\/","og_site_name":"Soleil Marbella","article_modified_time":"2025-06-26T14:51:19+00:00","twitter_card":"summary_large_image","twitter_misc":{"Dur\u00e9e de lecture estim\u00e9e":"4 minutes"},"schema":{"@context":"https:\/\/schema.org","@graph":[{"@type":"WebPage","@id":"https:\/\/soleil-marbella.com\/","url":"https:\/\/soleil-marbella.com\/","name":"Accueil - Soleil Marbella","isPartOf":{"@id":"https:\/\/soleil-marbella.com\/#website"},"datePublished":"2016-06-13T10:25:58+00:00","dateModified":"2025-06-26T14:51:19+00:00","breadcrumb":{"@id":"https:\/\/soleil-marbella.com\/#breadcrumb"},"inLanguage":"fr-FR","potentialAction":[{"@type":"ReadAction","target":["https:\/\/soleil-marbella.com\/"]}]},{"@type":"BreadcrumbList","@id":"https:\/\/soleil-marbella.com\/#breadcrumb","itemListElement":[{"@type":"ListItem","position":1,"name":"Home","item":"https:\/\/soleil-marbella.com\/"},{"@type":"ListItem","position":2,"name":"Home"}]},{"@type":"WebSite","@id":"https:\/\/soleil-marbella.com\/#website","url":"https:\/\/soleil-marbella.com\/","name":"Soleil Marbella","description":"Une vie exceptionnelle \u00e0 Marbella","potentialAction":[{"@type":"SearchAction","target":{"@type":"EntryPoint","urlTemplate":"https:\/\/soleil-marbella.com\/?s={search_term_string}"},"query-input":{"@type":"PropertyValueSpecification","valueRequired":true,"valueName":"search_term_string"}}],"inLanguage":"fr-FR"}]}},"_links":{"self":[{"href":"https:\/\/soleil-marbella.com\/fr\/wp-json\/wp\/v2\/pages\/2786","targetHints":{"allow":["GET"]}}],"collection":[{"href":"https:\/\/soleil-marbella.com\/fr\/wp-json\/wp\/v2\/pages"}],"about":[{"href":"https:\/\/soleil-marbella.com\/fr\/wp-json\/wp\/v2\/types\/page"}],"author":[{"embeddable":true,"href":"https:\/\/soleil-marbella.com\/fr\/wp-json\/wp\/v2\/users\/1"}],"replies":[{"embeddable":true,"href":"https:\/\/soleil-marbella.com\/fr\/wp-json\/wp\/v2\/comments?post=2786"}],"version-history":[{"count":63,"href":"https:\/\/soleil-marbella.com\/fr\/wp-json\/wp\/v2\/pages\/2786\/revisions"}],"predecessor-version":[{"id":4322,"href":"https:\/\/soleil-marbella.com\/fr\/wp-json\/wp\/v2\/pages\/2786\/revisions\/4322"}],"wp:attachment":[{"href":"https:\/\/soleil-marbella.com\/fr\/wp-json\/wp\/v2\/media?parent=2786"}],"curies":[{"name":"wp","href":"https:\/\/api.w.org\/{rel}","templated":true}]}}