{"id":95,"date":"2022-01-27T10:58:29","date_gmt":"2022-01-27T10:58:29","guid":{"rendered":"http:\/\/cognito.mprinsdesign.nl\/?page_id=95"},"modified":"2025-06-26T14:48:22","modified_gmt":"2025-06-26T14:48:22","slug":"el-complejo","status":"publish","type":"page","link":"https:\/\/soleil-marbella.com\/es\/el-complejo\/","title":{"rendered":"Acerca de Soleil Marbella"},"content":{"rendered":"<section class=\"wpb-content-wrapper\"><div  class=\"content_row row page-content vc_row wpb_row  default-style fullwidth\" >\n\t\n\t<div class=\"content_row_wrapper  default\" >\n\t<div id=\"asdasd\" class=\"vc_col-sm-12 wpb_column vc_column_container\" >\n\t<div class=\"vc_column-inner\">\n\t\t<div class=\"wpb_wrapper\" >\n\t\t\t<div class=\"rt_heading_wrapper no-style\">\n\t\t\t\t\t\t<h1 class=\"rt_heading  no-style\"  style=\"font-size:24px;margin-top:24px;margin-bottom:0px;\">Soleil Marbella \u2013 <span class=\"after_h1\">Una vida excepcional en Marbella<\/span><\/h1> \n\t\t\t\t\t<\/div><div class=\"vc_empty_space\"   style=\"height: 32px\"><span class=\"vc_empty_space_inner\"><\/span><\/div>\n\t<div class=\"wpb_text_column wpb_content_element\" >\n\t\t<div class=\"wpb_wrapper\">\n\t\t\t<div class=\"\">\n<h2>Soleil Marbella \u2013 Altos de los Monteros<\/h2>\n<p><em>SOLEIL MARBELLA \u2013 un complejo residencial excepcional en Altos de los Monteros \u2013 Marbella.<\/em><\/p>\n<\/div>\n\n\t\t<\/div>\n\t<\/div>\n\n\t<div  class=\"wpb_single_image wpb_content_element vc_align_center\">\n\t\t\n\t\t<figure class=\"wpb_wrapper vc_figure\">\n\t\t\t<div class=\"vc_single_image-wrapper   vc_box_border_grey\"><img fetchpriority=\"high\" decoding=\"async\" width=\"2000\" height=\"1406\" src=\"https:\/\/soleil-marbella.com\/wp-content\/uploads\/sites\/50\/2025\/06\/Header-Soleil.png\" class=\"vc_single_image-img attachment-full\" alt=\"Soleil Marbella\" title=\"Encabezado-Soleil\" srcset=\"https:\/\/soleil-marbella.com\/wp-content\/uploads\/sites\/50\/2025\/06\/Header-Soleil.png 2000w, https:\/\/soleil-marbella.com\/wp-content\/uploads\/sites\/50\/2025\/06\/Header-Soleil-300x211.png 300w, https:\/\/soleil-marbella.com\/wp-content\/uploads\/sites\/50\/2025\/06\/Header-Soleil-1024x720.png 1024w, https:\/\/soleil-marbella.com\/wp-content\/uploads\/sites\/50\/2025\/06\/Header-Soleil-768x540.png 768w, https:\/\/soleil-marbella.com\/wp-content\/uploads\/sites\/50\/2025\/06\/Header-Soleil-1536x1080.png 1536w, https:\/\/soleil-marbella.com\/wp-content\/uploads\/sites\/50\/2025\/06\/Header-Soleil-18x12.png 18w\" sizes=\"(max-width: 2000px) 100vw, 2000px\" \/><\/div>\n\t\t<\/figure>\n\t<\/div>\n<div class=\"vc_btn3-container vc_btn3-center\" id=\"info\" ><a class=\"vc_general vc_btn3 vc_btn3-size-md vc_btn3-shape-square vc_btn3-style-modern vc_btn3-color-warning\" href=\"https:\/\/soleil-marbella.com\/es\/mas-informacion\/\" title=\"M\u00e1s informaci\u00f3n\">SOLICITAR PAQUETE DE INFORMACI\u00d3N<\/a><\/div>\n\t<div class=\"wpb_text_column wpb_content_element\" >\n\t\t<div class=\"wpb_wrapper\">\n\t\t\t<div class=\"\">\n<h3>Acerca de Soleil Marbella<\/h3>\n<p>Soleil Marbella es un moderno y exclusivo complejo residencial <strong>con 80 viviendas,<\/strong><br \/>\nDise\u00f1ado para proporcionar el equilibrio perfecto entre privacidad, comodidad y tranquilidad.<br \/>\nPara toda la familia.<\/p>\n<p><strong>Soleil ofrece apartamentos de 2 y 3 habitaciones.<\/strong>\u00a0, amplias terrazas y \u00e1ticos d\u00faplex con terraza y azotea. Los interiores de estas casas \u00fanicas sorprenden por su luminosidad y acabados de alta calidad.<\/p>\n<\/div>\n<div class=\"\">\n<p><strong>Zonas comunes exclusivas:<\/strong><br \/>\nLas \u00e1reas comunes est\u00e1n dise\u00f1adas para mejorar la calidad de vida. Disponen de piscina exterior y piscina cubierta climatizada, gimnasio, spa y ba\u00f1o turco, espacio de coworking y club social. Adem\u00e1s, dispone de una amplia terraza con bar donde podr\u00e1 disfrutar de una fant\u00e1stica vista al mar Mediterr\u00e1neo.<\/p>\n<\/div>\n\n\t\t<\/div>\n\t<\/div>\n<div class=\"vc_btn3-container vc_btn3-center\" ><a class=\"vc_general vc_btn3 vc_btn3-size-md vc_btn3-shape-square vc_btn3-style-modern vc_btn3-color-warning\" href=\"https:\/\/soleil-marbella.com\/es\/mas-informacion\/\" title=\"M\u00e1s informaci\u00f3n\">SOLICITAR PAQUETE DE INFORMACI\u00d3N<\/a><\/div>\n\t<div  class=\"wpb_single_image wpb_content_element vc_align_center\">\n\t\t\n\t\t<figure class=\"wpb_wrapper vc_figure\">\n\t\t\t<div class=\"vc_single_image-wrapper   vc_box_border_grey\"><img decoding=\"async\" width=\"2560\" height=\"1800\" src=\"https:\/\/soleil-marbella.com\/wp-content\/uploads\/sites\/50\/2022\/04\/SOLEIL-MARBELLA-POOL-view-scaled.png\" class=\"vc_single_image-img attachment-full\" alt=\"\" title=\"SOLEIL-MARBELLA-VISTA-PISCINA\" srcset=\"https:\/\/soleil-marbella.com\/wp-content\/uploads\/sites\/50\/2022\/04\/SOLEIL-MARBELLA-POOL-view-scaled.png 2560w, https:\/\/soleil-marbella.com\/wp-content\/uploads\/sites\/50\/2022\/04\/SOLEIL-MARBELLA-POOL-view-300x211.png 300w, https:\/\/soleil-marbella.com\/wp-content\/uploads\/sites\/50\/2022\/04\/SOLEIL-MARBELLA-POOL-view-1024x720.png 1024w, https:\/\/soleil-marbella.com\/wp-content\/uploads\/sites\/50\/2022\/04\/SOLEIL-MARBELLA-POOL-view-768x540.png 768w, https:\/\/soleil-marbella.com\/wp-content\/uploads\/sites\/50\/2022\/04\/SOLEIL-MARBELLA-POOL-view-1536x1080.png 1536w\" sizes=\"(max-width: 2560px) 100vw, 2560px\" \/><\/div>\n\t\t<\/figure>\n\t<\/div>\n\n\t<div class=\"wpb_text_column wpb_content_element\" >\n\t\t<div class=\"wpb_wrapper\">\n\t\t\t<div class=\"\">\n<h3>Solicitar disponibilidad y lista de precios<\/h3>\n<ul>\n<li>Junio de 2025 \u2013 precios desde 605.000 \u20ac<\/li>\n<li>Para conocer las viviendas disponibles y los precios actuales, solicite el paquete de informaci\u00f3n.<\/li>\n<\/ul>\n<\/div>\n\n\t\t<\/div>\n\t<\/div>\n<div class=\"vc_btn3-container vc_btn3-center\" ><a class=\"vc_general vc_btn3 vc_btn3-size-md vc_btn3-shape-square vc_btn3-style-modern vc_btn3-color-warning\" href=\"https:\/\/soleil-marbella.com\/es\/mas-informacion\/\" title=\"M\u00e1s informaci\u00f3n\">SOLICITAR PAQUETE DE INFORMACI\u00d3N<\/a><\/div>\n\t<div class=\"wpb_raw_code wpb_content_element wpb_raw_html cdm-youtube-video\" >\n\t\t<div class=\"wpb_wrapper\">\n\t\t\t<iframe width=\"560\" height=\"315\" src=\"https:\/\/www.youtube.com\/embed\/2WoFdSME4Gc?si=3ukSTnKRVR8IzeIJ\" title=\"Reproductor de v\u00eddeo de YouTube\" frameborder=\"0\" allow=\"accelerometer; autoplay; clipboard-write; encrypted-media; gyroscope; picture-in-picture; web-share\" referrerpolicy=\"strict-origin-when-cross-origin\" allowfullscreen><\/iframe>\n\t\t<\/div>\n\t<\/div>\n\n\t\t<\/div>\n\t<\/div>\n\t<\/div>\n\n<\/div>\n<\/div>\n\n<div  class=\"content_row row page-content vc_row wpb_row  default-style fullwidth\" style=\"background-color: #bbac8c;\">\n\t\n\t<div class=\"content_row_wrapper  default\" >\n\t<div id=\"asdasd\" class=\"vc_col-sm-12 wpb_column vc_column_container\" >\n\t<div class=\"vc_column-inner\">\n\t\t<div class=\"wpb_wrapper\" >\n\t\t\t<div class=\"rt_heading_wrapper no-style\">\n\t\t\t\t\t\t<h1 class=\"rt_heading  no-style\"  style=\"font-size:24px;margin-top:24px;margin-bottom:0px;\">Caracter\u00edsticas - <span class=\"after_h1 white\">Soleil Marbella<\/span><\/h1> \n\t\t\t\t\t<\/div><div class=\"vc_empty_space\"   style=\"height: 32px\"><span class=\"vc_empty_space_inner\"><\/span><\/div><div class=\"vc_separator wpb_content_element vc_separator_align_center vc_sep_width_100 vc_sep_style-4 vc_sep_pos_align_center vc_separator_no_text vc_sep_color_grey\" ><span class=\"vc_sep_holder vc_sep_holder_l\"><span class=\"vc_sep_line\"><\/span><\/span><span class=\"vc_sep_holder vc_sep_holder_r\"><span class=\"vc_sep_line\"><\/span><\/span>\n<\/div>\n\t<div class=\"wpb_text_column wpb_content_element\" >\n\t\t<div class=\"wpb_wrapper\">\n\t\t\t\t \n\t\t<div  class=\"bullet-list style-1  check\">\n\t\t<ul>\n<li>en la exclusiva zona Altos de Monteros<\/li>\n<li>Piscina al aire libre y piscina cubierta climatizada<\/li>\n<li>Apartamentos de 2 o 3 habitaciones<\/li>\n<li>terrazas muy espaciosas<\/li>\n<li>un spa y ba\u00f1o turco<\/li>\n<li>una sala de fitness<\/li>\n<li>un espacio de coworking<\/li>\n<li>club social<\/li>\n<\/ul>\n\n\t\t<\/div>\n\t\n\n\t\t<\/div>\n\t<\/div>\n\n\t\t<\/div>\n\t<\/div>\n\t<\/div>\n\n<\/div>\n<\/div>\n\n<div  class=\"content_row row quote-row vc_row wpb_row  default-style fullwidth\" style=\"background-color: #fcfcfc;\">\n\t\n\t<div class=\"content_row_wrapper  fullwidth\" >\n\t<div id=\"asdasd\" class=\"vc_col-sm-12 wpb_column vc_column_container vc_custom_1644925648982\" >\n\t<div class=\"vc_column-inner\">\n\t\t<div class=\"wpb_wrapper\" >\n\t\t\t<div class=\"rt_heading_wrapper style-3\">\n\t\t\t\t\t\t<h4 class=\"rt_heading serif quote-max-width style-3\" >Paquete informativo Soleil Marbella <a href=\"https:\/\/soleil-marbella.com\/es\/mas-informacion\/\"> Solicitar el paquete de informaci\u00f3n <\/a><\/h4> \n\t\t\t\t\t<\/div>\n\t\t<\/div>\n\t<\/div>\n\t<\/div>\n\n<\/div>\n<\/div>\n\n<div  class=\"content_row row vc_row wpb_row  default-style fullwidth\" >\n\t\n\t<div class=\"content_row_wrapper  default\" >\n\t<div id=\"asdasd\" class=\"vc_col-sm-12 wpb_column vc_column_container\" >\n\t<div class=\"vc_column-inner\">\n\t\t<div class=\"wpb_wrapper\" >\n\t\t\t<div class=\"vc_btn3-container vc_btn3-center\" ><a class=\"vc_general vc_btn3 vc_btn3-size-md vc_btn3-shape-square vc_btn3-style-modern vc_btn3-color-warning\" href=\"https:\/\/soleil-marbella.com\/es\/mas-informacion\/\" title=\"M\u00e1s informaci\u00f3n\">SOLICITAR PAQUETE DE INFORMACI\u00d3N<\/a><\/div>\n\t\t<\/div>\n\t<\/div>\n\t<\/div>\n\n<\/div>\n<\/div>\n\n<div  class=\"content_row row vc_row wpb_row  default-style fullwidth\" >\n\t\n\t<div class=\"content_row_wrapper  default\" >\n\t<div id=\"asdasd\" class=\"vc_col-sm-12 wpb_column vc_column_container\" >\n\t<div class=\"vc_column-inner\">\n\t\t<div class=\"wpb_wrapper\" >\n\t\t\t\n\t\t<\/div>\n\t<\/div>\n\t<\/div>\n\n<\/div>\n<\/div>\n<\/section>","protected":false},"excerpt":{"rendered":"<p>\u2026 <a class=\"more-link\" href=\"https:\/\/soleil-marbella.com\/es\/el-complejo\/\">sigue leyendo<\/a><\/p>","protected":false},"author":1,"featured_media":4220,"parent":0,"menu_order":3,"comment_status":"closed","ping_status":"closed","template":"","meta":{"footnotes":""},"class_list":["post-95","page","type-page","status-publish","has-post-thumbnail","hentry"],"yoast_head":"<!-- This site is optimized with the Yoast SEO plugin v26.0 - https:\/\/yoast.com\/wordpress\/plugins\/seo\/ -->\n<title>Over Soleil Marbella - Soleil Marbella<\/title>\n<meta name=\"robots\" content=\"index, follow, max-snippet:-1, max-image-preview:large, max-video-preview:-1\" \/>\n<link rel=\"canonical\" href=\"https:\/\/soleil-marbella.com\/es\/el-complejo\/\" \/>\n<meta property=\"og:locale\" content=\"es_ES\" \/>\n<meta property=\"og:type\" content=\"article\" \/>\n<meta property=\"og:title\" content=\"Over Soleil Marbella - Soleil Marbella\" \/>\n<meta property=\"og:url\" content=\"https:\/\/soleil-marbella.com\/es\/el-complejo\/\" \/>\n<meta property=\"og:site_name\" content=\"Soleil Marbella\" \/>\n<meta property=\"article:modified_time\" content=\"2025-06-26T14:48:22+00:00\" \/>\n<meta property=\"og:image\" content=\"https:\/\/soleil-marbella.com\/wp-content\/uploads\/sites\/50\/2022\/10\/SOLEIL-MARBELLA-view-1024x720.png\" \/>\n\t<meta property=\"og:image:width\" content=\"1024\" \/>\n\t<meta property=\"og:image:height\" content=\"720\" \/>\n\t<meta property=\"og:image:type\" content=\"image\/png\" \/>\n<meta name=\"twitter:card\" content=\"summary_large_image\" \/>\n<meta name=\"twitter:label1\" content=\"Tiempo de lectura\" \/>\n\t<meta name=\"twitter:data1\" content=\"3 minutos\" \/>\n<script type=\"application\/ld+json\" class=\"yoast-schema-graph\">{\"@context\":\"https:\/\/schema.org\",\"@graph\":[{\"@type\":\"WebPage\",\"@id\":\"https:\/\/soleil-marbella.com\/het-complex\/\",\"url\":\"https:\/\/soleil-marbella.com\/het-complex\/\",\"name\":\"Over Soleil Marbella - Soleil Marbella\",\"isPartOf\":{\"@id\":\"https:\/\/soleil-marbella.com\/#website\"},\"primaryImageOfPage\":{\"@id\":\"https:\/\/soleil-marbella.com\/het-complex\/#primaryimage\"},\"image\":{\"@id\":\"https:\/\/soleil-marbella.com\/het-complex\/#primaryimage\"},\"thumbnailUrl\":\"https:\/\/soleil-marbella.com\/wp-content\/uploads\/sites\/50\/2022\/10\/SOLEIL-MARBELLA-view-scaled.png\",\"datePublished\":\"2022-01-27T10:58:29+00:00\",\"dateModified\":\"2025-06-26T14:48:22+00:00\",\"breadcrumb\":{\"@id\":\"https:\/\/soleil-marbella.com\/het-complex\/#breadcrumb\"},\"inLanguage\":\"es\",\"potentialAction\":[{\"@type\":\"ReadAction\",\"target\":[\"https:\/\/soleil-marbella.com\/het-complex\/\"]}]},{\"@type\":\"ImageObject\",\"inLanguage\":\"es\",\"@id\":\"https:\/\/soleil-marbella.com\/het-complex\/#primaryimage\",\"url\":\"https:\/\/soleil-marbella.com\/wp-content\/uploads\/sites\/50\/2022\/10\/SOLEIL-MARBELLA-view-scaled.png\",\"contentUrl\":\"https:\/\/soleil-marbella.com\/wp-content\/uploads\/sites\/50\/2022\/10\/SOLEIL-MARBELLA-view-scaled.png\",\"width\":2560,\"height\":1800},{\"@type\":\"BreadcrumbList\",\"@id\":\"https:\/\/soleil-marbella.com\/het-complex\/#breadcrumb\",\"itemListElement\":[{\"@type\":\"ListItem\",\"position\":1,\"name\":\"Home\",\"item\":\"https:\/\/soleil-marbella.com\/\"},{\"@type\":\"ListItem\",\"position\":2,\"name\":\"Over Soleil Marbella\"}]},{\"@type\":\"WebSite\",\"@id\":\"https:\/\/soleil-marbella.com\/#website\",\"url\":\"https:\/\/soleil-marbella.com\/\",\"name\":\"Soleil Marbella\",\"description\":\"Uitzonderlijk wonen in Marbella\",\"potentialAction\":[{\"@type\":\"SearchAction\",\"target\":{\"@type\":\"EntryPoint\",\"urlTemplate\":\"https:\/\/soleil-marbella.com\/?s={search_term_string}\"},\"query-input\":{\"@type\":\"PropertyValueSpecification\",\"valueRequired\":true,\"valueName\":\"search_term_string\"}}],\"inLanguage\":\"es\"}]}<\/script>\n<!-- \/ Yoast SEO plugin. -->","yoast_head_json":{"title":"Acerca de Soleil Marbella - Soleil Marbella","robots":{"index":"index","follow":"follow","max-snippet":"max-snippet:-1","max-image-preview":"max-image-preview:large","max-video-preview":"max-video-preview:-1"},"canonical":"https:\/\/soleil-marbella.com\/es\/el-complejo\/","og_locale":"es_ES","og_type":"article","og_title":"Over Soleil Marbella - Soleil Marbella","og_url":"https:\/\/soleil-marbella.com\/es\/el-complejo\/","og_site_name":"Soleil Marbella","article_modified_time":"2025-06-26T14:48:22+00:00","og_image":[{"width":1024,"height":720,"url":"https:\/\/soleil-marbella.com\/wp-content\/uploads\/sites\/50\/2022\/10\/SOLEIL-MARBELLA-view-1024x720.png","type":"image\/png"}],"twitter_card":"summary_large_image","twitter_misc":{"Tiempo de lectura":"3 minutos"},"schema":{"@context":"https:\/\/schema.org","@graph":[{"@type":"WebPage","@id":"https:\/\/soleil-marbella.com\/het-complex\/","url":"https:\/\/soleil-marbella.com\/het-complex\/","name":"Acerca de Soleil Marbella - Soleil Marbella","isPartOf":{"@id":"https:\/\/soleil-marbella.com\/#website"},"primaryImageOfPage":{"@id":"https:\/\/soleil-marbella.com\/het-complex\/#primaryimage"},"image":{"@id":"https:\/\/soleil-marbella.com\/het-complex\/#primaryimage"},"thumbnailUrl":"https:\/\/soleil-marbella.com\/wp-content\/uploads\/sites\/50\/2022\/10\/SOLEIL-MARBELLA-view-scaled.png","datePublished":"2022-01-27T10:58:29+00:00","dateModified":"2025-06-26T14:48:22+00:00","breadcrumb":{"@id":"https:\/\/soleil-marbella.com\/het-complex\/#breadcrumb"},"inLanguage":"es","potentialAction":[{"@type":"ReadAction","target":["https:\/\/soleil-marbella.com\/het-complex\/"]}]},{"@type":"ImageObject","inLanguage":"es","@id":"https:\/\/soleil-marbella.com\/het-complex\/#primaryimage","url":"https:\/\/soleil-marbella.com\/wp-content\/uploads\/sites\/50\/2022\/10\/SOLEIL-MARBELLA-view-scaled.png","contentUrl":"https:\/\/soleil-marbella.com\/wp-content\/uploads\/sites\/50\/2022\/10\/SOLEIL-MARBELLA-view-scaled.png","width":2560,"height":1800},{"@type":"BreadcrumbList","@id":"https:\/\/soleil-marbella.com\/het-complex\/#breadcrumb","itemListElement":[{"@type":"ListItem","position":1,"name":"Home","item":"https:\/\/soleil-marbella.com\/"},{"@type":"ListItem","position":2,"name":"Over Soleil Marbella"}]},{"@type":"WebSite","@id":"https:\/\/soleil-marbella.com\/#website","url":"https:\/\/soleil-marbella.com\/","name":"Soleil Marbella","description":"Una vida excepcional en Marbella","potentialAction":[{"@type":"SearchAction","target":{"@type":"EntryPoint","urlTemplate":"https:\/\/soleil-marbella.com\/?s={search_term_string}"},"query-input":{"@type":"PropertyValueSpecification","valueRequired":true,"valueName":"search_term_string"}}],"inLanguage":"es"}]}},"_links":{"self":[{"href":"https:\/\/soleil-marbella.com\/es\/wp-json\/wp\/v2\/pages\/95","targetHints":{"allow":["GET"]}}],"collection":[{"href":"https:\/\/soleil-marbella.com\/es\/wp-json\/wp\/v2\/pages"}],"about":[{"href":"https:\/\/soleil-marbella.com\/es\/wp-json\/wp\/v2\/types\/page"}],"author":[{"embeddable":true,"href":"https:\/\/soleil-marbella.com\/es\/wp-json\/wp\/v2\/users\/1"}],"replies":[{"embeddable":true,"href":"https:\/\/soleil-marbella.com\/es\/wp-json\/wp\/v2\/comments?post=95"}],"version-history":[{"count":77,"href":"https:\/\/soleil-marbella.com\/es\/wp-json\/wp\/v2\/pages\/95\/revisions"}],"predecessor-version":[{"id":4321,"href":"https:\/\/soleil-marbella.com\/es\/wp-json\/wp\/v2\/pages\/95\/revisions\/4321"}],"wp:featuredmedia":[{"embeddable":true,"href":"https:\/\/soleil-marbella.com\/es\/wp-json\/wp\/v2\/media\/4220"}],"wp:attachment":[{"href":"https:\/\/soleil-marbella.com\/es\/wp-json\/wp\/v2\/media?parent=95"}],"curies":[{"name":"wp","href":"https:\/\/api.w.org\/{rel}","templated":true}]}}