{"id":2786,"date":"2016-06-13T10:25:58","date_gmt":"2016-06-13T10:25:58","guid":{"rendered":"http:\/\/nixe-demo1.rtthemes.com\/?page_id=2786"},"modified":"2025-06-26T14:51:19","modified_gmt":"2025-06-26T14:51:19","slug":"home","status":"publish","type":"page","link":"https:\/\/soleil-marbella.com\/es\/","title":{"rendered":"Hogar"},"content":{"rendered":"<section class=\"wpb-content-wrapper\"><div  class=\"content_row row vc_row wpb_row  default-style fullwidth\" >\n\t\n\t<div class=\"content_row_wrapper nopadding fullwidth\" >\n\t<div id=\"asdasd\" class=\"vc_col-sm-12 wpb_column vc_column_container nopadding\" >\n\t<div class=\"vc_column-inner\">\n\t\t<div class=\"wpb_wrapper\" >\n\t\t\t<div id=\"content-slider-450894\" class=\"rt-carousel main-carousel carousel-holder clearfix\" data-item-width=\"1\" data-mobile-height=\"350\" data-nav=\"true\" data-dots=\"\" data-parallax=\"true\" data-timeout=\"15000\" data-autoplay=\"true\">\n<div class=\"owl-carousel\">\n\n\t\t<div class=\"item has-bg-image  global-style\" style=\"min-height: 700px;\">\n\t\t\t<a href=\"\/es\/mas-informacion\/\" target=\"_self\" title=\"\"><\/a>\n\t\t\t \n\t\t\t\t\t\t<div class=\"slide-content-wrapper fullwidth clearfix\" style=\"min-height: 700px;\">\n\t\t\t\t\t\t\t<div class=\"slide-content  left text-center\" style=\"width: 50%;background-color: #ffffff;\">\t\t\t\n\t\t\t\t\t\t\t\t<h2 class=\"slide_heading\" style=\"font-size:24px; line-height:32px\" data-mobile-value=\"28\" data-mobile-line-height=\"1.5\">Soleil Marbella<\/h2>\n\t\t\t\t\t\t\t\t<span class=\"slide_sub_heading secondary-font\"    data-mobile-value=\"22\" data-mobile-line-height=\"1\">Altos de los Monteros - Marbella<\/span>\n\t\t\t\t\t\t\t\t<div class=\"slide-text\"><p>Abril 2025 \u2013 \u00a1Comienzan las ventas! El prestigioso proyecto Soleil Marbella en la zona de Altos de los Monteros. Un moderno y exclusivo complejo residencial de 80 viviendas, dise\u00f1ado para ofrecer el equilibrio perfecto entre privacidad, confort y tranquilidad para toda la familia.<\/p>\n<\/div>\n\t\t\t\t\t\t\t\t\n\t\t\t\t\t\t\t\t\n\t\t\t\t\t\t\t<\/div>\n\t\t\t\t\t\t<\/div> \n\t\t\t\t\n\t\t\t<div class=\"slide-background\" style=\"background-image: url(https:\/\/soleil-marbella.com\/wp-content\/uploads\/sites\/50\/2025\/06\/Header-Soleil.png);background-repeat: no-repeat;background-size: cover;background-position: center center;\"><\/div>\n\t\t<\/div><\/div>\n\n<\/div>\n\n\t\t<\/div>\n\t<\/div>\n\t<\/div>\n\n<\/div>\n<\/div>\n\n<div  class=\"content_row row cta-slider vc_row wpb_row  default-style fullwidth\" >\n\t\n\t<div class=\"content_row_wrapper  fullwidth\" style=\"padding-top:0px;padding-bottom:0px;\">\n\t<div id=\"asdasd\" class=\"vc_col-sm-6 vc_col-md-offset-9 vc_col-md-3 vc_col-sm-offset-6 vc_col-xs-12 wpb_column vc_column_container alt-style-1 has-custom-margin has-nmargin\" style=\"margin-top:-107px;\">\n\t<div class=\"vc_column-inner\" style=\"padding-top:20px;padding-bottom:20px;padding-left:20px;padding-right:20px;\">\n\t\t<div class=\"wpb_wrapper\" >\n\t\t\t<div class=\"button_wrapper align hero\"><a  href=\"\/es\/mas-informacion\/\" target=\"_self\" title=\"Libro\" class=\"button_  style-3 hero\">M\u00e1s informaci\u00f3n<\/a><\/div>\n\t\t<\/div>\n\t<\/div>\n\t<\/div>\n\n<\/div>\n<\/div>\n\n<div id=\"highlights\" class=\"content_row row vc_row wpb_row  default-style fullwidth fixed_heights rt-flex-wrapper has-custom-margin border-top\" style=\"margin-top:40px;\">\n\t\n\t<div class=\"content_row_wrapper  fullwidth\" style=\"padding-top:20px;padding-bottom:20px;\"><div id=\"asdasd\" class=\"vc_col-sm-3 wpb_column vc_column_container border-right mobile-border-bottom custom_bg\" >\n\t<div class=\"vc_column-inner\" style=\"padding-top:30px;padding-bottom:30px;background-color: rgba(255,255,255,0.1);\">\n\t\t<div class=\"wpb_wrapper\" >\n\t\t\t<article  class=\"icon-content-box content-box icon-top icon-style-1\"><div class=\"icon-holder\"><span class=\"icon-line-globe\"><\/span><\/div><div class=\"text-holder\"><h3 class=\"heading\">Apartamentos con estilo<\/h3> <p class=\"aligncenter\"><strong>Soleil ofrece apartamentos de 2 y 3 habitaciones.<\/strong>, amplias terrazas y \u00e1ticos d\u00faplex con terraza y azotea. Los interiores de estas casas \u00fanicas sorprenden por su luminosidad y acabados de alta calidad.<\/p>\n<p class=\"aligncenter\">&nbsp;<\/p>\n<p class=\"aligncenter\"><a href=\"https:\/\/soleil-marbella.com\/es\/mas-informacion\/\"><strong>Solicitar paquete de informaci\u00f3n &gt;&gt;&gt;<\/strong><\/a><\/p>\n<\/div><\/article>\n\t\t<\/div>\n\t<\/div>\n\t<\/div>\n\n\t<div id=\"asdasd\" class=\"vc_col-sm-3 wpb_column vc_column_container border-right mobile-border-bottom\" >\n\t<div class=\"vc_column-inner\" style=\"padding-top:30px;padding-bottom:30px;\">\n\t\t<div class=\"wpb_wrapper\" >\n\t\t\t<article  class=\"icon-content-box content-box icon-top icon-style-1\"><div class=\"icon-holder\"><span class=\"he icon-line-umbrella icon-new-heart-1\"><\/span><\/div><div class=\"text-holder\"><h3 class=\"heading\">\u00c1reas comunes exclusivas<\/h3> <p class=\"aligncenter\">Las \u00e1reas comunes est\u00e1n dise\u00f1adas para mejorar la calidad de vida. Disponen de piscina exterior y piscina cubierta climatizada, gimnasio, spa y ba\u00f1o turco, espacio de coworking y club social.<\/p>\n<p class=\"aligncenter\">&nbsp;<\/p>\n<p class=\"aligncenter\"><a href=\"https:\/\/soleil-marbella.com\/es\/mas-informacion\/\"><strong>Solicitar paquete de informaci\u00f3n &gt;&gt;&gt;<\/strong><\/a><\/p>\n<\/div><\/article>\n\t\t<\/div>\n\t<\/div>\n\t<\/div>\n\n\t<div id=\"asdasd\" class=\"vc_col-sm-3 wpb_column vc_column_container border-right mobile-border-bottom custom_bg\" >\n\t<div class=\"vc_column-inner\" style=\"padding-top:30px;padding-bottom:30px;background-color: rgba(255,255,255,0.1);\">\n\t\t<div class=\"wpb_wrapper\" >\n\t\t\t<article  class=\"icon-content-box content-box icon-top icon-style-1\"><div class=\"icon-holder\"><span class=\"icon-golf\"><\/span><\/div><div class=\"text-holder\"><h3 class=\"heading\">Sobre Altos de Los Monteros - Marbella<\/h3> <p class=\"aligncenter\">Altos de Los Monteros es una exclusiva zona residencial situada en las colinas al este de Marbella. Conocida por sus espectaculares vistas panor\u00e1micas al mar Mediterr\u00e1neo y a la monta\u00f1a, ofrece principalmente villas y apartamentos de lujo en un entorno tranquilo, verde y seguro con mucha privacidad.<\/p>\n<p class=\"aligncenter\">&nbsp;<\/p>\n<p class=\"aligncenter\"><strong><a href=\"https:\/\/soleil-marbella.com\/es\/mas-informacion\/\">Solicite el paquete de informaci\u00f3n &gt;&gt;&gt;<\/a><\/strong><\/p>\n<\/div><\/article>\n\t\t<\/div>\n\t<\/div>\n\t<\/div>\n\n\t<div id=\"asdasd\" class=\"vc_col-sm-3 wpb_column vc_column_container mobile-border-bottom\" >\n\t<div class=\"vc_column-inner\" style=\"padding-top:30px;padding-bottom:30px;padding-left:30px;padding-right:30px;\">\n\t\t<div class=\"wpb_wrapper\" >\n\t\t\t<article  class=\"icon-content-box content-box icon-top icon-style-1\"><div class=\"icon-holder\"><span class=\"icon-star-empty-1\"><\/span><\/div><div class=\"text-holder\"><h3 class=\"heading\">Solicitar viviendas disponibles y precios<\/h3> <div class=\"Z26q7c UK95Uc VGXe8\" data-content-feature=\"1\">\n<div class=\"VwiC3b yXK7lf MUxGbd yDYNvb lyLwlc\">\n<p class=\"aligncenter\">Solicite el dossier informativo con datos detallados como especificaciones de calidad, folletos, planos de planificaci\u00f3n y de planta, etc. Junio 2024 \u2013 precios desde 605.000 \u20ac<\/p>\n<p class=\"aligncenter\"><strong><a href=\"https:\/\/soleil-marbella.com\/es\/mas-informacion\/\">Solicitar paquete de informaci\u00f3n &gt;&gt;&gt;<\/a><\/strong><\/p>\n<\/div>\n<\/div>\n<div class=\"Z26q7c UK95Uc VGXe8\" data-content-feature=\"2\">\n<div class=\"fG8Fp uo4vr\"><\/div>\n<\/div>\n<\/div><\/article>\n\t\t<\/div>\n\t<\/div>\n\t<\/div>\n<\/div>\n<\/div>\n\n<div  class=\"content_row row quote-row vc_row wpb_row  default-style fullwidth has-custom-margin has-custom-margin\" style=\"margin-bottom:50px;background-color: #fcfcfc;\">\n\t\n\t<div class=\"content_row_wrapper  fullwidth\" >\n\t<div id=\"asdasd\" class=\"vc_col-sm-12 wpb_column vc_column_container vc_custom_1644925648982\" >\n\t<div class=\"vc_column-inner\">\n\t\t<div class=\"wpb_wrapper\" >\n\t\t\t<div class=\"rt_heading_wrapper style-3\">\n\t\t\t\t\t\t<h4 class=\"rt_heading serif style-3\" >Comenzaron las ventas de Soleil Marbella: oportunidad de tener la primera opci\u00f3n en este hermoso proyecto. <\/h4> \n\t\t\t\t\t<\/div>\n\t\t<\/div>\n\t<\/div>\n\t<\/div>\n\n<\/div>\n<\/div>\n\n<div  class=\"content_row row room-list vc_row wpb_row  default-style fullwidth\" >\n\t\n\t<div class=\"content_row_wrapper  fullwidth\" >\n\t<div id=\"asdasd\" class=\"vc_col-sm-12 wpb_column vc_column_container\" >\n\t<div class=\"vc_column-inner\">\n\t\t<div class=\"wpb_wrapper\" >\n\t\t\t\n\t<div class=\"wpb_text_column wpb_content_element  vc_custom_1648208307727\" >\n\t\t<div class=\"wpb_wrapper\">\n\t\t\t<div class=\"rt-gallery clearfix grid4fotos fixed_heights animated-layout\">\n\t<div class=\"row clearfix\">\n\t\t\n\n\t\t<div class=\"col col-sm-3 col-xs-12 col-fotos\">\n\t\t\t<!-- room info -->\n\n\t\t\t<div class=\"room-info has-bg-image gallery-item-holder\"\n\t\t\t\t data-thumbnail=\"https:\/\/soleil-marbella.com\/wp-content\/uploads\/sites\/50\/2022\/10\/SOLEIL-MARBELLA-view-scaled.png\"\n\t\t\t\t data-min-height=\"350\" style=\"min-height: 350px;\">\n\n\t\t\t\t<div class=\"room-info-wrapper\" style=\"top: calc(50% - 175px);\">\n\n\t\t\t\t\t<!-- title-->\n\t\t\t\t\t<h5 class=\"room-title\"><a href=\"https:\/\/soleil-marbella.com\/wp-content\/uploads\/sites\/50\/2022\/10\/SOLEIL-MARBELLA-view-scaled.png\" title=\"Soleil Marbella\" rel=\"bookmark\">Soleil Marbella<\/a><\/h5>\n\n\t\t\t\t\t<!-- text-->\n\t\t\t\t\t<p><a id=\"\" class=\"imgeffect zoom rt_lightbox\" data-gal-id=\"\" data-rel=\"rt_lightbox\"\n\t\t\t\t\t\t  title=\"Ampliar imagen\" data-title=\"Soleil Marbella\" data-sub-html=\"\" data-src=\"\" data-width=\"\"\n\t\t\t\t\t\t  data-height=\"\" data-poster=\"\" data-autoplay=\"\" data-audiotitle=\"\" data-download-url=\"false\"\n\t\t\t\t\t\t  href=\"https:\/\/soleil-marbella.com\/wp-content\/uploads\/sites\/50\/2022\/10\/SOLEIL-MARBELLA-view-scaled.png\">Ver foto<\/a><\/p>\n\t\t\t\t\t<!-- key features -->\n\n\n\t\t\t\t\t<!-- button -->\n\t\t\t\t\t<a class=\"button_ style-2 small margin-t30\"\n\t\t\t\t\t   href=\"https:\/\/soleil-marbella.com\/wp-content\/uploads\/sites\/50\/2022\/10\/SOLEIL-MARBELLA-view-scaled.png\" title=\"Soleil Marbella\"><span class=\"icon-angle-right\"><\/span>m\u00e1s detalles<\/a>\n\n\n\t\t\t\t<\/div>\n\t\t\t\t<!--\/ end .room-info-wrapper -->\n\n\n\t\t\t\t<!-- single title-->\n\t\t\t\t<div class=\"room-single-title\">Soleil Marbella<\/div>\n\n\t\t\t\t<!-- overlay background -->\n\t\t\t\t<div class=\"room-bg-ovelay\"\n\t\t\t\t\t style=\"background-image: url(&quot;https:\/\/soleil-marbella.com\/wp-content\/uploads\/sites\/50\/2022\/10\/SOLEIL-MARBELLA-view-scaled.png&quot;);\">\n\t\t\t\t<\/div>\n\n\t\t\t<\/div>\n\t\t\t<!--\/ end .room-info -->\n\t\t<\/div>\n\n\t\t\n\n\t\t<div class=\"col col-sm-3 col-xs-12 col-fotos\">\n\t\t\t<!-- room info -->\n\n\t\t\t<div class=\"room-info has-bg-image gallery-item-holder\"\n\t\t\t\t data-thumbnail=\"https:\/\/soleil-marbella.com\/wp-content\/uploads\/sites\/50\/2025\/04\/SOLEIL-MARBELLA-NIGHTVIEW.png\"\n\t\t\t\t data-min-height=\"350\" style=\"min-height: 350px;\">\n\n\t\t\t\t<div class=\"room-info-wrapper\" style=\"top: calc(50% - 175px);\">\n\n\t\t\t\t\t<!-- title-->\n\t\t\t\t\t<h5 class=\"room-title\"><a href=\"https:\/\/soleil-marbella.com\/wp-content\/uploads\/sites\/50\/2025\/04\/SOLEIL-MARBELLA-NIGHTVIEW.png\" title=\"Soleil Marbella de noche\" rel=\"bookmark\">Soleil Marbella de noche<\/a><\/h5>\n\n\t\t\t\t\t<!-- text-->\n\t\t\t\t\t<p><a id=\"\" class=\"imgeffect zoom rt_lightbox\" data-gal-id=\"\" data-rel=\"rt_lightbox\"\n\t\t\t\t\t\t  title=\"Ampliar imagen\" data-title=\"Soleil Marbella by night\" data-sub-html=\"\" data-src=\"\" data-width=\"\"\n\t\t\t\t\t\t  data-height=\"\" data-poster=\"\" data-autoplay=\"\" data-audiotitle=\"\" data-download-url=\"false\"\n\t\t\t\t\t\t  href=\"https:\/\/soleil-marbella.com\/wp-content\/uploads\/sites\/50\/2025\/04\/SOLEIL-MARBELLA-NIGHTVIEW.png\">Ver foto<\/a><\/p>\n\t\t\t\t\t<!-- key features -->\n\n\n\t\t\t\t\t<!-- button -->\n\t\t\t\t\t<a class=\"button_ style-2 small margin-t30\"\n\t\t\t\t\t   href=\"https:\/\/soleil-marbella.com\/wp-content\/uploads\/sites\/50\/2025\/04\/SOLEIL-MARBELLA-NIGHTVIEW.png\" title=\"Soleil Marbella de noche\"><span class=\"icon-angle-right\"><\/span>m\u00e1s detalles<\/a>\n\n\n\t\t\t\t<\/div>\n\t\t\t\t<!--\/ end .room-info-wrapper -->\n\n\n\t\t\t\t<!-- single title-->\n\t\t\t\t<div class=\"room-single-title\">Soleil Marbella de noche<\/div>\n\n\t\t\t\t<!-- overlay background -->\n\t\t\t\t<div class=\"room-bg-ovelay\"\n\t\t\t\t\t style=\"background-image: url(&quot;https:\/\/soleil-marbella.com\/wp-content\/uploads\/sites\/50\/2025\/04\/SOLEIL-MARBELLA-NIGHTVIEW.png&quot;);\">\n\t\t\t\t<\/div>\n\n\t\t\t<\/div>\n\t\t\t<!--\/ end .room-info -->\n\t\t<\/div>\n\n\t\t\n\n\t\t<div class=\"col col-sm-3 col-xs-12 col-fotos\">\n\t\t\t<!-- room info -->\n\n\t\t\t<div class=\"room-info has-bg-image gallery-item-holder\"\n\t\t\t\t data-thumbnail=\"https:\/\/soleil-marbella.com\/wp-content\/uploads\/sites\/50\/2025\/04\/SOLEIL-MARBELLA-SEAVIEW-scaled.png\"\n\t\t\t\t data-min-height=\"350\" style=\"min-height: 350px;\">\n\n\t\t\t\t<div class=\"room-info-wrapper\" style=\"top: calc(50% - 175px);\">\n\n\t\t\t\t\t<!-- title-->\n\t\t\t\t\t<h5 class=\"room-title\"><a href=\"https:\/\/soleil-marbella.com\/wp-content\/uploads\/sites\/50\/2025\/04\/SOLEIL-MARBELLA-SEAVIEW-scaled.png\" title=\"Terraza Soleil Marbella\" rel=\"bookmark\">Terraza Soleil Marbella<\/a><\/h5>\n\n\t\t\t\t\t<!-- text-->\n\t\t\t\t\t<p><a id=\"\" class=\"imgeffect zoom rt_lightbox\" data-gal-id=\"\" data-rel=\"rt_lightbox\"\n\t\t\t\t\t\t  title=\"Ampliar imagen\" data-title=\"Soleil Marbella Terrace\" data-sub-html=\"\" data-src=\"\" data-width=\"\"\n\t\t\t\t\t\t  data-height=\"\" data-poster=\"\" data-autoplay=\"\" data-audiotitle=\"\" data-download-url=\"false\"\n\t\t\t\t\t\t  href=\"https:\/\/soleil-marbella.com\/wp-content\/uploads\/sites\/50\/2025\/04\/SOLEIL-MARBELLA-SEAVIEW-scaled.png\">Ver foto<\/a><\/p>\n\t\t\t\t\t<!-- key features -->\n\n\n\t\t\t\t\t<!-- button -->\n\t\t\t\t\t<a class=\"button_ style-2 small margin-t30\"\n\t\t\t\t\t   href=\"https:\/\/soleil-marbella.com\/wp-content\/uploads\/sites\/50\/2025\/04\/SOLEIL-MARBELLA-SEAVIEW-scaled.png\" title=\"Terraza Soleil Marbella\"><span class=\"icon-angle-right\"><\/span>m\u00e1s detalles<\/a>\n\n\n\t\t\t\t<\/div>\n\t\t\t\t<!--\/ end .room-info-wrapper -->\n\n\n\t\t\t\t<!-- single title-->\n\t\t\t\t<div class=\"room-single-title\">Terraza Soleil Marbella<\/div>\n\n\t\t\t\t<!-- overlay background -->\n\t\t\t\t<div class=\"room-bg-ovelay\"\n\t\t\t\t\t style=\"background-image: url(&quot;https:\/\/soleil-marbella.com\/wp-content\/uploads\/sites\/50\/2025\/04\/SOLEIL-MARBELLA-SEAVIEW-scaled.png&quot;);\">\n\t\t\t\t<\/div>\n\n\t\t\t<\/div>\n\t\t\t<!--\/ end .room-info -->\n\t\t<\/div>\n\n\t\t\n\n\t\t<div class=\"col col-sm-3 col-xs-12 col-fotos\">\n\t\t\t<!-- room info -->\n\n\t\t\t<div class=\"room-info has-bg-image gallery-item-holder\"\n\t\t\t\t data-thumbnail=\"https:\/\/soleil-marbella.com\/wp-content\/uploads\/sites\/50\/2022\/10\/soleil_1-scaled.jpg\"\n\t\t\t\t data-min-height=\"350\" style=\"min-height: 350px;\">\n\n\t\t\t\t<div class=\"room-info-wrapper\" style=\"top: calc(50% - 175px);\">\n\n\t\t\t\t\t<!-- title-->\n\t\t\t\t\t<h5 class=\"room-title\"><a href=\"https:\/\/soleil-marbella.com\/wp-content\/uploads\/sites\/50\/2022\/10\/soleil_1-scaled.jpg\" title=\"Soleil Marbella\" rel=\"bookmark\">Soleil Marbella<\/a><\/h5>\n\n\t\t\t\t\t<!-- text-->\n\t\t\t\t\t<p><a id=\"\" class=\"imgeffect zoom rt_lightbox\" data-gal-id=\"\" data-rel=\"rt_lightbox\"\n\t\t\t\t\t\t  title=\"Ampliar imagen\" data-title=\"Soleil Marbella\" data-sub-html=\"\" data-src=\"\" data-width=\"\"\n\t\t\t\t\t\t  data-height=\"\" data-poster=\"\" data-autoplay=\"\" data-audiotitle=\"\" data-download-url=\"false\"\n\t\t\t\t\t\t  href=\"https:\/\/soleil-marbella.com\/wp-content\/uploads\/sites\/50\/2022\/10\/soleil_1-scaled.jpg\">Ver foto<\/a><\/p>\n\t\t\t\t\t<!-- key features -->\n\n\n\t\t\t\t\t<!-- button -->\n\t\t\t\t\t<a class=\"button_ style-2 small margin-t30\"\n\t\t\t\t\t   href=\"https:\/\/soleil-marbella.com\/wp-content\/uploads\/sites\/50\/2022\/10\/soleil_1-scaled.jpg\" title=\"Soleil Marbella\"><span class=\"icon-angle-right\"><\/span>m\u00e1s detalles<\/a>\n\n\n\t\t\t\t<\/div>\n\t\t\t\t<!--\/ end .room-info-wrapper -->\n\n\n\t\t\t\t<!-- single title-->\n\t\t\t\t<div class=\"room-single-title\">Soleil Marbella<\/div>\n\n\t\t\t\t<!-- overlay background -->\n\t\t\t\t<div class=\"room-bg-ovelay\"\n\t\t\t\t\t style=\"background-image: url(&quot;https:\/\/soleil-marbella.com\/wp-content\/uploads\/sites\/50\/2022\/10\/soleil_1-scaled.jpg&quot;);\">\n\t\t\t\t<\/div>\n\n\t\t\t<\/div>\n\t\t\t<!--\/ end .room-info -->\n\t\t<\/div>\n\n\t\t\n\n\t\t<div class=\"col col-sm-3 col-xs-12 col-fotos\">\n\t\t\t<!-- room info -->\n\n\t\t\t<div class=\"room-info has-bg-image gallery-item-holder\"\n\t\t\t\t data-thumbnail=\"https:\/\/soleil-marbella.com\/wp-content\/uploads\/sites\/50\/2025\/03\/soleil_2-scaled.jpg\"\n\t\t\t\t data-min-height=\"350\" style=\"min-height: 350px;\">\n\n\t\t\t\t<div class=\"room-info-wrapper\" style=\"top: calc(50% - 175px);\">\n\n\t\t\t\t\t<!-- title-->\n\t\t\t\t\t<h5 class=\"room-title\"><a href=\"https:\/\/soleil-marbella.com\/wp-content\/uploads\/sites\/50\/2025\/03\/soleil_2-scaled.jpg\" title=\"Soleil Marbella\" rel=\"bookmark\">Soleil Marbella<\/a><\/h5>\n\n\t\t\t\t\t<!-- text-->\n\t\t\t\t\t<p><a id=\"\" class=\"imgeffect zoom rt_lightbox\" data-gal-id=\"\" data-rel=\"rt_lightbox\"\n\t\t\t\t\t\t  title=\"Ampliar imagen\" data-title=\"Soleil Marbella\" data-sub-html=\"\" data-src=\"\" data-width=\"\"\n\t\t\t\t\t\t  data-height=\"\" data-poster=\"\" data-autoplay=\"\" data-audiotitle=\"\" data-download-url=\"false\"\n\t\t\t\t\t\t  href=\"https:\/\/soleil-marbella.com\/wp-content\/uploads\/sites\/50\/2025\/03\/soleil_2-scaled.jpg\">Ver foto<\/a><\/p>\n\t\t\t\t\t<!-- key features -->\n\n\n\t\t\t\t\t<!-- button -->\n\t\t\t\t\t<a class=\"button_ style-2 small margin-t30\"\n\t\t\t\t\t   href=\"https:\/\/soleil-marbella.com\/wp-content\/uploads\/sites\/50\/2025\/03\/soleil_2-scaled.jpg\" title=\"Soleil Marbella\"><span class=\"icon-angle-right\"><\/span>m\u00e1s detalles<\/a>\n\n\n\t\t\t\t<\/div>\n\t\t\t\t<!--\/ end .room-info-wrapper -->\n\n\n\t\t\t\t<!-- single title-->\n\t\t\t\t<div class=\"room-single-title\">Soleil Marbella<\/div>\n\n\t\t\t\t<!-- overlay background -->\n\t\t\t\t<div class=\"room-bg-ovelay\"\n\t\t\t\t\t style=\"background-image: url(&quot;https:\/\/soleil-marbella.com\/wp-content\/uploads\/sites\/50\/2025\/03\/soleil_2-scaled.jpg&quot;);\">\n\t\t\t\t<\/div>\n\n\t\t\t<\/div>\n\t\t\t<!--\/ end .room-info -->\n\t\t<\/div>\n\n\t\t\n\n\t\t<div class=\"col col-sm-3 col-xs-12 col-fotos\">\n\t\t\t<!-- room info -->\n\n\t\t\t<div class=\"room-info has-bg-image gallery-item-holder\"\n\t\t\t\t data-thumbnail=\"https:\/\/soleil-marbella.com\/wp-content\/uploads\/sites\/50\/2022\/04\/SOLEIL-MARBELLA-POOL-view-scaled.png\"\n\t\t\t\t data-min-height=\"350\" style=\"min-height: 350px;\">\n\n\t\t\t\t<div class=\"room-info-wrapper\" style=\"top: calc(50% - 175px);\">\n\n\t\t\t\t\t<!-- title-->\n\t\t\t\t\t<h5 class=\"room-title\"><a href=\"https:\/\/soleil-marbella.com\/wp-content\/uploads\/sites\/50\/2022\/04\/SOLEIL-MARBELLA-POOL-view-scaled.png\" title=\"Soleil Marbella\" rel=\"bookmark\">Soleil Marbella<\/a><\/h5>\n\n\t\t\t\t\t<!-- text-->\n\t\t\t\t\t<p><a id=\"\" class=\"imgeffect zoom rt_lightbox\" data-gal-id=\"\" data-rel=\"rt_lightbox\"\n\t\t\t\t\t\t  title=\"Ampliar imagen\" data-title=\"Soleil Marbella\" data-sub-html=\"\" data-src=\"\" data-width=\"\"\n\t\t\t\t\t\t  data-height=\"\" data-poster=\"\" data-autoplay=\"\" data-audiotitle=\"\" data-download-url=\"false\"\n\t\t\t\t\t\t  href=\"https:\/\/soleil-marbella.com\/wp-content\/uploads\/sites\/50\/2022\/04\/SOLEIL-MARBELLA-POOL-view-scaled.png\">Ver foto<\/a><\/p>\n\t\t\t\t\t<!-- key features -->\n\n\n\t\t\t\t\t<!-- button -->\n\t\t\t\t\t<a class=\"button_ style-2 small margin-t30\"\n\t\t\t\t\t   href=\"https:\/\/soleil-marbella.com\/wp-content\/uploads\/sites\/50\/2022\/04\/SOLEIL-MARBELLA-POOL-view-scaled.png\" title=\"Soleil Marbella\"><span class=\"icon-angle-right\"><\/span>m\u00e1s detalles<\/a>\n\n\n\t\t\t\t<\/div>\n\t\t\t\t<!--\/ end .room-info-wrapper -->\n\n\n\t\t\t\t<!-- single title-->\n\t\t\t\t<div class=\"room-single-title\">Soleil Marbella<\/div>\n\n\t\t\t\t<!-- overlay background -->\n\t\t\t\t<div class=\"room-bg-ovelay\"\n\t\t\t\t\t style=\"background-image: url(&quot;https:\/\/soleil-marbella.com\/wp-content\/uploads\/sites\/50\/2022\/04\/SOLEIL-MARBELLA-POOL-view-scaled.png&quot;);\">\n\t\t\t\t<\/div>\n\n\t\t\t<\/div>\n\t\t\t<!--\/ end .room-info -->\n\t\t<\/div>\n\n\t\t\t<\/div>\n<\/div>\n\n\n\t\t<\/div>\n\t<\/div>\n<div class=\"vc_empty_space\"   style=\"height: 36px\"><span class=\"vc_empty_space_inner\"><\/span><\/div><div class=\"button_wrapper aligncenter\"><a  href=\"\/es\/fotos\/\" target=\"_self\" title=\"&gt; m\u00e1s fotos\" class=\"button_  style-2 small\">&gt; m\u00e1s fotos<\/a><\/div>\n\t\t<\/div>\n\t<\/div>\n\t<\/div>\n\n<\/div>\n<\/div>\n\n<div  class=\"content_row row news-events vc_row wpb_row  default-style fullwidth fixed_heights rt-flex-wrapper rt-flex-wrapper border-top\" >\n\t\n\t<div class=\"content_row_wrapper align-contents content-align-middle fullwidth\" style=\"padding-top:40px;padding-bottom:40px;\">\n\t<div id=\"asdasd\" class=\"vc_col-sm-12 wpb_column vc_column_container\" >\n\t<div class=\"vc_column-inner\" style=\"padding-top:50px;\">\n\t\t<div class=\"wpb_wrapper\" >\n\t\t\t<div class=\"rt_heading_wrapper style-4\">\n\t\t\t\t\t\t<h3 class=\"rt_heading  style-4\" >Un LUGAR ABIERTO para el MUNDO<\/h3> \n\t\t\t\t\t<\/div>\n\t<div class=\"wpb_text_column wpb_content_element\" >\n\t\t<div class=\"wpb_wrapper\">\n\t\t\t<p style=\"text-align: center;\">Amplia terraza con bar donde podr\u00e1 disfrutar de fant\u00e1sticas vistas al mar Mediterr\u00e1neo.<\/p>\n\n\t\t<\/div>\n\t<\/div>\n<div class=\"vc_empty_space\"   style=\"height: 40px\"><span class=\"vc_empty_space_inner\"><\/span><\/div>\n<div id=\"blog-dynamicID-451852\" class=\"blog_list clearfix fixed_heights\" data-column-width=\"4\">\n<div class=\"row clearfix\">\n<article id=\"2881\" class=\"col col-sm-3 post-2881 post type-post status-publish format-gallery has-post-thumbnail hentry category-events category-news post_format-post-format-gallery\">\n \n\n<!-- blog box-->\n\t\n\t\t<figure class=\"featured_image featured_media\">\n\t\t<a id=\"featured-image-2881\" class=\"imgeffect zoom rt_lightbox featured_image\" data-gal-id=\"image_4242\" data-rel=\"rt_lightbox\" title=\"Ampliar imagen\" data-title=\"Altos de los Monteros\" data-sub-html=\"\" data-src=\"\" data-width=\"\" data-height=\"\" data-poster=\"\" data-autoplay=\"\" data-audiotitle=\"\" data-download-url=\"false\" href=\"https:\/\/soleil-marbella.com\/wp-content\/uploads\/sites\/50\/2016\/06\/Altosdelosmonteros.jpg\"><img decoding=\"async\" src=\"https:\/\/soleil-marbella.com\/wp-content\/uploads\/sites\/50\/2016\/06\/Altosdelosmonteros-480x318.jpg\" alt=\"Altos de los Monteros Marbella\" class=\"\" \/><\/a>\t<\/figure> \n\t\n\t \n\n\t\n\t<div class=\"entry-content text no-post-sidebar\">\n\n\t\t<!-- blog headline-->\n\t\t<h6 class=\"entry-title\"><a href=\"https:\/\/soleil-marbella.com\/es\/cursos-de-pesca-a-partir-en-julio\/\" rel=\"bookmark\">Los Altos de los Monteros<\/a><\/h6> \n\t\t\t\t\n\t\t\n\t\t<p>Soleil Marbella se encuentra en Altos de Los Monteros. Esta es una zona exclusiva ubicada en las verdes colinas de Marbella. En 10 minutos est\u00e1s en el centro de Marbella y en 5 minutos est\u00e1s en la playa. El barrio est\u00e1 ubicado entre \u00e1reas verdes protegidas, muchas oportunidades para caminar o disfrutar de la naturaleza. Altos\u2026 <a class=\"more-link\" href=\"https:\/\/soleil-marbella.com\/es\/cursos-de-pesca-a-partir-en-julio\/\">sigue leyendo<\/a><\/p>\n\n\t<\/div> \n<!-- \/ blog box--><\/article>\n<article id=\"2880\" class=\"col col-sm-3 post-2880 post type-post status-publish format-standard has-post-thumbnail hentry category-events category-news\">\n \n\n<!-- blog box-->\n\n\t\t<figure class=\"featured_image featured_media\">\n\t\t<a id=\"lightbox-846906\" class=\"imgeffect zoom rt_lightbox featured_image\" data-gal-id=\"image_4164\" data-rel=\"rt_lightbox\" title=\"Ampliar imagen\" data-title=\"Golfbanen nabij Soleil Marbella\" data-sub-html=\"\" data-src=\"\" data-width=\"\" data-height=\"\" data-poster=\"\" data-autoplay=\"\" data-audiotitle=\"\" data-download-url=\"false\" href=\"https:\/\/soleil-marbella.com\/wp-content\/uploads\/sites\/50\/2016\/06\/golf.jpg\"><img decoding=\"async\" src=\"https:\/\/soleil-marbella.com\/wp-content\/uploads\/sites\/50\/2016\/06\/golf.jpg\" alt=\"\" class=\"\" \/><\/a>\t\t\n\t<\/figure> \n\t\n\n\t\n\t<div class=\"entry-content text no-post-sidebar\">\n\n\t\t<!-- blog headline-->\n\t\t<h6 class=\"entry-title\"><a href=\"https:\/\/soleil-marbella.com\/es\/aliquam-vestibulum-sem-turpis\/\" rel=\"bookmark\">Campos de golf cerca de Soleil Marbella<\/a><\/h6> \n\t\t\t\t\n\t\t\n\t\t<p>Soleil Marbella est\u00e1 muy convenientemente ubicado cerca de varios campos de golf excelentes. Los m\u00e1s cercanos est\u00e1n pr\u00e1cticamente al pie de la colina. En diez minutos podr\u00e1s estar en R\u00edo Real Golf, Santa Clara Golf o el Marbella Golf &amp; Country Club. En resumen, para los amantes del golf, Soleil Marbella es una excelente base con varios campos de primer nivel\u2026 <a class=\"more-link\" href=\"https:\/\/soleil-marbella.com\/es\/aliquam-vestibulum-sem-turpis\/\">sigue leyendo<\/a><\/p>\n\t<\/div> \n\n<!-- \/ blog box-->\n<\/article>\n<article id=\"2876\" class=\"col col-sm-3 post-2876 post type-post status-publish format-gallery has-post-thumbnail hentry category-news post_format-post-format-gallery\">\n \n\n<!-- blog box-->\n\t\n\t\t<figure class=\"featured_image featured_media\">\n\t\t<a id=\"featured-image-2876\" class=\"imgeffect zoom rt_lightbox featured_image\" data-gal-id=\"image_4252\" data-rel=\"rt_lightbox\" title=\"Ampliar imagen\" data-title=\"Casco Antiguo &#8211; historisch hart Marbella\" data-sub-html=\"\" data-src=\"\" data-width=\"\" data-height=\"\" data-poster=\"\" data-autoplay=\"\" data-audiotitle=\"\" data-download-url=\"false\" href=\"https:\/\/soleil-marbella.com\/wp-content\/uploads\/sites\/50\/2016\/06\/marbella-centro.jpg\"><img decoding=\"async\" src=\"https:\/\/soleil-marbella.com\/wp-content\/uploads\/sites\/50\/2016\/06\/marbella-centro-480x342.jpg\" alt=\"Centro de Marbella\" class=\"\" \/><\/a>\t<\/figure> \n\t\n\t \n\n\t\n\t<div class=\"entry-content text no-post-sidebar\">\n\n\t\t<!-- blog headline-->\n\t\t<h6 class=\"entry-title\"><a href=\"https:\/\/soleil-marbella.com\/es\/fusce-mattis-lacus-blandit-convallis\/\" rel=\"bookmark\">Casco Antiguo \u2013 coraz\u00f3n hist\u00f3rico de Marbella<\/a><\/h6> \n\t\t\t\t\n\t\t\n\t\t<p>El casco antiguo de Marbella (Casco Antiguo) es el coraz\u00f3n hist\u00f3rico y atmosf\u00e9rico de la ciudad. Se caracteriza por calles estrechas y sinuosas bordeadas de casas encaladas y flores de colores en los balcones, con la famosa Plaza de los Naranjos como su animado centro. Es un lugar encantador lleno de boutiques, bares de tapas y restaurantes donde podr\u00e1s\u2026 <a class=\"more-link\" href=\"https:\/\/soleil-marbella.com\/es\/fusce-mattis-lacus-blandit-convallis\/\">sigue leyendo<\/a><\/p>\n\n\t<\/div> \n<!-- \/ blog box--><\/article>\n<article id=\"2877\" class=\"col col-sm-3 post-2877 post type-post status-publish format-standard has-post-thumbnail hentry category-articles\">\n \n\n<!-- blog box-->\n\n\t\t<figure class=\"featured_image featured_media\">\n\t\t<a id=\"lightbox-785812\" class=\"imgeffect zoom rt_lightbox featured_image\" data-gal-id=\"image_4168\" data-rel=\"rt_lightbox\" title=\"Ampliar imagen\" data-title=\"La playa\" data-sub-html=\"\" data-src=\"\" data-width=\"\" data-height=\"\" data-poster=\"\" data-autoplay=\"\" data-audiotitle=\"\" data-download-url=\"false\" href=\"https:\/\/soleil-marbella.com\/wp-content\/uploads\/sites\/50\/2016\/06\/beach-1.jpg\"><img decoding=\"async\" src=\"https:\/\/soleil-marbella.com\/wp-content\/uploads\/sites\/50\/2016\/06\/beach-1.jpg\" alt=\"\" class=\"\" \/><\/a>\t\t\n\t<\/figure> \n\t\n\n\t\n\t<div class=\"entry-content text no-post-sidebar\">\n\n\t\t<!-- blog headline-->\n\t\t<h6 class=\"entry-title\"><a href=\"https:\/\/soleil-marbella.com\/es\/importancia-de-planear-un-viaje\/\" rel=\"bookmark\">La playa<\/a><\/h6> \n\t\t\t\t\n\t\t\n\t\t<p>La playa est\u00e1 muy bien cuidada y el municipio hace todo lo posible para que los turistas est\u00e9n contentos... hay varios chiringuitos\/restaurantes y algunos incluso est\u00e1n abiertos en invierno... aqu\u00ed un ni\u00f1o todav\u00eda puede jugar con una pala y un cubo o los ba\u00f1istas pueden alquilar una silla con o sin sombrilla\u2026 los perros pueden\u2026 <a class=\"more-link\" href=\"https:\/\/soleil-marbella.com\/es\/importancia-de-planear-un-viaje\/\">sigue leyendo<\/a><\/p>\n\t<\/div> \n\n<!-- \/ blog box-->\n<\/article>\n<\/div>\n<\/div>\n\n\t\t<\/div>\n\t<\/div>\n\t<\/div>\n\n<\/div>\n<\/div>\n<\/section>","protected":false},"excerpt":{"rendered":"<p>\u2026 <a class=\"more-link\" href=\"https:\/\/soleil-marbella.com\/es\/importancia-de-planear-un-viaje\/\">sigue leyendo<\/a><\/p>","protected":false},"author":1,"featured_media":0,"parent":0,"menu_order":4,"comment_status":"closed","ping_status":"closed","template":"","meta":{"footnotes":""},"class_list":["post-2786","page","type-page","status-publish","hentry"],"yoast_head":"<!-- This site is optimized with the Yoast SEO plugin v26.0 - https:\/\/yoast.com\/wordpress\/plugins\/seo\/ -->\n<title>Home - Soleil Marbella<\/title>\n<meta name=\"robots\" content=\"index, follow, max-snippet:-1, max-image-preview:large, max-video-preview:-1\" \/>\n<link rel=\"canonical\" href=\"https:\/\/soleil-marbella.com\/es\/\" \/>\n<meta property=\"og:locale\" content=\"es_ES\" \/>\n<meta property=\"og:type\" content=\"article\" \/>\n<meta property=\"og:title\" content=\"Home - Soleil Marbella\" \/>\n<meta property=\"og:url\" content=\"https:\/\/soleil-marbella.com\/es\/\" \/>\n<meta property=\"og:site_name\" content=\"Soleil Marbella\" \/>\n<meta property=\"article:modified_time\" content=\"2025-06-26T14:51:19+00:00\" \/>\n<meta name=\"twitter:card\" content=\"summary_large_image\" \/>\n<meta name=\"twitter:label1\" content=\"Tiempo de lectura\" \/>\n\t<meta name=\"twitter:data1\" content=\"4 minutos\" \/>\n<script type=\"application\/ld+json\" class=\"yoast-schema-graph\">{\"@context\":\"https:\/\/schema.org\",\"@graph\":[{\"@type\":\"WebPage\",\"@id\":\"https:\/\/soleil-marbella.com\/\",\"url\":\"https:\/\/soleil-marbella.com\/\",\"name\":\"Home - Soleil Marbella\",\"isPartOf\":{\"@id\":\"https:\/\/soleil-marbella.com\/#website\"},\"datePublished\":\"2016-06-13T10:25:58+00:00\",\"dateModified\":\"2025-06-26T14:51:19+00:00\",\"breadcrumb\":{\"@id\":\"https:\/\/soleil-marbella.com\/#breadcrumb\"},\"inLanguage\":\"es\",\"potentialAction\":[{\"@type\":\"ReadAction\",\"target\":[\"https:\/\/soleil-marbella.com\/\"]}]},{\"@type\":\"BreadcrumbList\",\"@id\":\"https:\/\/soleil-marbella.com\/#breadcrumb\",\"itemListElement\":[{\"@type\":\"ListItem\",\"position\":1,\"name\":\"Home\",\"item\":\"https:\/\/soleil-marbella.com\/\"},{\"@type\":\"ListItem\",\"position\":2,\"name\":\"Home\"}]},{\"@type\":\"WebSite\",\"@id\":\"https:\/\/soleil-marbella.com\/#website\",\"url\":\"https:\/\/soleil-marbella.com\/\",\"name\":\"Soleil Marbella\",\"description\":\"Uitzonderlijk wonen in Marbella\",\"potentialAction\":[{\"@type\":\"SearchAction\",\"target\":{\"@type\":\"EntryPoint\",\"urlTemplate\":\"https:\/\/soleil-marbella.com\/?s={search_term_string}\"},\"query-input\":{\"@type\":\"PropertyValueSpecification\",\"valueRequired\":true,\"valueName\":\"search_term_string\"}}],\"inLanguage\":\"es\"}]}<\/script>\n<!-- \/ Yoast SEO plugin. -->","yoast_head_json":{"title":"Inicio - Soleil Marbella","robots":{"index":"index","follow":"follow","max-snippet":"max-snippet:-1","max-image-preview":"max-image-preview:large","max-video-preview":"max-video-preview:-1"},"canonical":"https:\/\/soleil-marbella.com\/es\/","og_locale":"es_ES","og_type":"article","og_title":"Home - Soleil Marbella","og_url":"https:\/\/soleil-marbella.com\/es\/","og_site_name":"Soleil Marbella","article_modified_time":"2025-06-26T14:51:19+00:00","twitter_card":"summary_large_image","twitter_misc":{"Tiempo de lectura":"4 minutos"},"schema":{"@context":"https:\/\/schema.org","@graph":[{"@type":"WebPage","@id":"https:\/\/soleil-marbella.com\/","url":"https:\/\/soleil-marbella.com\/","name":"Inicio - Soleil Marbella","isPartOf":{"@id":"https:\/\/soleil-marbella.com\/#website"},"datePublished":"2016-06-13T10:25:58+00:00","dateModified":"2025-06-26T14:51:19+00:00","breadcrumb":{"@id":"https:\/\/soleil-marbella.com\/#breadcrumb"},"inLanguage":"es","potentialAction":[{"@type":"ReadAction","target":["https:\/\/soleil-marbella.com\/"]}]},{"@type":"BreadcrumbList","@id":"https:\/\/soleil-marbella.com\/#breadcrumb","itemListElement":[{"@type":"ListItem","position":1,"name":"Home","item":"https:\/\/soleil-marbella.com\/"},{"@type":"ListItem","position":2,"name":"Home"}]},{"@type":"WebSite","@id":"https:\/\/soleil-marbella.com\/#website","url":"https:\/\/soleil-marbella.com\/","name":"Soleil Marbella","description":"Una vida excepcional en Marbella","potentialAction":[{"@type":"SearchAction","target":{"@type":"EntryPoint","urlTemplate":"https:\/\/soleil-marbella.com\/?s={search_term_string}"},"query-input":{"@type":"PropertyValueSpecification","valueRequired":true,"valueName":"search_term_string"}}],"inLanguage":"es"}]}},"_links":{"self":[{"href":"https:\/\/soleil-marbella.com\/es\/wp-json\/wp\/v2\/pages\/2786","targetHints":{"allow":["GET"]}}],"collection":[{"href":"https:\/\/soleil-marbella.com\/es\/wp-json\/wp\/v2\/pages"}],"about":[{"href":"https:\/\/soleil-marbella.com\/es\/wp-json\/wp\/v2\/types\/page"}],"author":[{"embeddable":true,"href":"https:\/\/soleil-marbella.com\/es\/wp-json\/wp\/v2\/users\/1"}],"replies":[{"embeddable":true,"href":"https:\/\/soleil-marbella.com\/es\/wp-json\/wp\/v2\/comments?post=2786"}],"version-history":[{"count":63,"href":"https:\/\/soleil-marbella.com\/es\/wp-json\/wp\/v2\/pages\/2786\/revisions"}],"predecessor-version":[{"id":4322,"href":"https:\/\/soleil-marbella.com\/es\/wp-json\/wp\/v2\/pages\/2786\/revisions\/4322"}],"wp:attachment":[{"href":"https:\/\/soleil-marbella.com\/es\/wp-json\/wp\/v2\/media?parent=2786"}],"curies":[{"name":"wp","href":"https:\/\/api.w.org\/{rel}","templated":true}]}}