{"id":97,"date":"2022-01-27T10:58:35","date_gmt":"2022-01-27T10:58:35","guid":{"rendered":"http:\/\/cognito.mprinsdesign.nl\/?page_id=97"},"modified":"2025-04-18T10:39:32","modified_gmt":"2025-04-18T10:39:32","slug":"standort","status":"publish","type":"page","link":"https:\/\/soleil-marbella.com\/de\/standort\/","title":{"rendered":"Standort"},"content":{"rendered":"<section class=\"wpb-content-wrapper\"><div  class=\"content_row row page-content vc_row wpb_row  default-style fullwidth\" >\n\t\n\t<div class=\"content_row_wrapper  default\" >\n\t<div id=\"asdasd\" class=\"vc_col-sm-12 wpb_column vc_column_container\" >\n\t<div class=\"vc_column-inner\">\n\t\t<div class=\"wpb_wrapper\" >\n\t\t\t<div class=\"rt_heading_wrapper no-style\">\n\t\t\t\t\t\t<h1 class=\"rt_heading  no-style\"  style=\"font-size:24px;margin-top:24px;margin-bottom:0px;\">Standort - <span class=\"after_h1\">Soleil Marbella<\/span><\/h1> \n\t\t\t\t\t<\/div><div class=\"vc_empty_space\"   style=\"height: 32px\"><span class=\"vc_empty_space_inner\"><\/span><\/div><div class=\"vc_separator wpb_content_element vc_separator_align_center vc_sep_width_100 vc_sep_style-4 vc_sep_pos_align_center vc_separator_no_text vc_sep_color_grey\" ><span class=\"vc_sep_holder vc_sep_holder_l\"><span class=\"vc_sep_line\"><\/span><\/span><span class=\"vc_sep_holder vc_sep_holder_r\"><span class=\"vc_sep_line\"><\/span><\/span>\n<\/div>\n\t\t<\/div>\n\t<\/div>\n\t<\/div>\n\n<\/div>\n<\/div>\n\n<div  class=\"content_row row room-list vc_row wpb_row  default-style fullwidth\" >\n\t\n\t<div class=\"content_row_wrapper  fullwidth\" >\n\t<div id=\"asdasd\" class=\"vc_col-sm-12 wpb_column vc_column_container\" >\n\t<div class=\"vc_column-inner\">\n\t\t<div class=\"wpb_wrapper\" >\n\t\t\t<div class=\"google_map_holder\" data-height=\"300\" data-scope=\"#map-482234\" data-bw=\"\">\n\n\t\t\t<div id=\"map-482234\" class=\"google_map\"><\/div>\n\t\t\t<script type=\"text\/javascript\">\n\t\t\t \/* <![CDATA[ *\/ \n\t\t\t\t\/\/ Runs google maps\t\n\t\t\t\t\tjQuery(function() {\n\t\t\t\t\t\tjQuery(\"#map-482234\").rt_maps([[\"Soleil Marbella\", 36.529138, -4.841712, 4,\"\"],],10); \n\t\t\t\t\t});\n\t\t\t\/* ]]> *\/\t\n\t\t\t<\/script>\n\n\t\t<\/div><div class=\"vc_empty_space\"   style=\"height: 180px\"><span class=\"vc_empty_space_inner\"><\/span><\/div>\n\t<div class=\"wpb_text_column wpb_content_element\" >\n\t\t<div class=\"wpb_wrapper\">\n\t\t\t\n\t\t<\/div>\n\t<\/div>\n<div class=\"vc_btn3-container vc_btn3-center\" ><a class=\"vc_general vc_btn3 vc_btn3-size-md vc_btn3-shape-square vc_btn3-style-modern vc_btn3-color-warning\" href=\"https:\/\/soleil-marbella.com\/de\/mehr-informationen\/\" title=\"Mehr Informationen\">PRELAUNCH-PREISLISTE ANFORDERN<\/a><\/div>\n\t<div class=\"wpb_text_column wpb_content_element\" >\n\t\t<div class=\"wpb_wrapper\">\n\t\t\t<h3>Sehensw\u00fcrdigkeiten in der N\u00e4he von Soleil Marbella<\/h3>\n<p>Hier finden Sie eine Auswahl an Sehensw\u00fcrdigkeiten in der N\u00e4he von Soleil Marbella. Eine sch\u00f6ne Mischung aus Kultur, Luxus, Natur, Entspannung und praktischen Einrichtungen, alles leicht erreichbar.<\/p>\n<ul>\n<li><strong>Die Altstadt (Casco Antiguo) von Marbella: <\/strong>\u00a0Wie bereits erw\u00e4hnt, mit seinen charmanten Stra\u00dfen, der Plaza de los Naranjos, Boutiquen und Tapas-Bars. Ein absolutes Muss.<\/li>\n<li><strong>Puerto Ban\u00fas:<\/strong>\u00a0 Der weltber\u00fchmte Yachthafen ist voller Luxusyachten, Designerl\u00e4den, gehobener Restaurants und einer lebhaften Atmosph\u00e4re, insbesondere abends.<\/li>\n<li><strong>Der Boulevard (Paseo Mar\u00edtimo) von Marbella:<\/strong>\u00a0 Eine wundersch\u00f6ne Promenade entlang des Strandes, ideal zum Spazierengehen, Radfahren, Genie\u00dfen der Aussicht auf das Meer und f\u00fcr einen Zwischenstopp in einem der vielen Chiringuitos (Strandrestaurants).<\/li>\n<li><strong>Hafen und Strand von Cabopino:<\/strong>\u00a0 Ein kleinerer, stimmungsvoller Yachthafen mit guten Restaurants und einem wundersch\u00f6nen Strand mit gesch\u00fctzten D\u00fcnen (Artola-D\u00fcnen).<\/li>\n<li><strong>Mijas Pueblo:<\/strong>\u00a0 Ein ikonisches wei\u00dfes andalusisches Bergdorf (Pueblo Blanco) mit engen Gassen, Eseltaxis und fantastischer Aussicht auf die K\u00fcste.<\/li>\n<li><strong>Augen:<\/strong>\u00a0 Ein weiteres charmantes wei\u00dfes Dorf, n\u00e4her als Mijas, eingebettet in die H\u00fcgel oberhalb von Marbella, bekannt f\u00fcr seine Ruhe und traditionelle Atmosph\u00e4re.<\/li>\n<li><strong>Einkaufszentrum La Ca\u00f1ada:<\/strong>\u00a0 Ein gro\u00dfes, modernes Einkaufszentrum mit vielen Gesch\u00e4ften, einem Supermarkt, einem Kino und gastronomischen Einrichtungen. Praktisch f\u00fcr praktische Angelegenheiten oder bei schlechtem Wetter.<\/li>\n<\/ul>\n<p>&nbsp;<\/p>\n<h3><strong>&#039;Costa del Golf&#039;<\/strong><\/h3>\n<p>Es wird Sie nicht \u00fcberraschen, dass es \u2013 mitten an der \u201eCosta del Golf\u201c gelegen \u2013 in der N\u00e4he der Laguna Mijas wundersch\u00f6ne Golfpl\u00e4tze gibt. Hier eine \u00dcbersicht:<\/p>\n<p><em>Golfpl\u00e4tze in der N\u00e4he:<\/em><\/p>\n<p>Soleil Marbella liegt sehr g\u00fcnstig in der N\u00e4he mehrerer ausgezeichneter Golfpl\u00e4tze. Die n\u00e4chstgelegenen liegen praktisch am Fu\u00dfe des H\u00fcgels:<\/p>\n<ol>\n<li><strong>Rio Real Golf:<\/strong>\u00a0Dies ist wahrscheinlich die n\u00e4chste, oft einzige\u00a0<strong>5 bis 10 Minuten<\/strong>\u00a0Fahrt (ca. 3\u20135 km), abh\u00e4ngig von Ihrem genauen Standort in Altos de Los Monteros.<\/li>\n<li><strong>Santa Clara Golf Marbella:<\/strong>\u00a0Auch ganz in der N\u00e4he, nur etwas weiter \u00f6stlich als Rio Real. Rechnen Sie auch mit einem solchen\u00a0<strong>5 bis 10 Minuten<\/strong>\u00a0Autofahrt (ca. 4-6 km).<\/li>\n<li><strong>Marbella Golf &amp; Country Club:<\/strong>\u00a0Dieser Kurs liegt ebenfalls in der N\u00e4he, direkt \u00f6stlich von Santa Clara. Die Reisezeit ist \u00e4hnlich, vielleicht\u00a0<strong>7 bis 12 Minuten<\/strong>\u00a0(ca. 5-8 km).<\/li>\n<\/ol>\n<p>Kurz gesagt: F\u00fcr Golfbegeisterte ist Soleil Marbella mit seinen mehreren erstklassigen Golfpl\u00e4tzen ein hervorragender Ausgangspunkt.<\/p>\n\n\t\t<\/div>\n\t<\/div>\n\n\t<div  class=\"wpb_single_image wpb_content_element vc_align_center\">\n\t\t\n\t\t<figure class=\"wpb_wrapper vc_figure\">\n\t\t\t<div class=\"vc_single_image-wrapper   vc_box_border_grey\"><img fetchpriority=\"high\" decoding=\"async\" width=\"1000\" height=\"412\" src=\"https:\/\/soleil-marbella.com\/wp-content\/uploads\/sites\/50\/2025\/03\/Mijas-Golf-Olivos.png\" class=\"vc_single_image-img attachment-full\" alt=\"Mijas Golf - Olivias\" title=\"Mijas Golf Olivos\" srcset=\"https:\/\/soleil-marbella.com\/wp-content\/uploads\/sites\/50\/2025\/03\/Mijas-Golf-Olivos.png 1000w, https:\/\/soleil-marbella.com\/wp-content\/uploads\/sites\/50\/2025\/03\/Mijas-Golf-Olivos-300x124.png 300w, https:\/\/soleil-marbella.com\/wp-content\/uploads\/sites\/50\/2025\/03\/Mijas-Golf-Olivos-768x316.png 768w, https:\/\/soleil-marbella.com\/wp-content\/uploads\/sites\/50\/2025\/03\/Mijas-Golf-Olivos-18x7.png 18w\" sizes=\"(max-width: 1000px) 100vw, 1000px\" \/><\/div>\n\t\t<\/figure>\n\t<\/div>\n\n\t<div class=\"wpb_text_column wpb_content_element\" >\n\t\t<div class=\"wpb_wrapper\">\n\t\t\t<h3>Warum Pre-Launch w\u00e4hlen?<\/h3>\n<ul>\n<li>Pre-Launch: Als Fr\u00fchinvestor haben Sie die <strong>erste Wahl aus verf\u00fcgbaren Einheiten<\/strong>, sodass Sie die M\u00f6glichkeit haben, eine Immobilie auszuw\u00e4hlen, die perfekt zu Ihren Bed\u00fcrfnissen passt.<\/li>\n<li>Attraktive Preise: Die erste Phase ist <strong>wettbewerbsf\u00e4hige Preise, um schnell Erstk\u00e4ufer zu gewinnen<\/strong> und die Nachfrage abzusch\u00e4tzen, sodass diese Phase sowohl f\u00fcr den Eigengebrauch als auch f\u00fcr Investitionen ideal ist.<\/li>\n<li>Hohes Renditepotenzial: Historisch<strong> Investitionen in dieser Phase bieten oft die h\u00f6chste Rendite<\/strong> auf Investitionen.<\/li>\n<li>Rechtshilfe: Rechtliche Unterst\u00fctzung f\u00fcr <strong>unabh\u00e4ngige Anw\u00e4lte<\/strong> die Ihre Sprache sprechen.<\/li>\n<li>Bankgarantie:<strong> Finanzielle Sicherheit<\/strong> und zus\u00e4tzlichen Rechtsschutz<\/li>\n<\/ul>\n<p>In dieser Vorstartphase k\u00f6nnen wir <em>noch nicht alle Details bekannt gegeben<\/em>. Fordern Sie jetzt unverbindlich die Pre-Launch-Preisliste an. Am<strong> Beginn des offiziellen Verkaufs werden wir alle Details umgehend mitteilen,<\/strong> inklusive Prospekt, Planung, Finanzierungsm\u00f6glichkeiten, Baubeschreibung, Grundrissen etc. Damit geh\u00f6ren Sie zum erlesenen Kreis, der die erste Wahl hat.<\/p>\n\n\t\t<\/div>\n\t<\/div>\n<div class=\"vc_btn3-container vc_btn3-center\" ><a class=\"vc_general vc_btn3 vc_btn3-size-md vc_btn3-shape-square vc_btn3-style-modern vc_btn3-color-warning\" href=\"https:\/\/soleil-marbella.com\/de\/mehr-informationen\/\" title=\"Mehr Informationen\">PRELAUNCH-PREISLISTE ANFORDERN<\/a><\/div>\n\t<div class=\"wpb_text_column wpb_content_element\" >\n\t\t<div class=\"wpb_wrapper\">\n\t\t\t\n\t\t<\/div>\n\t<\/div>\n\n\t\t<\/div>\n\t<\/div>\n\t<\/div>\n\n<\/div>\n<\/div>\n\n<div  class=\"content_row row vc_row wpb_row  default-style fullwidth\" >\n\t\n\t<div class=\"content_row_wrapper  default\" >\n\t<div id=\"asdasd\" class=\"vc_col-sm-12 wpb_column vc_column_container\" >\n\t<div class=\"vc_column-inner\">\n\t\t<div class=\"wpb_wrapper\" >\n\t\t\t\n\t\t<\/div>\n\t<\/div>\n\t<\/div>\n\n<\/div>\n<\/div>\n<\/section>","protected":false},"excerpt":{"rendered":"<p>\u2026 <a class=\"more-link\" href=\"https:\/\/soleil-marbella.com\/de\/standort\/\">Weiterlesen<\/a><\/p>","protected":false},"author":1,"featured_media":4223,"parent":0,"menu_order":5,"comment_status":"closed","ping_status":"closed","template":"","meta":{"footnotes":""},"class_list":["post-97","page","type-page","status-publish","has-post-thumbnail","hentry"],"yoast_head":"<!-- This site is optimized with the Yoast SEO plugin v26.0 - https:\/\/yoast.com\/wordpress\/plugins\/seo\/ -->\n<title>Locatie - Soleil Marbella<\/title>\n<meta name=\"robots\" content=\"index, follow, max-snippet:-1, max-image-preview:large, max-video-preview:-1\" \/>\n<link rel=\"canonical\" href=\"https:\/\/soleil-marbella.com\/de\/standort\/\" \/>\n<meta property=\"og:locale\" content=\"de_DE\" \/>\n<meta property=\"og:type\" content=\"article\" \/>\n<meta property=\"og:title\" content=\"Locatie - Soleil Marbella\" \/>\n<meta property=\"og:url\" content=\"https:\/\/soleil-marbella.com\/de\/standort\/\" \/>\n<meta property=\"og:site_name\" content=\"Soleil Marbella\" \/>\n<meta property=\"article:modified_time\" content=\"2025-04-18T10:39:32+00:00\" \/>\n<meta property=\"og:image\" content=\"https:\/\/soleil-marbella.com\/wp-content\/uploads\/sites\/50\/2022\/10\/soleil_1-scaled.jpg\" \/>\n\t<meta property=\"og:image:width\" content=\"2560\" \/>\n\t<meta property=\"og:image:height\" content=\"1800\" \/>\n\t<meta property=\"og:image:type\" content=\"image\/jpeg\" \/>\n<meta name=\"twitter:card\" content=\"summary_large_image\" \/>\n<meta name=\"twitter:label1\" content=\"Gesch\u00e4tzte Lesezeit\" \/>\n\t<meta name=\"twitter:data1\" content=\"4\u00a0Minuten\" \/>\n<script type=\"application\/ld+json\" class=\"yoast-schema-graph\">{\"@context\":\"https:\/\/schema.org\",\"@graph\":[{\"@type\":\"WebPage\",\"@id\":\"https:\/\/soleil-marbella.com\/locatie\/\",\"url\":\"https:\/\/soleil-marbella.com\/locatie\/\",\"name\":\"Locatie - Soleil Marbella\",\"isPartOf\":{\"@id\":\"https:\/\/soleil-marbella.com\/#website\"},\"primaryImageOfPage\":{\"@id\":\"https:\/\/soleil-marbella.com\/locatie\/#primaryimage\"},\"image\":{\"@id\":\"https:\/\/soleil-marbella.com\/locatie\/#primaryimage\"},\"thumbnailUrl\":\"https:\/\/soleil-marbella.com\/wp-content\/uploads\/sites\/50\/2022\/10\/soleil_1-scaled.jpg\",\"datePublished\":\"2022-01-27T10:58:35+00:00\",\"dateModified\":\"2025-04-18T10:39:32+00:00\",\"breadcrumb\":{\"@id\":\"https:\/\/soleil-marbella.com\/locatie\/#breadcrumb\"},\"inLanguage\":\"de\",\"potentialAction\":[{\"@type\":\"ReadAction\",\"target\":[\"https:\/\/soleil-marbella.com\/locatie\/\"]}]},{\"@type\":\"ImageObject\",\"inLanguage\":\"de\",\"@id\":\"https:\/\/soleil-marbella.com\/locatie\/#primaryimage\",\"url\":\"https:\/\/soleil-marbella.com\/wp-content\/uploads\/sites\/50\/2022\/10\/soleil_1-scaled.jpg\",\"contentUrl\":\"https:\/\/soleil-marbella.com\/wp-content\/uploads\/sites\/50\/2022\/10\/soleil_1-scaled.jpg\",\"width\":2560,\"height\":1800},{\"@type\":\"BreadcrumbList\",\"@id\":\"https:\/\/soleil-marbella.com\/locatie\/#breadcrumb\",\"itemListElement\":[{\"@type\":\"ListItem\",\"position\":1,\"name\":\"Home\",\"item\":\"https:\/\/soleil-marbella.com\/\"},{\"@type\":\"ListItem\",\"position\":2,\"name\":\"Locatie\"}]},{\"@type\":\"WebSite\",\"@id\":\"https:\/\/soleil-marbella.com\/#website\",\"url\":\"https:\/\/soleil-marbella.com\/\",\"name\":\"Soleil Marbella\",\"description\":\"Uitzonderlijk wonen in Marbella\",\"potentialAction\":[{\"@type\":\"SearchAction\",\"target\":{\"@type\":\"EntryPoint\",\"urlTemplate\":\"https:\/\/soleil-marbella.com\/?s={search_term_string}\"},\"query-input\":{\"@type\":\"PropertyValueSpecification\",\"valueRequired\":true,\"valueName\":\"search_term_string\"}}],\"inLanguage\":\"de\"}]}<\/script>\n<!-- \/ Yoast SEO plugin. -->","yoast_head_json":{"title":"Lage - Soleil Marbella","robots":{"index":"index","follow":"follow","max-snippet":"max-snippet:-1","max-image-preview":"max-image-preview:large","max-video-preview":"max-video-preview:-1"},"canonical":"https:\/\/soleil-marbella.com\/de\/standort\/","og_locale":"de_DE","og_type":"article","og_title":"Locatie - Soleil Marbella","og_url":"https:\/\/soleil-marbella.com\/de\/standort\/","og_site_name":"Soleil Marbella","article_modified_time":"2025-04-18T10:39:32+00:00","og_image":[{"width":2560,"height":1800,"url":"https:\/\/soleil-marbella.com\/wp-content\/uploads\/sites\/50\/2022\/10\/soleil_1-scaled.jpg","type":"image\/jpeg"}],"twitter_card":"summary_large_image","twitter_misc":{"Gesch\u00e4tzte Lesezeit":"4\u00a0Minuten"},"schema":{"@context":"https:\/\/schema.org","@graph":[{"@type":"WebPage","@id":"https:\/\/soleil-marbella.com\/locatie\/","url":"https:\/\/soleil-marbella.com\/locatie\/","name":"Lage - Soleil Marbella","isPartOf":{"@id":"https:\/\/soleil-marbella.com\/#website"},"primaryImageOfPage":{"@id":"https:\/\/soleil-marbella.com\/locatie\/#primaryimage"},"image":{"@id":"https:\/\/soleil-marbella.com\/locatie\/#primaryimage"},"thumbnailUrl":"https:\/\/soleil-marbella.com\/wp-content\/uploads\/sites\/50\/2022\/10\/soleil_1-scaled.jpg","datePublished":"2022-01-27T10:58:35+00:00","dateModified":"2025-04-18T10:39:32+00:00","breadcrumb":{"@id":"https:\/\/soleil-marbella.com\/locatie\/#breadcrumb"},"inLanguage":"de","potentialAction":[{"@type":"ReadAction","target":["https:\/\/soleil-marbella.com\/locatie\/"]}]},{"@type":"ImageObject","inLanguage":"de","@id":"https:\/\/soleil-marbella.com\/locatie\/#primaryimage","url":"https:\/\/soleil-marbella.com\/wp-content\/uploads\/sites\/50\/2022\/10\/soleil_1-scaled.jpg","contentUrl":"https:\/\/soleil-marbella.com\/wp-content\/uploads\/sites\/50\/2022\/10\/soleil_1-scaled.jpg","width":2560,"height":1800},{"@type":"BreadcrumbList","@id":"https:\/\/soleil-marbella.com\/locatie\/#breadcrumb","itemListElement":[{"@type":"ListItem","position":1,"name":"Home","item":"https:\/\/soleil-marbella.com\/"},{"@type":"ListItem","position":2,"name":"Locatie"}]},{"@type":"WebSite","@id":"https:\/\/soleil-marbella.com\/#website","url":"https:\/\/soleil-marbella.com\/","name":"Soleil Marbella","description":"Au\u00dfergew\u00f6hnliches Wohnen in Marbella","potentialAction":[{"@type":"SearchAction","target":{"@type":"EntryPoint","urlTemplate":"https:\/\/soleil-marbella.com\/?s={search_term_string}"},"query-input":{"@type":"PropertyValueSpecification","valueRequired":true,"valueName":"search_term_string"}}],"inLanguage":"de"}]}},"_links":{"self":[{"href":"https:\/\/soleil-marbella.com\/de\/wp-json\/wp\/v2\/pages\/97","targetHints":{"allow":["GET"]}}],"collection":[{"href":"https:\/\/soleil-marbella.com\/de\/wp-json\/wp\/v2\/pages"}],"about":[{"href":"https:\/\/soleil-marbella.com\/de\/wp-json\/wp\/v2\/types\/page"}],"author":[{"embeddable":true,"href":"https:\/\/soleil-marbella.com\/de\/wp-json\/wp\/v2\/users\/1"}],"replies":[{"embeddable":true,"href":"https:\/\/soleil-marbella.com\/de\/wp-json\/wp\/v2\/comments?post=97"}],"version-history":[{"count":21,"href":"https:\/\/soleil-marbella.com\/de\/wp-json\/wp\/v2\/pages\/97\/revisions"}],"predecessor-version":[{"id":4256,"href":"https:\/\/soleil-marbella.com\/de\/wp-json\/wp\/v2\/pages\/97\/revisions\/4256"}],"wp:featuredmedia":[{"embeddable":true,"href":"https:\/\/soleil-marbella.com\/de\/wp-json\/wp\/v2\/media\/4223"}],"wp:attachment":[{"href":"https:\/\/soleil-marbella.com\/de\/wp-json\/wp\/v2\/media?parent=97"}],"curies":[{"name":"wp","href":"https:\/\/api.w.org\/{rel}","templated":true}]}}