{"id":2786,"date":"2016-06-13T10:25:58","date_gmt":"2016-06-13T10:25:58","guid":{"rendered":"http:\/\/nixe-demo1.rtthemes.com\/?page_id=2786"},"modified":"2025-06-26T14:51:19","modified_gmt":"2025-06-26T14:51:19","slug":"home","status":"publish","type":"page","link":"https:\/\/soleil-marbella.com\/de\/","title":{"rendered":"Heim"},"content":{"rendered":"<section class=\"wpb-content-wrapper\"><div  class=\"content_row row vc_row wpb_row  default-style fullwidth\" >\n\t\n\t<div class=\"content_row_wrapper nopadding fullwidth\" >\n\t<div id=\"asdasd\" class=\"vc_col-sm-12 wpb_column vc_column_container nopadding\" >\n\t<div class=\"vc_column-inner\">\n\t\t<div class=\"wpb_wrapper\" >\n\t\t\t<div id=\"content-slider-177427\" class=\"rt-carousel main-carousel carousel-holder clearfix\" data-item-width=\"1\" data-mobile-height=\"350\" data-nav=\"true\" data-dots=\"\" data-parallax=\"true\" data-timeout=\"15000\" data-autoplay=\"true\">\n<div class=\"owl-carousel\">\n\n\t\t<div class=\"item has-bg-image  global-style\" style=\"min-height: 700px;\">\n\t\t\t<a href=\"\/de\/mehr-informationen\/\" target=\"_self\" title=\"\"><\/a>\n\t\t\t \n\t\t\t\t\t\t<div class=\"slide-content-wrapper fullwidth clearfix\" style=\"min-height: 700px;\">\n\t\t\t\t\t\t\t<div class=\"slide-content  left text-center\" style=\"width: 50%;background-color: #ffffff;\">\t\t\t\n\t\t\t\t\t\t\t\t<h2 class=\"slide_heading\" style=\"font-size:24px; line-height:32px\" data-mobile-value=\"28\" data-mobile-line-height=\"1.5\">Soleil Marbella<\/h2>\n\t\t\t\t\t\t\t\t<span class=\"slide_sub_heading secondary-font\"    data-mobile-value=\"22\" data-mobile-line-height=\"1\">Altos de los Monteros - Marbella<\/span>\n\t\t\t\t\t\t\t\t<div class=\"slide-text\"><p>April 2025 \u2013 Verkaufsstart! Das prestigetr\u00e4chtige Projekt Soleil Marbella in der Gegend Altos de los Monteros. Ein moderner und exklusiver Wohnkomplex mit 80 H\u00e4usern, der die perfekte Balance zwischen Privatsph\u00e4re, Komfort und Ruhe f\u00fcr die ganze Familie bietet.<\/p>\n<\/div>\n\t\t\t\t\t\t\t\t\n\t\t\t\t\t\t\t\t\n\t\t\t\t\t\t\t<\/div>\n\t\t\t\t\t\t<\/div> \n\t\t\t\t\n\t\t\t<div class=\"slide-background\" style=\"background-image: url(https:\/\/soleil-marbella.com\/wp-content\/uploads\/sites\/50\/2025\/06\/Header-Soleil.png);background-repeat: no-repeat;background-size: cover;background-position: center center;\"><\/div>\n\t\t<\/div><\/div>\n\n<\/div>\n\n\t\t<\/div>\n\t<\/div>\n\t<\/div>\n\n<\/div>\n<\/div>\n\n<div  class=\"content_row row cta-slider vc_row wpb_row  default-style fullwidth\" >\n\t\n\t<div class=\"content_row_wrapper  fullwidth\" style=\"padding-top:0px;padding-bottom:0px;\">\n\t<div id=\"asdasd\" class=\"vc_col-sm-6 vc_col-md-offset-9 vc_col-md-3 vc_col-sm-offset-6 vc_col-xs-12 wpb_column vc_column_container alt-style-1 has-custom-margin has-nmargin\" style=\"margin-top:-107px;\">\n\t<div class=\"vc_column-inner\" style=\"padding-top:20px;padding-bottom:20px;padding-left:20px;padding-right:20px;\">\n\t\t<div class=\"wpb_wrapper\" >\n\t\t\t<div class=\"button_wrapper align hero\"><a  href=\"\/de\/mehr-informationen\/\" target=\"_self\" title=\"Buch\" class=\"button_  style-3 hero\">Mehr Info<\/a><\/div>\n\t\t<\/div>\n\t<\/div>\n\t<\/div>\n\n<\/div>\n<\/div>\n\n<div id=\"highlights\" class=\"content_row row vc_row wpb_row  default-style fullwidth fixed_heights rt-flex-wrapper has-custom-margin border-top\" style=\"margin-top:40px;\">\n\t\n\t<div class=\"content_row_wrapper  fullwidth\" style=\"padding-top:20px;padding-bottom:20px;\"><div id=\"asdasd\" class=\"vc_col-sm-3 wpb_column vc_column_container border-right mobile-border-bottom custom_bg\" >\n\t<div class=\"vc_column-inner\" style=\"padding-top:30px;padding-bottom:30px;background-color: rgba(255,255,255,0.1);\">\n\t\t<div class=\"wpb_wrapper\" >\n\t\t\t<article  class=\"icon-content-box content-box icon-top icon-style-1\"><div class=\"icon-holder\"><span class=\"icon-line-globe\"><\/span><\/div><div class=\"text-holder\"><h3 class=\"heading\">Stilvolle Apartments<\/h3> <p class=\"aligncenter\"><strong>Soleil bietet Apartments mit 2 und 3 Schlafzimmern<\/strong>, gro\u00dfz\u00fcgige Terrassen und Duplex-Penth\u00e4user mit Terrasse und Dachterrasse. Die Innenr\u00e4ume dieser einzigartigen H\u00e4user bestechen durch ihre Helligkeit und hochwertige Ausstattung.<\/p>\n<p class=\"aligncenter\">&nbsp;<\/p>\n<p class=\"aligncenter\"><a href=\"https:\/\/soleil-marbella.com\/de\/mehr-informationen\/\"><strong>Informationspaket anfordern &gt;&gt;&gt;<\/strong><\/a><\/p>\n<\/div><\/article>\n\t\t<\/div>\n\t<\/div>\n\t<\/div>\n\n\t<div id=\"asdasd\" class=\"vc_col-sm-3 wpb_column vc_column_container border-right mobile-border-bottom\" >\n\t<div class=\"vc_column-inner\" style=\"padding-top:30px;padding-bottom:30px;\">\n\t\t<div class=\"wpb_wrapper\" >\n\t\t\t<article  class=\"icon-content-box content-box icon-top icon-style-1\"><div class=\"icon-holder\"><span class=\"he icon-line-umbrella icon-new-heart-1\"><\/span><\/div><div class=\"text-holder\"><h3 class=\"heading\">Exklusive Gemeinschaftsbereiche<\/h3> <p class=\"aligncenter\">Die Gemeinschaftsbereiche sind so gestaltet, dass sie die Lebensqualit\u00e4t verbessern. Sie verf\u00fcgen \u00fcber einen Au\u00dfenpool und einen beheizten Innenpool, ein Fitnessstudio, ein Spa und ein T\u00fcrkisches Bad, einen Co-Working-Space und einen Social Club.<\/p>\n<p class=\"aligncenter\">&nbsp;<\/p>\n<p class=\"aligncenter\"><a href=\"https:\/\/soleil-marbella.com\/de\/mehr-informationen\/\"><strong>Informationspaket anfordern &gt;&gt;&gt;<\/strong><\/a><\/p>\n<\/div><\/article>\n\t\t<\/div>\n\t<\/div>\n\t<\/div>\n\n\t<div id=\"asdasd\" class=\"vc_col-sm-3 wpb_column vc_column_container border-right mobile-border-bottom custom_bg\" >\n\t<div class=\"vc_column-inner\" style=\"padding-top:30px;padding-bottom:30px;background-color: rgba(255,255,255,0.1);\">\n\t\t<div class=\"wpb_wrapper\" >\n\t\t\t<article  class=\"icon-content-box content-box icon-top icon-style-1\"><div class=\"icon-holder\"><span class=\"icon-golf\"><\/span><\/div><div class=\"text-holder\"><h3 class=\"heading\">\u00dcber Altos de Los Monteros - Marbella<\/h3> <p class=\"aligncenter\">Altos de Los Monteros ist ein exklusives Wohngebiet in den H\u00fcgeln \u00f6stlich von Marbella. Es ist f\u00fcr seinen spektakul\u00e4ren Panoramablick auf das Mittelmeer und die Berge bekannt und bietet haupts\u00e4chlich Luxusvillen und -apartments in einer ruhigen, gr\u00fcnen und sicheren Umgebung mit viel Privatsph\u00e4re.<\/p>\n<p class=\"aligncenter\">&nbsp;<\/p>\n<p class=\"aligncenter\"><strong><a href=\"https:\/\/soleil-marbella.com\/de\/mehr-informationen\/\">Informationspaket anfordern &gt;&gt;&gt;<\/a><\/strong><\/p>\n<\/div><\/article>\n\t\t<\/div>\n\t<\/div>\n\t<\/div>\n\n\t<div id=\"asdasd\" class=\"vc_col-sm-3 wpb_column vc_column_container mobile-border-bottom\" >\n\t<div class=\"vc_column-inner\" style=\"padding-top:30px;padding-bottom:30px;padding-left:30px;padding-right:30px;\">\n\t\t<div class=\"wpb_wrapper\" >\n\t\t\t<article  class=\"icon-content-box content-box icon-top icon-style-1\"><div class=\"icon-holder\"><span class=\"icon-star-empty-1\"><\/span><\/div><div class=\"text-holder\"><h3 class=\"heading\">Verf\u00fcgbare H\u00e4user und Preise anfragen<\/h3> <div class=\"Z26q7c UK95Uc VGXe8\" data-content-feature=\"1\">\n<div class=\"VwiC3b yXK7lf MUxGbd yDYNvb lyLwlc\">\n<p class=\"aligncenter\">Fordern Sie das Informationspaket mit detaillierten Daten wie Qualit\u00e4tsspezifikationen, Brosch\u00fcren, Planungs- und Grundrissen usw. an. Juni 2024 \u2013 Preise ab 605.000 \u20ac<\/p>\n<p class=\"aligncenter\"><strong><a href=\"https:\/\/soleil-marbella.com\/de\/mehr-informationen\/\">Informationspaket anfordern &gt;&gt;&gt;<\/a><\/strong><\/p>\n<\/div>\n<\/div>\n<div class=\"Z26q7c UK95Uc VGXe8\" data-content-feature=\"2\">\n<div class=\"fG8Fp uo4vr\"><\/div>\n<\/div>\n<\/div><\/article>\n\t\t<\/div>\n\t<\/div>\n\t<\/div>\n<\/div>\n<\/div>\n\n<div  class=\"content_row row quote-row vc_row wpb_row  default-style fullwidth has-custom-margin has-custom-margin\" style=\"margin-bottom:50px;background-color: #fcfcfc;\">\n\t\n\t<div class=\"content_row_wrapper  fullwidth\" >\n\t<div id=\"asdasd\" class=\"vc_col-sm-12 wpb_column vc_column_container vc_custom_1644925648982\" >\n\t<div class=\"vc_column-inner\">\n\t\t<div class=\"wpb_wrapper\" >\n\t\t\t<div class=\"rt_heading_wrapper style-3\">\n\t\t\t\t\t\t<h4 class=\"rt_heading serif style-3\" >Der Verkauf von Soleil Marbella hat begonnen \u2013 Sie haben die Chance, bei diesem wundersch\u00f6nen Projekt die erste Wahl zu haben. <\/h4> \n\t\t\t\t\t<\/div>\n\t\t<\/div>\n\t<\/div>\n\t<\/div>\n\n<\/div>\n<\/div>\n\n<div  class=\"content_row row room-list vc_row wpb_row  default-style fullwidth\" >\n\t\n\t<div class=\"content_row_wrapper  fullwidth\" >\n\t<div id=\"asdasd\" class=\"vc_col-sm-12 wpb_column vc_column_container\" >\n\t<div class=\"vc_column-inner\">\n\t\t<div class=\"wpb_wrapper\" >\n\t\t\t\n\t<div class=\"wpb_text_column wpb_content_element  vc_custom_1648208307727\" >\n\t\t<div class=\"wpb_wrapper\">\n\t\t\t<div class=\"rt-gallery clearfix grid4fotos fixed_heights animated-layout\">\n\t<div class=\"row clearfix\">\n\t\t\n\n\t\t<div class=\"col col-sm-3 col-xs-12 col-fotos\">\n\t\t\t<!-- room info -->\n\n\t\t\t<div class=\"room-info has-bg-image gallery-item-holder\"\n\t\t\t\t data-thumbnail=\"https:\/\/soleil-marbella.com\/wp-content\/uploads\/sites\/50\/2022\/10\/SOLEIL-MARBELLA-view-scaled.png\"\n\t\t\t\t data-min-height=\"350\" style=\"min-height: 350px;\">\n\n\t\t\t\t<div class=\"room-info-wrapper\" style=\"top: calc(50% - 175px);\">\n\n\t\t\t\t\t<!-- title-->\n\t\t\t\t\t<h5 class=\"room-title\"><a href=\"https:\/\/soleil-marbella.com\/wp-content\/uploads\/sites\/50\/2022\/10\/SOLEIL-MARBELLA-view-scaled.png\" title=\"Soleil Marbella\" rel=\"bookmark\">Soleil Marbella<\/a><\/h5>\n\n\t\t\t\t\t<!-- text-->\n\t\t\t\t\t<p><a id=\"\" class=\"imgeffect zoom rt_lightbox\" data-gal-id=\"\" data-rel=\"rt_lightbox\"\n\t\t\t\t\t\t  title=\"Bild vergr\u00f6\u00dfern\" data-title=\"Soleil Marbella\" data-sub-html=\"\" data-src=\"\" data-width=\"\"\n\t\t\t\t\t\t  data-height=\"\" data-poster=\"\" data-autoplay=\"\" data-audiotitle=\"\" data-download-url=\"false\"\n\t\t\t\t\t\t  href=\"https:\/\/soleil-marbella.com\/wp-content\/uploads\/sites\/50\/2022\/10\/SOLEIL-MARBELLA-view-scaled.png\">Foto ansehen<\/a><\/p>\n\t\t\t\t\t<!-- key features -->\n\n\n\t\t\t\t\t<!-- button -->\n\t\t\t\t\t<a class=\"button_ style-2 small margin-t30\"\n\t\t\t\t\t   href=\"https:\/\/soleil-marbella.com\/wp-content\/uploads\/sites\/50\/2022\/10\/SOLEIL-MARBELLA-view-scaled.png\" title=\"Soleil Marbella\"><span class=\"icon-angle-right\"><\/span>mehr Details<\/a>\n\n\n\t\t\t\t<\/div>\n\t\t\t\t<!--\/ end .room-info-wrapper -->\n\n\n\t\t\t\t<!-- single title-->\n\t\t\t\t<div class=\"room-single-title\">Soleil Marbella<\/div>\n\n\t\t\t\t<!-- overlay background -->\n\t\t\t\t<div class=\"room-bg-ovelay\"\n\t\t\t\t\t style=\"background-image: url(&quot;https:\/\/soleil-marbella.com\/wp-content\/uploads\/sites\/50\/2022\/10\/SOLEIL-MARBELLA-view-scaled.png&quot;);\">\n\t\t\t\t<\/div>\n\n\t\t\t<\/div>\n\t\t\t<!--\/ end .room-info -->\n\t\t<\/div>\n\n\t\t\n\n\t\t<div class=\"col col-sm-3 col-xs-12 col-fotos\">\n\t\t\t<!-- room info -->\n\n\t\t\t<div class=\"room-info has-bg-image gallery-item-holder\"\n\t\t\t\t data-thumbnail=\"https:\/\/soleil-marbella.com\/wp-content\/uploads\/sites\/50\/2025\/04\/SOLEIL-MARBELLA-NIGHTVIEW.png\"\n\t\t\t\t data-min-height=\"350\" style=\"min-height: 350px;\">\n\n\t\t\t\t<div class=\"room-info-wrapper\" style=\"top: calc(50% - 175px);\">\n\n\t\t\t\t\t<!-- title-->\n\t\t\t\t\t<h5 class=\"room-title\"><a href=\"https:\/\/soleil-marbella.com\/wp-content\/uploads\/sites\/50\/2025\/04\/SOLEIL-MARBELLA-NIGHTVIEW.png\" title=\"Soleil Marbella bei Nacht\" rel=\"bookmark\">Soleil Marbella bei Nacht<\/a><\/h5>\n\n\t\t\t\t\t<!-- text-->\n\t\t\t\t\t<p><a id=\"\" class=\"imgeffect zoom rt_lightbox\" data-gal-id=\"\" data-rel=\"rt_lightbox\"\n\t\t\t\t\t\t  title=\"Bild vergr\u00f6\u00dfern\" data-title=\"Soleil Marbella by night\" data-sub-html=\"\" data-src=\"\" data-width=\"\"\n\t\t\t\t\t\t  data-height=\"\" data-poster=\"\" data-autoplay=\"\" data-audiotitle=\"\" data-download-url=\"false\"\n\t\t\t\t\t\t  href=\"https:\/\/soleil-marbella.com\/wp-content\/uploads\/sites\/50\/2025\/04\/SOLEIL-MARBELLA-NIGHTVIEW.png\">Foto ansehen<\/a><\/p>\n\t\t\t\t\t<!-- key features -->\n\n\n\t\t\t\t\t<!-- button -->\n\t\t\t\t\t<a class=\"button_ style-2 small margin-t30\"\n\t\t\t\t\t   href=\"https:\/\/soleil-marbella.com\/wp-content\/uploads\/sites\/50\/2025\/04\/SOLEIL-MARBELLA-NIGHTVIEW.png\" title=\"Soleil Marbella bei Nacht\"><span class=\"icon-angle-right\"><\/span>mehr Details<\/a>\n\n\n\t\t\t\t<\/div>\n\t\t\t\t<!--\/ end .room-info-wrapper -->\n\n\n\t\t\t\t<!-- single title-->\n\t\t\t\t<div class=\"room-single-title\">Soleil Marbella bei Nacht<\/div>\n\n\t\t\t\t<!-- overlay background -->\n\t\t\t\t<div class=\"room-bg-ovelay\"\n\t\t\t\t\t style=\"background-image: url(&quot;https:\/\/soleil-marbella.com\/wp-content\/uploads\/sites\/50\/2025\/04\/SOLEIL-MARBELLA-NIGHTVIEW.png&quot;);\">\n\t\t\t\t<\/div>\n\n\t\t\t<\/div>\n\t\t\t<!--\/ end .room-info -->\n\t\t<\/div>\n\n\t\t\n\n\t\t<div class=\"col col-sm-3 col-xs-12 col-fotos\">\n\t\t\t<!-- room info -->\n\n\t\t\t<div class=\"room-info has-bg-image gallery-item-holder\"\n\t\t\t\t data-thumbnail=\"https:\/\/soleil-marbella.com\/wp-content\/uploads\/sites\/50\/2025\/04\/SOLEIL-MARBELLA-SEAVIEW-scaled.png\"\n\t\t\t\t data-min-height=\"350\" style=\"min-height: 350px;\">\n\n\t\t\t\t<div class=\"room-info-wrapper\" style=\"top: calc(50% - 175px);\">\n\n\t\t\t\t\t<!-- title-->\n\t\t\t\t\t<h5 class=\"room-title\"><a href=\"https:\/\/soleil-marbella.com\/wp-content\/uploads\/sites\/50\/2025\/04\/SOLEIL-MARBELLA-SEAVIEW-scaled.png\" title=\"Soleil Marbella Terrasse\" rel=\"bookmark\">Soleil Marbella Terrasse<\/a><\/h5>\n\n\t\t\t\t\t<!-- text-->\n\t\t\t\t\t<p><a id=\"\" class=\"imgeffect zoom rt_lightbox\" data-gal-id=\"\" data-rel=\"rt_lightbox\"\n\t\t\t\t\t\t  title=\"Bild vergr\u00f6\u00dfern\" data-title=\"Soleil Marbella Terrace\" data-sub-html=\"\" data-src=\"\" data-width=\"\"\n\t\t\t\t\t\t  data-height=\"\" data-poster=\"\" data-autoplay=\"\" data-audiotitle=\"\" data-download-url=\"false\"\n\t\t\t\t\t\t  href=\"https:\/\/soleil-marbella.com\/wp-content\/uploads\/sites\/50\/2025\/04\/SOLEIL-MARBELLA-SEAVIEW-scaled.png\">Foto ansehen<\/a><\/p>\n\t\t\t\t\t<!-- key features -->\n\n\n\t\t\t\t\t<!-- button -->\n\t\t\t\t\t<a class=\"button_ style-2 small margin-t30\"\n\t\t\t\t\t   href=\"https:\/\/soleil-marbella.com\/wp-content\/uploads\/sites\/50\/2025\/04\/SOLEIL-MARBELLA-SEAVIEW-scaled.png\" title=\"Soleil Marbella Terrasse\"><span class=\"icon-angle-right\"><\/span>mehr Details<\/a>\n\n\n\t\t\t\t<\/div>\n\t\t\t\t<!--\/ end .room-info-wrapper -->\n\n\n\t\t\t\t<!-- single title-->\n\t\t\t\t<div class=\"room-single-title\">Soleil Marbella Terrasse<\/div>\n\n\t\t\t\t<!-- overlay background -->\n\t\t\t\t<div class=\"room-bg-ovelay\"\n\t\t\t\t\t style=\"background-image: url(&quot;https:\/\/soleil-marbella.com\/wp-content\/uploads\/sites\/50\/2025\/04\/SOLEIL-MARBELLA-SEAVIEW-scaled.png&quot;);\">\n\t\t\t\t<\/div>\n\n\t\t\t<\/div>\n\t\t\t<!--\/ end .room-info -->\n\t\t<\/div>\n\n\t\t\n\n\t\t<div class=\"col col-sm-3 col-xs-12 col-fotos\">\n\t\t\t<!-- room info -->\n\n\t\t\t<div class=\"room-info has-bg-image gallery-item-holder\"\n\t\t\t\t data-thumbnail=\"https:\/\/soleil-marbella.com\/wp-content\/uploads\/sites\/50\/2022\/10\/soleil_1-scaled.jpg\"\n\t\t\t\t data-min-height=\"350\" style=\"min-height: 350px;\">\n\n\t\t\t\t<div class=\"room-info-wrapper\" style=\"top: calc(50% - 175px);\">\n\n\t\t\t\t\t<!-- title-->\n\t\t\t\t\t<h5 class=\"room-title\"><a href=\"https:\/\/soleil-marbella.com\/wp-content\/uploads\/sites\/50\/2022\/10\/soleil_1-scaled.jpg\" title=\"Soleil Marbella\" rel=\"bookmark\">Soleil Marbella<\/a><\/h5>\n\n\t\t\t\t\t<!-- text-->\n\t\t\t\t\t<p><a id=\"\" class=\"imgeffect zoom rt_lightbox\" data-gal-id=\"\" data-rel=\"rt_lightbox\"\n\t\t\t\t\t\t  title=\"Bild vergr\u00f6\u00dfern\" data-title=\"Soleil Marbella\" data-sub-html=\"\" data-src=\"\" data-width=\"\"\n\t\t\t\t\t\t  data-height=\"\" data-poster=\"\" data-autoplay=\"\" data-audiotitle=\"\" data-download-url=\"false\"\n\t\t\t\t\t\t  href=\"https:\/\/soleil-marbella.com\/wp-content\/uploads\/sites\/50\/2022\/10\/soleil_1-scaled.jpg\">Foto ansehen<\/a><\/p>\n\t\t\t\t\t<!-- key features -->\n\n\n\t\t\t\t\t<!-- button -->\n\t\t\t\t\t<a class=\"button_ style-2 small margin-t30\"\n\t\t\t\t\t   href=\"https:\/\/soleil-marbella.com\/wp-content\/uploads\/sites\/50\/2022\/10\/soleil_1-scaled.jpg\" title=\"Soleil Marbella\"><span class=\"icon-angle-right\"><\/span>mehr Details<\/a>\n\n\n\t\t\t\t<\/div>\n\t\t\t\t<!--\/ end .room-info-wrapper -->\n\n\n\t\t\t\t<!-- single title-->\n\t\t\t\t<div class=\"room-single-title\">Soleil Marbella<\/div>\n\n\t\t\t\t<!-- overlay background -->\n\t\t\t\t<div class=\"room-bg-ovelay\"\n\t\t\t\t\t style=\"background-image: url(&quot;https:\/\/soleil-marbella.com\/wp-content\/uploads\/sites\/50\/2022\/10\/soleil_1-scaled.jpg&quot;);\">\n\t\t\t\t<\/div>\n\n\t\t\t<\/div>\n\t\t\t<!--\/ end .room-info -->\n\t\t<\/div>\n\n\t\t\n\n\t\t<div class=\"col col-sm-3 col-xs-12 col-fotos\">\n\t\t\t<!-- room info -->\n\n\t\t\t<div class=\"room-info has-bg-image gallery-item-holder\"\n\t\t\t\t data-thumbnail=\"https:\/\/soleil-marbella.com\/wp-content\/uploads\/sites\/50\/2025\/03\/soleil_2-scaled.jpg\"\n\t\t\t\t data-min-height=\"350\" style=\"min-height: 350px;\">\n\n\t\t\t\t<div class=\"room-info-wrapper\" style=\"top: calc(50% - 175px);\">\n\n\t\t\t\t\t<!-- title-->\n\t\t\t\t\t<h5 class=\"room-title\"><a href=\"https:\/\/soleil-marbella.com\/wp-content\/uploads\/sites\/50\/2025\/03\/soleil_2-scaled.jpg\" title=\"Soleil Marbella\" rel=\"bookmark\">Soleil Marbella<\/a><\/h5>\n\n\t\t\t\t\t<!-- text-->\n\t\t\t\t\t<p><a id=\"\" class=\"imgeffect zoom rt_lightbox\" data-gal-id=\"\" data-rel=\"rt_lightbox\"\n\t\t\t\t\t\t  title=\"Bild vergr\u00f6\u00dfern\" data-title=\"Soleil Marbella\" data-sub-html=\"\" data-src=\"\" data-width=\"\"\n\t\t\t\t\t\t  data-height=\"\" data-poster=\"\" data-autoplay=\"\" data-audiotitle=\"\" data-download-url=\"false\"\n\t\t\t\t\t\t  href=\"https:\/\/soleil-marbella.com\/wp-content\/uploads\/sites\/50\/2025\/03\/soleil_2-scaled.jpg\">Foto ansehen<\/a><\/p>\n\t\t\t\t\t<!-- key features -->\n\n\n\t\t\t\t\t<!-- button -->\n\t\t\t\t\t<a class=\"button_ style-2 small margin-t30\"\n\t\t\t\t\t   href=\"https:\/\/soleil-marbella.com\/wp-content\/uploads\/sites\/50\/2025\/03\/soleil_2-scaled.jpg\" title=\"Soleil Marbella\"><span class=\"icon-angle-right\"><\/span>mehr Details<\/a>\n\n\n\t\t\t\t<\/div>\n\t\t\t\t<!--\/ end .room-info-wrapper -->\n\n\n\t\t\t\t<!-- single title-->\n\t\t\t\t<div class=\"room-single-title\">Soleil Marbella<\/div>\n\n\t\t\t\t<!-- overlay background -->\n\t\t\t\t<div class=\"room-bg-ovelay\"\n\t\t\t\t\t style=\"background-image: url(&quot;https:\/\/soleil-marbella.com\/wp-content\/uploads\/sites\/50\/2025\/03\/soleil_2-scaled.jpg&quot;);\">\n\t\t\t\t<\/div>\n\n\t\t\t<\/div>\n\t\t\t<!--\/ end .room-info -->\n\t\t<\/div>\n\n\t\t\n\n\t\t<div class=\"col col-sm-3 col-xs-12 col-fotos\">\n\t\t\t<!-- room info -->\n\n\t\t\t<div class=\"room-info has-bg-image gallery-item-holder\"\n\t\t\t\t data-thumbnail=\"https:\/\/soleil-marbella.com\/wp-content\/uploads\/sites\/50\/2022\/04\/SOLEIL-MARBELLA-POOL-view-scaled.png\"\n\t\t\t\t data-min-height=\"350\" style=\"min-height: 350px;\">\n\n\t\t\t\t<div class=\"room-info-wrapper\" style=\"top: calc(50% - 175px);\">\n\n\t\t\t\t\t<!-- title-->\n\t\t\t\t\t<h5 class=\"room-title\"><a href=\"https:\/\/soleil-marbella.com\/wp-content\/uploads\/sites\/50\/2022\/04\/SOLEIL-MARBELLA-POOL-view-scaled.png\" title=\"Soleil Marbella\" rel=\"bookmark\">Soleil Marbella<\/a><\/h5>\n\n\t\t\t\t\t<!-- text-->\n\t\t\t\t\t<p><a id=\"\" class=\"imgeffect zoom rt_lightbox\" data-gal-id=\"\" data-rel=\"rt_lightbox\"\n\t\t\t\t\t\t  title=\"Bild vergr\u00f6\u00dfern\" data-title=\"Soleil Marbella\" data-sub-html=\"\" data-src=\"\" data-width=\"\"\n\t\t\t\t\t\t  data-height=\"\" data-poster=\"\" data-autoplay=\"\" data-audiotitle=\"\" data-download-url=\"false\"\n\t\t\t\t\t\t  href=\"https:\/\/soleil-marbella.com\/wp-content\/uploads\/sites\/50\/2022\/04\/SOLEIL-MARBELLA-POOL-view-scaled.png\">Foto ansehen<\/a><\/p>\n\t\t\t\t\t<!-- key features -->\n\n\n\t\t\t\t\t<!-- button -->\n\t\t\t\t\t<a class=\"button_ style-2 small margin-t30\"\n\t\t\t\t\t   href=\"https:\/\/soleil-marbella.com\/wp-content\/uploads\/sites\/50\/2022\/04\/SOLEIL-MARBELLA-POOL-view-scaled.png\" title=\"Soleil Marbella\"><span class=\"icon-angle-right\"><\/span>mehr Details<\/a>\n\n\n\t\t\t\t<\/div>\n\t\t\t\t<!--\/ end .room-info-wrapper -->\n\n\n\t\t\t\t<!-- single title-->\n\t\t\t\t<div class=\"room-single-title\">Soleil Marbella<\/div>\n\n\t\t\t\t<!-- overlay background -->\n\t\t\t\t<div class=\"room-bg-ovelay\"\n\t\t\t\t\t style=\"background-image: url(&quot;https:\/\/soleil-marbella.com\/wp-content\/uploads\/sites\/50\/2022\/04\/SOLEIL-MARBELLA-POOL-view-scaled.png&quot;);\">\n\t\t\t\t<\/div>\n\n\t\t\t<\/div>\n\t\t\t<!--\/ end .room-info -->\n\t\t<\/div>\n\n\t\t\t<\/div>\n<\/div>\n\n\n\t\t<\/div>\n\t<\/div>\n<div class=\"vc_empty_space\"   style=\"height: 36px\"><span class=\"vc_empty_space_inner\"><\/span><\/div><div class=\"button_wrapper aligncenter\"><a  href=\"\/de\/fotos\/\" target=\"_self\" title=\"&gt; weitere Fotos\" class=\"button_  style-2 small\">&gt; weitere Fotos<\/a><\/div>\n\t\t<\/div>\n\t<\/div>\n\t<\/div>\n\n<\/div>\n<\/div>\n\n<div  class=\"content_row row news-events vc_row wpb_row  default-style fullwidth fixed_heights rt-flex-wrapper rt-flex-wrapper border-top\" >\n\t\n\t<div class=\"content_row_wrapper align-contents content-align-middle fullwidth\" style=\"padding-top:40px;padding-bottom:40px;\">\n\t<div id=\"asdasd\" class=\"vc_col-sm-12 wpb_column vc_column_container\" >\n\t<div class=\"vc_column-inner\" style=\"padding-top:50px;\">\n\t\t<div class=\"wpb_wrapper\" >\n\t\t\t<div class=\"rt_heading_wrapper style-4\">\n\t\t\t\t\t\t<h3 class=\"rt_heading  style-4\" >Ein OFFENER ORT f\u00fcr die WELT<\/h3> \n\t\t\t\t\t<\/div>\n\t<div class=\"wpb_text_column wpb_content_element\" >\n\t\t<div class=\"wpb_wrapper\">\n\t\t\t<p style=\"text-align: center;\">Gro\u00dfz\u00fcgige Terrasse mit Bar, von der aus Sie einen fantastischen Blick auf das Mittelmeer genie\u00dfen k\u00f6nnen.<\/p>\n\n\t\t<\/div>\n\t<\/div>\n<div class=\"vc_empty_space\"   style=\"height: 40px\"><span class=\"vc_empty_space_inner\"><\/span><\/div>\n<div id=\"blog-dynamicID-214980\" class=\"blog_list clearfix fixed_heights\" data-column-width=\"4\">\n<div class=\"row clearfix\">\n<article id=\"2881\" class=\"col col-sm-3 post-2881 post type-post status-publish format-gallery has-post-thumbnail hentry category-events category-news post_format-post-format-gallery\">\n \n\n<!-- blog box-->\n\t\n\t\t<figure class=\"featured_image featured_media\">\n\t\t<a id=\"featured-image-2881\" class=\"imgeffect zoom rt_lightbox featured_image\" data-gal-id=\"image_4242\" data-rel=\"rt_lightbox\" title=\"Bild vergr\u00f6\u00dfern\" data-title=\"Altos de los Monteros\" data-sub-html=\"\" data-src=\"\" data-width=\"\" data-height=\"\" data-poster=\"\" data-autoplay=\"\" data-audiotitle=\"\" data-download-url=\"false\" href=\"https:\/\/soleil-marbella.com\/wp-content\/uploads\/sites\/50\/2016\/06\/Altosdelosmonteros.jpg\"><img decoding=\"async\" src=\"https:\/\/soleil-marbella.com\/wp-content\/uploads\/sites\/50\/2016\/06\/Altosdelosmonteros-480x318.jpg\" alt=\"Altos de los Monteros Marbella\" class=\"\" \/><\/a>\t<\/figure> \n\t\n\t \n\n\t\n\t<div class=\"entry-content text no-post-sidebar\">\n\n\t\t<!-- blog headline-->\n\t\t<h6 class=\"entry-title\"><a href=\"https:\/\/soleil-marbella.com\/de\/angelkurse-beginnen-im-juli\/\" rel=\"bookmark\">Die Altos der Monteros<\/a><\/h6> \n\t\t\t\t\n\t\t\n\t\t<p>Das Soleil Marbella befindet sich in Altos de Los Monteros. Dies ist eine exklusive Gegend in den gr\u00fcnen H\u00fcgeln von Marbella. In 10 Minuten sind Sie im Zentrum von Marbella und in 5 Minuten am Strand. Das Viertel liegt zwischen gesch\u00fctzten Gr\u00fcnfl\u00e4chen und bietet viele M\u00f6glichkeiten zum Spazierengehen oder Genie\u00dfen der Natur. Altos \u2026 <a class=\"more-link\" href=\"https:\/\/soleil-marbella.com\/de\/angelkurse-beginnen-im-juli\/\">Weiterlesen<\/a><\/p>\n\n\t<\/div> \n<!-- \/ blog box--><\/article>\n<article id=\"2880\" class=\"col col-sm-3 post-2880 post type-post status-publish format-standard has-post-thumbnail hentry category-events category-news\">\n \n\n<!-- blog box-->\n\n\t\t<figure class=\"featured_image featured_media\">\n\t\t<a id=\"lightbox-539575\" class=\"imgeffect zoom rt_lightbox featured_image\" data-gal-id=\"image_4164\" data-rel=\"rt_lightbox\" title=\"Bild vergr\u00f6\u00dfern\" data-title=\"Golfbanen nabij Soleil Marbella\" data-sub-html=\"\" data-src=\"\" data-width=\"\" data-height=\"\" data-poster=\"\" data-autoplay=\"\" data-audiotitle=\"\" data-download-url=\"false\" href=\"https:\/\/soleil-marbella.com\/wp-content\/uploads\/sites\/50\/2016\/06\/golf.jpg\"><img decoding=\"async\" src=\"https:\/\/soleil-marbella.com\/wp-content\/uploads\/sites\/50\/2016\/06\/golf.jpg\" alt=\"\" class=\"\" \/><\/a>\t\t\n\t<\/figure> \n\t\n\n\t\n\t<div class=\"entry-content text no-post-sidebar\">\n\n\t\t<!-- blog headline-->\n\t\t<h6 class=\"entry-title\"><a href=\"https:\/\/soleil-marbella.com\/de\/aliquam-vestibulum-sem-turpis\/\" rel=\"bookmark\">Golfpl\u00e4tze in der N\u00e4he von Soleil Marbella<\/a><\/h6> \n\t\t\t\t\n\t\t\n\t\t<p>Soleil Marbella liegt sehr g\u00fcnstig in der N\u00e4he mehrerer ausgezeichneter Golfpl\u00e4tze. Die n\u00e4chsten liegen praktisch am Fu\u00dfe des H\u00fcgels. Innerhalb von zehn Minuten sind Sie im Rio Real Golf, Santa Clara Golf oder im Marbella Golf &amp; Country Club. Kurz gesagt: F\u00fcr Golfbegeisterte ist Soleil Marbella mit seinen mehreren Spitzenpl\u00e4tzen ein hervorragender Ausgangspunkt \u2026 <a class=\"more-link\" href=\"https:\/\/soleil-marbella.com\/de\/aliquam-vestibulum-sem-turpis\/\">Weiterlesen<\/a><\/p>\n\t<\/div> \n\n<!-- \/ blog box-->\n<\/article>\n<article id=\"2876\" class=\"col col-sm-3 post-2876 post type-post status-publish format-gallery has-post-thumbnail hentry category-news post_format-post-format-gallery\">\n \n\n<!-- blog box-->\n\t\n\t\t<figure class=\"featured_image featured_media\">\n\t\t<a id=\"featured-image-2876\" class=\"imgeffect zoom rt_lightbox featured_image\" data-gal-id=\"image_4252\" data-rel=\"rt_lightbox\" title=\"Bild vergr\u00f6\u00dfern\" data-title=\"Casco Antiguo &#8211; historisch hart Marbella\" data-sub-html=\"\" data-src=\"\" data-width=\"\" data-height=\"\" data-poster=\"\" data-autoplay=\"\" data-audiotitle=\"\" data-download-url=\"false\" href=\"https:\/\/soleil-marbella.com\/wp-content\/uploads\/sites\/50\/2016\/06\/marbella-centro.jpg\"><img decoding=\"async\" src=\"https:\/\/soleil-marbella.com\/wp-content\/uploads\/sites\/50\/2016\/06\/marbella-centro-480x342.jpg\" alt=\"Marbella Center\" class=\"\" \/><\/a>\t<\/figure> \n\t\n\t \n\n\t\n\t<div class=\"entry-content text no-post-sidebar\">\n\n\t\t<!-- blog headline-->\n\t\t<h6 class=\"entry-title\"><a href=\"https:\/\/soleil-marbella.com\/de\/fusce-mattis-lacus-blandit-convallis\/\" rel=\"bookmark\">Casco Antiguo \u2013 historisches Herz von Marbella<\/a><\/h6> \n\t\t\t\t\n\t\t\n\t\t<p>Die Altstadt von Marbella (Casco Antiguo) ist das stimmungsvolle, historische Herz der Stadt. Charakteristisch f\u00fcr die Stadt sind die engen, gewundenen Stra\u00dfen mit den wei\u00dfget\u00fcnchten H\u00e4usern und den bunten Blumen auf den Balkonen. Das gesch\u00e4ftige Zentrum bildet die ber\u00fchmte Plaza de los Naranjos (Orangenplatz). Es ist ein charmanter Ort voller Boutiquen, Tapas-Bars und Restaurants, wo Sie \u2026 <a class=\"more-link\" href=\"https:\/\/soleil-marbella.com\/de\/fusce-mattis-lacus-blandit-convallis\/\">Weiterlesen<\/a><\/p>\n\n\t<\/div> \n<!-- \/ blog box--><\/article>\n<article id=\"2877\" class=\"col col-sm-3 post-2877 post type-post status-publish format-standard has-post-thumbnail hentry category-articles\">\n \n\n<!-- blog box-->\n\n\t\t<figure class=\"featured_image featured_media\">\n\t\t<a id=\"lightbox-219295\" class=\"imgeffect zoom rt_lightbox featured_image\" data-gal-id=\"image_4168\" data-rel=\"rt_lightbox\" title=\"Bild vergr\u00f6\u00dfern\" data-title=\"La playa\" data-sub-html=\"\" data-src=\"\" data-width=\"\" data-height=\"\" data-poster=\"\" data-autoplay=\"\" data-audiotitle=\"\" data-download-url=\"false\" href=\"https:\/\/soleil-marbella.com\/wp-content\/uploads\/sites\/50\/2016\/06\/beach-1.jpg\"><img decoding=\"async\" src=\"https:\/\/soleil-marbella.com\/wp-content\/uploads\/sites\/50\/2016\/06\/beach-1.jpg\" alt=\"\" class=\"\" \/><\/a>\t\t\n\t<\/figure> \n\t\n\n\t\n\t<div class=\"entry-content text no-post-sidebar\">\n\n\t\t<!-- blog headline-->\n\t\t<h6 class=\"entry-title\"><a href=\"https:\/\/soleil-marbella.com\/de\/wichtigkeit-der-planung-einer-reise\/\" rel=\"bookmark\">Der Strand<\/a><\/h6> \n\t\t\t\t\n\t\t\n\t\t<p>Der Strand ist sehr gepflegt und die Gemeinde tut alles, um die Touristen gl\u00fccklich zu machen\u2026es gibt mehrere Strandbars\/Restaurants und einige haben sogar im Winter ge\u00f6ffnet\u2026hier kann ein Kind noch mit Schaufel und Eimer spielen oder die Sonnenanbeter k\u00f6nnen sich einen Liegestuhl mieten mit oder ohne Sonnenschirm... Hunde k\u00f6nnen... <a class=\"more-link\" href=\"https:\/\/soleil-marbella.com\/de\/wichtigkeit-der-planung-einer-reise\/\">Weiterlesen<\/a><\/p>\n\t<\/div> \n\n<!-- \/ blog box-->\n<\/article>\n<\/div>\n<\/div>\n\n\t\t<\/div>\n\t<\/div>\n\t<\/div>\n\n<\/div>\n<\/div>\n<\/section>","protected":false},"excerpt":{"rendered":"<p>\u2026 <a class=\"more-link\" href=\"https:\/\/soleil-marbella.com\/de\/wichtigkeit-der-planung-einer-reise\/\">Weiterlesen<\/a><\/p>","protected":false},"author":1,"featured_media":0,"parent":0,"menu_order":4,"comment_status":"closed","ping_status":"closed","template":"","meta":{"footnotes":""},"class_list":["post-2786","page","type-page","status-publish","hentry"],"yoast_head":"<!-- This site is optimized with the Yoast SEO plugin v26.0 - https:\/\/yoast.com\/wordpress\/plugins\/seo\/ -->\n<title>Home - Soleil Marbella<\/title>\n<meta name=\"robots\" content=\"index, follow, max-snippet:-1, max-image-preview:large, max-video-preview:-1\" \/>\n<link rel=\"canonical\" href=\"https:\/\/soleil-marbella.com\/de\/\" \/>\n<meta property=\"og:locale\" content=\"de_DE\" \/>\n<meta property=\"og:type\" content=\"article\" \/>\n<meta property=\"og:title\" content=\"Home - Soleil Marbella\" \/>\n<meta property=\"og:url\" content=\"https:\/\/soleil-marbella.com\/de\/\" \/>\n<meta property=\"og:site_name\" content=\"Soleil Marbella\" \/>\n<meta property=\"article:modified_time\" content=\"2025-06-26T14:51:19+00:00\" \/>\n<meta name=\"twitter:card\" content=\"summary_large_image\" \/>\n<meta name=\"twitter:label1\" content=\"Gesch\u00e4tzte Lesezeit\" \/>\n\t<meta name=\"twitter:data1\" content=\"4\u00a0Minuten\" \/>\n<script type=\"application\/ld+json\" class=\"yoast-schema-graph\">{\"@context\":\"https:\/\/schema.org\",\"@graph\":[{\"@type\":\"WebPage\",\"@id\":\"https:\/\/soleil-marbella.com\/\",\"url\":\"https:\/\/soleil-marbella.com\/\",\"name\":\"Home - Soleil Marbella\",\"isPartOf\":{\"@id\":\"https:\/\/soleil-marbella.com\/#website\"},\"datePublished\":\"2016-06-13T10:25:58+00:00\",\"dateModified\":\"2025-06-26T14:51:19+00:00\",\"breadcrumb\":{\"@id\":\"https:\/\/soleil-marbella.com\/#breadcrumb\"},\"inLanguage\":\"de\",\"potentialAction\":[{\"@type\":\"ReadAction\",\"target\":[\"https:\/\/soleil-marbella.com\/\"]}]},{\"@type\":\"BreadcrumbList\",\"@id\":\"https:\/\/soleil-marbella.com\/#breadcrumb\",\"itemListElement\":[{\"@type\":\"ListItem\",\"position\":1,\"name\":\"Home\",\"item\":\"https:\/\/soleil-marbella.com\/\"},{\"@type\":\"ListItem\",\"position\":2,\"name\":\"Home\"}]},{\"@type\":\"WebSite\",\"@id\":\"https:\/\/soleil-marbella.com\/#website\",\"url\":\"https:\/\/soleil-marbella.com\/\",\"name\":\"Soleil Marbella\",\"description\":\"Uitzonderlijk wonen in Marbella\",\"potentialAction\":[{\"@type\":\"SearchAction\",\"target\":{\"@type\":\"EntryPoint\",\"urlTemplate\":\"https:\/\/soleil-marbella.com\/?s={search_term_string}\"},\"query-input\":{\"@type\":\"PropertyValueSpecification\",\"valueRequired\":true,\"valueName\":\"search_term_string\"}}],\"inLanguage\":\"de\"}]}<\/script>\n<!-- \/ Yoast SEO plugin. -->","yoast_head_json":{"title":"Startseite - Soleil Marbella","robots":{"index":"index","follow":"follow","max-snippet":"max-snippet:-1","max-image-preview":"max-image-preview:large","max-video-preview":"max-video-preview:-1"},"canonical":"https:\/\/soleil-marbella.com\/de\/","og_locale":"de_DE","og_type":"article","og_title":"Home - Soleil Marbella","og_url":"https:\/\/soleil-marbella.com\/de\/","og_site_name":"Soleil Marbella","article_modified_time":"2025-06-26T14:51:19+00:00","twitter_card":"summary_large_image","twitter_misc":{"Gesch\u00e4tzte Lesezeit":"4\u00a0Minuten"},"schema":{"@context":"https:\/\/schema.org","@graph":[{"@type":"WebPage","@id":"https:\/\/soleil-marbella.com\/","url":"https:\/\/soleil-marbella.com\/","name":"Startseite - Soleil Marbella","isPartOf":{"@id":"https:\/\/soleil-marbella.com\/#website"},"datePublished":"2016-06-13T10:25:58+00:00","dateModified":"2025-06-26T14:51:19+00:00","breadcrumb":{"@id":"https:\/\/soleil-marbella.com\/#breadcrumb"},"inLanguage":"de","potentialAction":[{"@type":"ReadAction","target":["https:\/\/soleil-marbella.com\/"]}]},{"@type":"BreadcrumbList","@id":"https:\/\/soleil-marbella.com\/#breadcrumb","itemListElement":[{"@type":"ListItem","position":1,"name":"Home","item":"https:\/\/soleil-marbella.com\/"},{"@type":"ListItem","position":2,"name":"Home"}]},{"@type":"WebSite","@id":"https:\/\/soleil-marbella.com\/#website","url":"https:\/\/soleil-marbella.com\/","name":"Soleil Marbella","description":"Au\u00dfergew\u00f6hnliches Wohnen in Marbella","potentialAction":[{"@type":"SearchAction","target":{"@type":"EntryPoint","urlTemplate":"https:\/\/soleil-marbella.com\/?s={search_term_string}"},"query-input":{"@type":"PropertyValueSpecification","valueRequired":true,"valueName":"search_term_string"}}],"inLanguage":"de"}]}},"_links":{"self":[{"href":"https:\/\/soleil-marbella.com\/de\/wp-json\/wp\/v2\/pages\/2786","targetHints":{"allow":["GET"]}}],"collection":[{"href":"https:\/\/soleil-marbella.com\/de\/wp-json\/wp\/v2\/pages"}],"about":[{"href":"https:\/\/soleil-marbella.com\/de\/wp-json\/wp\/v2\/types\/page"}],"author":[{"embeddable":true,"href":"https:\/\/soleil-marbella.com\/de\/wp-json\/wp\/v2\/users\/1"}],"replies":[{"embeddable":true,"href":"https:\/\/soleil-marbella.com\/de\/wp-json\/wp\/v2\/comments?post=2786"}],"version-history":[{"count":63,"href":"https:\/\/soleil-marbella.com\/de\/wp-json\/wp\/v2\/pages\/2786\/revisions"}],"predecessor-version":[{"id":4322,"href":"https:\/\/soleil-marbella.com\/de\/wp-json\/wp\/v2\/pages\/2786\/revisions\/4322"}],"wp:attachment":[{"href":"https:\/\/soleil-marbella.com\/de\/wp-json\/wp\/v2\/media?parent=2786"}],"curies":[{"name":"wp","href":"https:\/\/api.w.org\/{rel}","templated":true}]}}