{"id":97,"date":"2022-01-27T10:58:35","date_gmt":"2022-01-27T10:58:35","guid":{"rendered":"http:\/\/cognito.mprinsdesign.nl\/?page_id=97"},"modified":"2025-04-18T10:39:32","modified_gmt":"2025-04-18T10:39:32","slug":"umisteni","status":"publish","type":"page","link":"https:\/\/soleil-marbella.com\/cs\/umisteni\/","title":{"rendered":"Um\u00edst\u011bn\u00ed"},"content":{"rendered":"<section class=\"wpb-content-wrapper\"><div  class=\"content_row row page-content vc_row wpb_row  default-style fullwidth\" >\n\t\n\t<div class=\"content_row_wrapper  default\" >\n\t<div id=\"asdasd\" class=\"vc_col-sm-12 wpb_column vc_column_container\" >\n\t<div class=\"vc_column-inner\">\n\t\t<div class=\"wpb_wrapper\" >\n\t\t\t<div class=\"rt_heading_wrapper no-style\">\n\t\t\t\t\t\t<h1 class=\"rt_heading  no-style\"  style=\"font-size:24px;margin-top:24px;margin-bottom:0px;\">M\u00edsto - <span class=\"after_h1\">Soleil Marbella<\/span><\/h1> \n\t\t\t\t\t<\/div><div class=\"vc_empty_space\"   style=\"height: 32px\"><span class=\"vc_empty_space_inner\"><\/span><\/div><div class=\"vc_separator wpb_content_element vc_separator_align_center vc_sep_width_100 vc_sep_style-4 vc_sep_pos_align_center vc_separator_no_text vc_sep_color_grey\" ><span class=\"vc_sep_holder vc_sep_holder_l\"><span class=\"vc_sep_line\"><\/span><\/span><span class=\"vc_sep_holder vc_sep_holder_r\"><span class=\"vc_sep_line\"><\/span><\/span>\n<\/div>\n\t\t<\/div>\n\t<\/div>\n\t<\/div>\n\n<\/div>\n<\/div>\n\n<div  class=\"content_row row room-list vc_row wpb_row  default-style fullwidth\" >\n\t\n\t<div class=\"content_row_wrapper  fullwidth\" >\n\t<div id=\"asdasd\" class=\"vc_col-sm-12 wpb_column vc_column_container\" >\n\t<div class=\"vc_column-inner\">\n\t\t<div class=\"wpb_wrapper\" >\n\t\t\t<div class=\"google_map_holder\" data-height=\"300\" data-scope=\"#map-115066\" data-bw=\"\">\n\n\t\t\t<div id=\"map-115066\" class=\"google_map\"><\/div>\n\t\t\t<script type=\"text\/javascript\">\n\t\t\t \/* <![CDATA[ *\/ \n\t\t\t\t\/\/ Runs google maps\t\n\t\t\t\t\tjQuery(function() {\n\t\t\t\t\t\tjQuery(\"#map-115066\").rt_maps([[\"Soleil Marbella\", 36.529138, -4.841712, 4,\"\"],],10); \n\t\t\t\t\t});\n\t\t\t\/* ]]> *\/\t\n\t\t\t<\/script>\n\n\t\t<\/div><div class=\"vc_empty_space\"   style=\"height: 180px\"><span class=\"vc_empty_space_inner\"><\/span><\/div>\n\t<div class=\"wpb_text_column wpb_content_element\" >\n\t\t<div class=\"wpb_wrapper\">\n\t\t\t\n\t\t<\/div>\n\t<\/div>\n<div class=\"vc_btn3-container vc_btn3-center\" ><a class=\"vc_general vc_btn3 vc_btn3-size-md vc_btn3-shape-square vc_btn3-style-modern vc_btn3-color-warning\" href=\"https:\/\/soleil-marbella.com\/cs\/vice-informaci\/\" title=\"V\u00edce informac\u00ed\">VY\u017d\u00c1DEJTE CEN\u00cdK P\u0158ED SPU\u0160T\u011aN\u00cdM<\/a><\/div>\n\t<div class=\"wpb_text_column wpb_content_element\" >\n\t\t<div class=\"wpb_wrapper\">\n\t\t\t<h3>Zaj\u00edmav\u00e1 m\u00edsta pobl\u00ed\u017e Soleil Marbella<\/h3>\n<p>Zde je v\u00fdb\u011br pam\u00e1tek v bl\u00edzkosti Soleil Marbella. Kr\u00e1sn\u00fd mix kultury, luxusu, p\u0159\u00edrody, relaxace a praktick\u00e9ho z\u00e1zem\u00ed, v\u0161e snadno dostupn\u00e9.<\/p>\n<ul>\n<li><strong>Star\u00e9 m\u011bsto (Casco Antiguo) v Marbelle: <\/strong>\u00a0Jak ji\u017e bylo zm\u00edn\u011bno, s okouzluj\u00edc\u00edmi uli\u010dkami, n\u00e1m\u011bst\u00edm Plaza de los Naranjos, butiky a tapas bary. Absolutn\u00ed nutnost vid\u011bt.<\/li>\n<li><strong>Puerto Ban\u00fas:<\/strong>\u00a0 Sv\u011btozn\u00e1m\u00fd p\u0159\u00edstav pln\u00fd luxusn\u00edch jachet, zna\u010dkov\u00fdch obchod\u016f, \u0161pi\u010dkov\u00fdch restaurac\u00ed a pulzuj\u00edc\u00ed atmosf\u00e9ry zejm\u00e9na ve ve\u010dern\u00edch hodin\u00e1ch.<\/li>\n<li><strong>Boulevard (Paseo Mar\u00edtimo) v Marbelle:<\/strong>\u00a0 Kr\u00e1sn\u00e1 promen\u00e1da pod\u00e9l pl\u00e1\u017ee, ide\u00e1ln\u00ed pro proch\u00e1zky, cyklistiku, koch\u00e1n\u00ed se v\u00fdhledem na mo\u0159e a zastaven\u00ed v jedn\u00e9 z mnoha pl\u00e1\u017eov\u00fdch restaurac\u00ed chiringuitos.<\/li>\n<li><strong>P\u0159\u00edstav a pl\u00e1\u017e Cabopino:<\/strong>\u00a0 Men\u0161\u00ed, atmosf\u00e9rick\u00fd p\u0159\u00edstav s dobr\u00fdmi restauracemi a kr\u00e1snou pl\u00e1\u017e\u00ed s chr\u00e1n\u011bn\u00fdmi dunami (Artola dunes).<\/li>\n<li><strong>Mijas Pueblo:<\/strong>\u00a0 Ikonick\u00e1 b\u00edl\u00e1 andalusk\u00e1 horsk\u00e1 vesnice (pueblo blanco) s \u00fazk\u00fdmi uli\u010dkami, osl\u00edmi tax\u00edky a fantastick\u00fdm v\u00fdhledem na pob\u0159e\u017e\u00ed.<\/li>\n<li><strong>O\u010di:<\/strong>\u00a0 Dal\u0161\u00ed okouzluj\u00edc\u00ed b\u00edl\u00e1 vesnice, bl\u00ed\u017e ne\u017e Mijas, uhn\u00edzd\u011bn\u00e1 v kopc\u00edch nad Marbellou, zn\u00e1m\u00e1 sv\u00fdm klidem a tradi\u010dn\u00ed atmosf\u00e9rou.<\/li>\n<li><strong>N\u00e1kupn\u00ed centrum La Ca\u00f1ada:<\/strong>\u00a0 Velk\u00e9, modern\u00ed kryt\u00e9 n\u00e1kupn\u00ed centrum se \u0161irokou nab\u00eddkou obchod\u016f, supermarketem, kinem a mo\u017enostmi stravov\u00e1n\u00ed. Hod\u00ed se pro praktick\u00e9 z\u00e1le\u017eitosti nebo kdy\u017e je \u0161patn\u00e9 po\u010das\u00ed.<\/li>\n<\/ul>\n<p>&nbsp;<\/p>\n<h3><strong>&quot;Costa del Golf&quot;<\/strong><\/h3>\n<p>Nebude \u017e\u00e1dn\u00fdm p\u0159ekvapen\u00edm, \u017ee \u2013 uprost\u0159ed \u201eCosta del Golf\u201c \u2013 jsou v bl\u00edzkosti Laguna Mijas kr\u00e1sn\u00e1 golfov\u00e1 h\u0159i\u0161t\u011b. Zde je p\u0159ehled:<\/p>\n<p><em>Golfov\u00e1 h\u0159i\u0161t\u011b v okol\u00ed:<\/em><\/p>\n<p>Soleil Marbella m\u00e1 velmi v\u00fdhodnou polohu v bl\u00edzkosti n\u011bkolika vynikaj\u00edc\u00edch golfov\u00fdch h\u0159i\u0161\u0165. Nejbli\u017e\u0161\u00ed jsou prakticky na \u00fapat\u00ed kopce:<\/p>\n<ol>\n<li><strong>Rio Real Golf:<\/strong>\u00a0To je pravd\u011bpodobn\u011b nejbl\u00ed\u017ee, \u010dasto pouze\u00a0<strong>5 a\u017e 10 minut<\/strong>\u00a0j\u00edzdy (asi 3-5 km), v z\u00e1vislosti na va\u0161\u00ed p\u0159esn\u00e9 poloze v Altos de Los Monteros.<\/li>\n<li><strong>Santa Clara Golf Marbella:<\/strong>\u00a0Tak\u00e9 velmi bl\u00edzko, jen o n\u011bco d\u00e1le na v\u00fdchod ne\u017e Rio Real. Po\u010d\u00edtejte tak\u00e9 s takov\u00fdm\u00a0<strong>5 a\u017e 10 minut<\/strong>\u00a0j\u00edzdy (cca 4-6 km).<\/li>\n<li><strong>Marbella Golf &amp; Country Club:<\/strong>\u00a0Toto h\u0159i\u0161t\u011b je tak\u00e9 nedaleko, jen v\u00fdchodn\u011b od Santa Clary. Doba cesty je mo\u017en\u00e1 podobn\u00e1\u00a0<strong>7 a\u017e 12 minut<\/strong>\u00a0(cca 5-8 km).<\/li>\n<\/ol>\n<p>Stru\u010dn\u011b \u0159e\u010deno, pro golfov\u00e9 nad\u0161ence je Soleil Marbella vynikaj\u00edc\u00ed z\u00e1kladnou s n\u011bkolika \u0161pi\u010dkov\u00fdmi golfov\u00fdmi h\u0159i\u0161ti.<\/p>\n\n\t\t<\/div>\n\t<\/div>\n\n\t<div  class=\"wpb_single_image wpb_content_element vc_align_center\">\n\t\t\n\t\t<figure class=\"wpb_wrapper vc_figure\">\n\t\t\t<div class=\"vc_single_image-wrapper   vc_box_border_grey\"><img fetchpriority=\"high\" decoding=\"async\" width=\"1000\" height=\"412\" src=\"https:\/\/soleil-marbella.com\/wp-content\/uploads\/sites\/50\/2025\/03\/Mijas-Golf-Olivos.png\" class=\"vc_single_image-img attachment-full\" alt=\"Mijas Golf - Olivias\" title=\"Mijas Golf Olivos\" srcset=\"https:\/\/soleil-marbella.com\/wp-content\/uploads\/sites\/50\/2025\/03\/Mijas-Golf-Olivos.png 1000w, https:\/\/soleil-marbella.com\/wp-content\/uploads\/sites\/50\/2025\/03\/Mijas-Golf-Olivos-300x124.png 300w, https:\/\/soleil-marbella.com\/wp-content\/uploads\/sites\/50\/2025\/03\/Mijas-Golf-Olivos-768x316.png 768w, https:\/\/soleil-marbella.com\/wp-content\/uploads\/sites\/50\/2025\/03\/Mijas-Golf-Olivos-18x7.png 18w\" sizes=\"(max-width: 1000px) 100vw, 1000px\" \/><\/div>\n\t\t<\/figure>\n\t<\/div>\n\n\t<div class=\"wpb_text_column wpb_content_element\" >\n\t\t<div class=\"wpb_wrapper\">\n\t\t\t<h3>Pro\u010d zvolit Pre-Launch?<\/h3>\n<ul>\n<li>P\u0159ed spu\u0161t\u011bn\u00edm: Jako prvn\u00ed investor m\u00e1te k dispozici <strong>prvn\u00ed v\u00fdb\u011br z dostupn\u00fdch jednotek<\/strong>, co\u017e v\u00e1m d\u00e1v\u00e1 mo\u017enost vybrat si nemovitost, kter\u00e1 dokonale vyhovuje va\u0161im pot\u0159eb\u00e1m.<\/li>\n<li>Atraktivn\u00ed ceny: Prvn\u00ed f\u00e1ze je <strong>konkurenceschopn\u00e9 ceny, aby rychle p\u0159il\u00e1kaly prvn\u00ed kupuj\u00edc\u00ed<\/strong> a m\u011b\u0159it popt\u00e1vku, d\u00edky \u010demu\u017e je tato f\u00e1ze ide\u00e1ln\u00ed jak pro osobn\u00ed pou\u017eit\u00ed, tak pro investice.<\/li>\n<li>Vysok\u00fd potenci\u00e1l v\u00fdnos\u016f: Historicky<strong> investice v t\u00e9to f\u00e1zi \u010dasto nab\u00edz\u00ed nejvy\u0161\u0161\u00ed v\u00fdnos<\/strong> o investic\u00edch.<\/li>\n<li>Pr\u00e1vn\u00ed pomoc: Pr\u00e1vn\u00ed podpora pro <strong>nez\u00e1visl\u00ed pr\u00e1vn\u00edci<\/strong> kte\u0159\u00ed mluv\u00ed va\u0161\u00edm jazykem.<\/li>\n<li>Bankovn\u00ed z\u00e1ruka:<strong> Finan\u010dn\u00ed zaji\u0161t\u011bn\u00ed<\/strong> a dal\u0161\u00ed pr\u00e1vn\u00ed ochranu<\/li>\n<\/ul>\n<p>V t\u00e9to f\u00e1zi p\u0159ed spu\u0161t\u011bn\u00edm m\u016f\u017eeme <em>zat\u00edm neuv\u00e1d\u00ed v\u0161echny podrobnosti<\/em>. Nyn\u00ed si m\u016f\u017eete nez\u00e1vazn\u011b vy\u017e\u00e1dat cen\u00edk p\u0159ed uveden\u00edm na trh. na<strong> zah\u00e1jen\u00ed ofici\u00e1ln\u00edho prodeje obratem za\u0161leme ve\u0161ker\u00e9 podrobnosti,<\/strong> v\u010detn\u011b bro\u017eury, pl\u00e1nov\u00e1n\u00ed, mo\u017enost\u00ed financov\u00e1n\u00ed, stavebn\u00edch specifikac\u00ed, p\u016fdorys\u016f atd. Budete pat\u0159it do vybran\u00e9 skupiny, kter\u00e1 m\u00e1 prvn\u00ed volbu.<\/p>\n\n\t\t<\/div>\n\t<\/div>\n<div class=\"vc_btn3-container vc_btn3-center\" ><a class=\"vc_general vc_btn3 vc_btn3-size-md vc_btn3-shape-square vc_btn3-style-modern vc_btn3-color-warning\" href=\"https:\/\/soleil-marbella.com\/cs\/vice-informaci\/\" title=\"V\u00edce informac\u00ed\">VY\u017d\u00c1DEJTE CEN\u00cdK P\u0158ED SPU\u0160T\u011aN\u00cdM<\/a><\/div>\n\t<div class=\"wpb_text_column wpb_content_element\" >\n\t\t<div class=\"wpb_wrapper\">\n\t\t\t\n\t\t<\/div>\n\t<\/div>\n\n\t\t<\/div>\n\t<\/div>\n\t<\/div>\n\n<\/div>\n<\/div>\n\n<div  class=\"content_row row vc_row wpb_row  default-style fullwidth\" >\n\t\n\t<div class=\"content_row_wrapper  default\" >\n\t<div id=\"asdasd\" class=\"vc_col-sm-12 wpb_column vc_column_container\" >\n\t<div class=\"vc_column-inner\">\n\t\t<div class=\"wpb_wrapper\" >\n\t\t\t\n\t\t<\/div>\n\t<\/div>\n\t<\/div>\n\n<\/div>\n<\/div>\n<\/section>","protected":false},"excerpt":{"rendered":"<p>\u2026 <a class=\"more-link\" href=\"https:\/\/soleil-marbella.com\/cs\/umisteni\/\">pokra\u010dovat ve \u010dten\u00ed<\/a><\/p>","protected":false},"author":1,"featured_media":4223,"parent":0,"menu_order":5,"comment_status":"closed","ping_status":"closed","template":"","meta":{"footnotes":""},"class_list":["post-97","page","type-page","status-publish","has-post-thumbnail","hentry"],"yoast_head":"<!-- This site is optimized with the Yoast SEO plugin v26.0 - https:\/\/yoast.com\/wordpress\/plugins\/seo\/ -->\n<title>Locatie - Soleil Marbella<\/title>\n<meta name=\"robots\" content=\"index, follow, max-snippet:-1, max-image-preview:large, max-video-preview:-1\" \/>\n<link rel=\"canonical\" href=\"https:\/\/soleil-marbella.com\/cs\/umisteni\/\" \/>\n<meta property=\"og:locale\" content=\"cs_CZ\" \/>\n<meta property=\"og:type\" content=\"article\" \/>\n<meta property=\"og:title\" content=\"Locatie - Soleil Marbella\" \/>\n<meta property=\"og:url\" content=\"https:\/\/soleil-marbella.com\/cs\/umisteni\/\" \/>\n<meta property=\"og:site_name\" content=\"Soleil Marbella\" \/>\n<meta property=\"article:modified_time\" content=\"2025-04-18T10:39:32+00:00\" \/>\n<meta property=\"og:image\" content=\"https:\/\/soleil-marbella.com\/wp-content\/uploads\/sites\/50\/2022\/10\/soleil_1-scaled.jpg\" \/>\n\t<meta property=\"og:image:width\" content=\"2560\" \/>\n\t<meta property=\"og:image:height\" content=\"1800\" \/>\n\t<meta property=\"og:image:type\" content=\"image\/jpeg\" \/>\n<meta name=\"twitter:card\" content=\"summary_large_image\" \/>\n<meta name=\"twitter:label1\" content=\"Odhadovan\u00e1 doba \u010dten\u00ed\" \/>\n\t<meta name=\"twitter:data1\" content=\"4 minuty\" \/>\n<script type=\"application\/ld+json\" class=\"yoast-schema-graph\">{\"@context\":\"https:\/\/schema.org\",\"@graph\":[{\"@type\":\"WebPage\",\"@id\":\"https:\/\/soleil-marbella.com\/locatie\/\",\"url\":\"https:\/\/soleil-marbella.com\/locatie\/\",\"name\":\"Locatie - Soleil Marbella\",\"isPartOf\":{\"@id\":\"https:\/\/soleil-marbella.com\/#website\"},\"primaryImageOfPage\":{\"@id\":\"https:\/\/soleil-marbella.com\/locatie\/#primaryimage\"},\"image\":{\"@id\":\"https:\/\/soleil-marbella.com\/locatie\/#primaryimage\"},\"thumbnailUrl\":\"https:\/\/soleil-marbella.com\/wp-content\/uploads\/sites\/50\/2022\/10\/soleil_1-scaled.jpg\",\"datePublished\":\"2022-01-27T10:58:35+00:00\",\"dateModified\":\"2025-04-18T10:39:32+00:00\",\"breadcrumb\":{\"@id\":\"https:\/\/soleil-marbella.com\/locatie\/#breadcrumb\"},\"inLanguage\":\"cs\",\"potentialAction\":[{\"@type\":\"ReadAction\",\"target\":[\"https:\/\/soleil-marbella.com\/locatie\/\"]}]},{\"@type\":\"ImageObject\",\"inLanguage\":\"cs\",\"@id\":\"https:\/\/soleil-marbella.com\/locatie\/#primaryimage\",\"url\":\"https:\/\/soleil-marbella.com\/wp-content\/uploads\/sites\/50\/2022\/10\/soleil_1-scaled.jpg\",\"contentUrl\":\"https:\/\/soleil-marbella.com\/wp-content\/uploads\/sites\/50\/2022\/10\/soleil_1-scaled.jpg\",\"width\":2560,\"height\":1800},{\"@type\":\"BreadcrumbList\",\"@id\":\"https:\/\/soleil-marbella.com\/locatie\/#breadcrumb\",\"itemListElement\":[{\"@type\":\"ListItem\",\"position\":1,\"name\":\"Home\",\"item\":\"https:\/\/soleil-marbella.com\/\"},{\"@type\":\"ListItem\",\"position\":2,\"name\":\"Locatie\"}]},{\"@type\":\"WebSite\",\"@id\":\"https:\/\/soleil-marbella.com\/#website\",\"url\":\"https:\/\/soleil-marbella.com\/\",\"name\":\"Soleil Marbella\",\"description\":\"Uitzonderlijk wonen in Marbella\",\"potentialAction\":[{\"@type\":\"SearchAction\",\"target\":{\"@type\":\"EntryPoint\",\"urlTemplate\":\"https:\/\/soleil-marbella.com\/?s={search_term_string}\"},\"query-input\":{\"@type\":\"PropertyValueSpecification\",\"valueRequired\":true,\"valueName\":\"search_term_string\"}}],\"inLanguage\":\"cs\"}]}<\/script>\n<!-- \/ Yoast SEO plugin. -->","yoast_head_json":{"title":"M\u00edsto - Soleil Marbella","robots":{"index":"index","follow":"follow","max-snippet":"max-snippet:-1","max-image-preview":"max-image-preview:large","max-video-preview":"max-video-preview:-1"},"canonical":"https:\/\/soleil-marbella.com\/cs\/umisteni\/","og_locale":"cs_CZ","og_type":"article","og_title":"Locatie - Soleil Marbella","og_url":"https:\/\/soleil-marbella.com\/cs\/umisteni\/","og_site_name":"Soleil Marbella","article_modified_time":"2025-04-18T10:39:32+00:00","og_image":[{"width":2560,"height":1800,"url":"https:\/\/soleil-marbella.com\/wp-content\/uploads\/sites\/50\/2022\/10\/soleil_1-scaled.jpg","type":"image\/jpeg"}],"twitter_card":"summary_large_image","twitter_misc":{"Odhadovan\u00e1 doba \u010dten\u00ed":"4 minuty"},"schema":{"@context":"https:\/\/schema.org","@graph":[{"@type":"WebPage","@id":"https:\/\/soleil-marbella.com\/locatie\/","url":"https:\/\/soleil-marbella.com\/locatie\/","name":"M\u00edsto - Soleil Marbella","isPartOf":{"@id":"https:\/\/soleil-marbella.com\/#website"},"primaryImageOfPage":{"@id":"https:\/\/soleil-marbella.com\/locatie\/#primaryimage"},"image":{"@id":"https:\/\/soleil-marbella.com\/locatie\/#primaryimage"},"thumbnailUrl":"https:\/\/soleil-marbella.com\/wp-content\/uploads\/sites\/50\/2022\/10\/soleil_1-scaled.jpg","datePublished":"2022-01-27T10:58:35+00:00","dateModified":"2025-04-18T10:39:32+00:00","breadcrumb":{"@id":"https:\/\/soleil-marbella.com\/locatie\/#breadcrumb"},"inLanguage":"cs","potentialAction":[{"@type":"ReadAction","target":["https:\/\/soleil-marbella.com\/locatie\/"]}]},{"@type":"ImageObject","inLanguage":"cs","@id":"https:\/\/soleil-marbella.com\/locatie\/#primaryimage","url":"https:\/\/soleil-marbella.com\/wp-content\/uploads\/sites\/50\/2022\/10\/soleil_1-scaled.jpg","contentUrl":"https:\/\/soleil-marbella.com\/wp-content\/uploads\/sites\/50\/2022\/10\/soleil_1-scaled.jpg","width":2560,"height":1800},{"@type":"BreadcrumbList","@id":"https:\/\/soleil-marbella.com\/locatie\/#breadcrumb","itemListElement":[{"@type":"ListItem","position":1,"name":"Home","item":"https:\/\/soleil-marbella.com\/"},{"@type":"ListItem","position":2,"name":"Locatie"}]},{"@type":"WebSite","@id":"https:\/\/soleil-marbella.com\/#website","url":"https:\/\/soleil-marbella.com\/","name":"Soleil Marbella","description":"V\u00fdjime\u010dn\u00e9 bydlen\u00ed v Marbelle","potentialAction":[{"@type":"SearchAction","target":{"@type":"EntryPoint","urlTemplate":"https:\/\/soleil-marbella.com\/?s={search_term_string}"},"query-input":{"@type":"PropertyValueSpecification","valueRequired":true,"valueName":"search_term_string"}}],"inLanguage":"cs"}]}},"_links":{"self":[{"href":"https:\/\/soleil-marbella.com\/cs\/wp-json\/wp\/v2\/pages\/97","targetHints":{"allow":["GET"]}}],"collection":[{"href":"https:\/\/soleil-marbella.com\/cs\/wp-json\/wp\/v2\/pages"}],"about":[{"href":"https:\/\/soleil-marbella.com\/cs\/wp-json\/wp\/v2\/types\/page"}],"author":[{"embeddable":true,"href":"https:\/\/soleil-marbella.com\/cs\/wp-json\/wp\/v2\/users\/1"}],"replies":[{"embeddable":true,"href":"https:\/\/soleil-marbella.com\/cs\/wp-json\/wp\/v2\/comments?post=97"}],"version-history":[{"count":21,"href":"https:\/\/soleil-marbella.com\/cs\/wp-json\/wp\/v2\/pages\/97\/revisions"}],"predecessor-version":[{"id":4256,"href":"https:\/\/soleil-marbella.com\/cs\/wp-json\/wp\/v2\/pages\/97\/revisions\/4256"}],"wp:featuredmedia":[{"embeddable":true,"href":"https:\/\/soleil-marbella.com\/cs\/wp-json\/wp\/v2\/media\/4223"}],"wp:attachment":[{"href":"https:\/\/soleil-marbella.com\/cs\/wp-json\/wp\/v2\/media?parent=97"}],"curies":[{"name":"wp","href":"https:\/\/api.w.org\/{rel}","templated":true}]}}