{"id":95,"date":"2022-01-27T10:58:29","date_gmt":"2022-01-27T10:58:29","guid":{"rendered":"http:\/\/cognito.mprinsdesign.nl\/?page_id=95"},"modified":"2025-06-26T14:48:22","modified_gmt":"2025-06-26T14:48:22","slug":"komplex","status":"publish","type":"page","link":"https:\/\/soleil-marbella.com\/cs\/komplex\/","title":{"rendered":"O Soleil Marbella"},"content":{"rendered":"<section class=\"wpb-content-wrapper\"><div  class=\"content_row row page-content vc_row wpb_row  default-style fullwidth\" >\n\t\n\t<div class=\"content_row_wrapper  default\" >\n\t<div id=\"asdasd\" class=\"vc_col-sm-12 wpb_column vc_column_container\" >\n\t<div class=\"vc_column-inner\">\n\t\t<div class=\"wpb_wrapper\" >\n\t\t\t<div class=\"rt_heading_wrapper no-style\">\n\t\t\t\t\t\t<h1 class=\"rt_heading  no-style\"  style=\"font-size:24px;margin-top:24px;margin-bottom:0px;\">Soleil Marbella \u2013 <span class=\"after_h1\">V\u00fdjime\u010dn\u00e9 bydlen\u00ed v Marbelle<\/span><\/h1> \n\t\t\t\t\t<\/div><div class=\"vc_empty_space\"   style=\"height: 32px\"><span class=\"vc_empty_space_inner\"><\/span><\/div>\n\t<div class=\"wpb_text_column wpb_content_element\" >\n\t\t<div class=\"wpb_wrapper\">\n\t\t\t<div class=\"\">\n<h2>Soleil Marbella \u2013 Altos de los Monteros<\/h2>\n<p><em>SOLEIL MARBELLA \u2013 v\u00fdjime\u010dn\u00fd reziden\u010dn\u00ed komplex v Altos de los Monteros \u2013 Marbella.<\/em><\/p>\n<\/div>\n\n\t\t<\/div>\n\t<\/div>\n\n\t<div  class=\"wpb_single_image wpb_content_element vc_align_center\">\n\t\t\n\t\t<figure class=\"wpb_wrapper vc_figure\">\n\t\t\t<div class=\"vc_single_image-wrapper   vc_box_border_grey\"><img fetchpriority=\"high\" decoding=\"async\" width=\"2000\" height=\"1406\" src=\"https:\/\/soleil-marbella.com\/wp-content\/uploads\/sites\/50\/2025\/06\/Header-Soleil.png\" class=\"vc_single_image-img attachment-full\" alt=\"Soleil Marbella\" title=\"Z\u00e1hlav\u00ed-Soleil\" srcset=\"https:\/\/soleil-marbella.com\/wp-content\/uploads\/sites\/50\/2025\/06\/Header-Soleil.png 2000w, https:\/\/soleil-marbella.com\/wp-content\/uploads\/sites\/50\/2025\/06\/Header-Soleil-300x211.png 300w, https:\/\/soleil-marbella.com\/wp-content\/uploads\/sites\/50\/2025\/06\/Header-Soleil-1024x720.png 1024w, https:\/\/soleil-marbella.com\/wp-content\/uploads\/sites\/50\/2025\/06\/Header-Soleil-768x540.png 768w, https:\/\/soleil-marbella.com\/wp-content\/uploads\/sites\/50\/2025\/06\/Header-Soleil-1536x1080.png 1536w, https:\/\/soleil-marbella.com\/wp-content\/uploads\/sites\/50\/2025\/06\/Header-Soleil-18x12.png 18w\" sizes=\"(max-width: 2000px) 100vw, 2000px\" \/><\/div>\n\t\t<\/figure>\n\t<\/div>\n<div class=\"vc_btn3-container vc_btn3-center\" id=\"info\" ><a class=\"vc_general vc_btn3 vc_btn3-size-md vc_btn3-shape-square vc_btn3-style-modern vc_btn3-color-warning\" href=\"https:\/\/soleil-marbella.com\/cs\/vice-informaci\/\" title=\"V\u00edce informac\u00ed\">VY\u017d\u00c1DEJTE SI INFORMA\u010cN\u00cd BAL\u00cd\u010cEK<\/a><\/div>\n\t<div class=\"wpb_text_column wpb_content_element\" >\n\t\t<div class=\"wpb_wrapper\">\n\t\t\t<div class=\"\">\n<h3>O Soleil Marbella<\/h3>\n<p>Soleil Marbella je modern\u00ed a exkluzivn\u00ed reziden\u010dn\u00ed komplex <strong>s 80 domy,<\/strong><br \/>\nnavr\u017eeny tak, aby poskytovaly dokonalou rovnov\u00e1hu mezi soukrom\u00edm, pohodl\u00edm a klidem<br \/>\npro celou rodinu.<\/p>\n<p><strong>Soleil nab\u00edz\u00ed 2 a 3 lo\u017enicov\u00e9 apartm\u00e1ny<\/strong>\u00a0, prostorn\u00e9 terasy a mezonetov\u00e9 penthousy s terasou a st\u0159e\u0161n\u00ed terasou. Interi\u00e9ry t\u011bchto unik\u00e1tn\u00edch dom\u016f jsou n\u00e1padn\u00e9 d\u00edky sv\u00e9 sv\u011btl\u00e9 a vysoce kvalitn\u00ed povrchov\u00e9 \u00faprav\u011b.<\/p>\n<\/div>\n<div class=\"\">\n<p><strong>Exkluzivn\u00ed spole\u010dn\u00e9 prostory:<\/strong><br \/>\nSpole\u010dn\u00e9 prostory jsou navr\u017eeny tak, aby zlep\u0161ily kvalitu \u017eivota. Maj\u00ed venkovn\u00ed baz\u00e9n a vyh\u0159\u00edvan\u00fd kryt\u00fd baz\u00e9n, posilovnu, l\u00e1zn\u011b a tureck\u00e9 l\u00e1zn\u011b, co-workingov\u00fd prostor a spole\u010densk\u00fd klub. Krom\u011b toho je k dispozici prostorn\u00e1 terasa s barem, kde si m\u016f\u017eete vychutnat fantastick\u00fd v\u00fdhled na St\u0159edozemn\u00ed mo\u0159e.<\/p>\n<\/div>\n\n\t\t<\/div>\n\t<\/div>\n<div class=\"vc_btn3-container vc_btn3-center\" ><a class=\"vc_general vc_btn3 vc_btn3-size-md vc_btn3-shape-square vc_btn3-style-modern vc_btn3-color-warning\" href=\"https:\/\/soleil-marbella.com\/cs\/vice-informaci\/\" title=\"V\u00edce informac\u00ed\">VY\u017d\u00c1DEJTE SI INFORMA\u010cN\u00cd BAL\u00cd\u010cEK<\/a><\/div>\n\t<div  class=\"wpb_single_image wpb_content_element vc_align_center\">\n\t\t\n\t\t<figure class=\"wpb_wrapper vc_figure\">\n\t\t\t<div class=\"vc_single_image-wrapper   vc_box_border_grey\"><img decoding=\"async\" width=\"2560\" height=\"1800\" src=\"https:\/\/soleil-marbella.com\/wp-content\/uploads\/sites\/50\/2022\/04\/SOLEIL-MARBELLA-POOL-view-scaled.png\" class=\"vc_single_image-img attachment-full\" alt=\"\" title=\"SOLEIL-MARBELLA-BAZ\u00c9N-v\u00fdhled\" srcset=\"https:\/\/soleil-marbella.com\/wp-content\/uploads\/sites\/50\/2022\/04\/SOLEIL-MARBELLA-POOL-view-scaled.png 2560w, https:\/\/soleil-marbella.com\/wp-content\/uploads\/sites\/50\/2022\/04\/SOLEIL-MARBELLA-POOL-view-300x211.png 300w, https:\/\/soleil-marbella.com\/wp-content\/uploads\/sites\/50\/2022\/04\/SOLEIL-MARBELLA-POOL-view-1024x720.png 1024w, https:\/\/soleil-marbella.com\/wp-content\/uploads\/sites\/50\/2022\/04\/SOLEIL-MARBELLA-POOL-view-768x540.png 768w, https:\/\/soleil-marbella.com\/wp-content\/uploads\/sites\/50\/2022\/04\/SOLEIL-MARBELLA-POOL-view-1536x1080.png 1536w\" sizes=\"(max-width: 2560px) 100vw, 2560px\" \/><\/div>\n\t\t<\/figure>\n\t<\/div>\n\n\t<div class=\"wpb_text_column wpb_content_element\" >\n\t\t<div class=\"wpb_wrapper\">\n\t\t\t<div class=\"\">\n<h3>Vy\u017e\u00e1dat si dostupnost a cen\u00edk<\/h3>\n<ul>\n<li>\u010cerven 2025 \u2013 ceny od 605 000 \u20ac<\/li>\n<li>Pro informace o dostupn\u00fdch domech a aktu\u00e1ln\u00edch cen\u00e1ch si pros\u00edm vy\u017e\u00e1dejte informa\u010dn\u00ed bal\u00ed\u010dek<\/li>\n<\/ul>\n<\/div>\n\n\t\t<\/div>\n\t<\/div>\n<div class=\"vc_btn3-container vc_btn3-center\" ><a class=\"vc_general vc_btn3 vc_btn3-size-md vc_btn3-shape-square vc_btn3-style-modern vc_btn3-color-warning\" href=\"https:\/\/soleil-marbella.com\/cs\/vice-informaci\/\" title=\"V\u00edce informac\u00ed\">VY\u017d\u00c1DEJTE SI INFORMA\u010cN\u00cd BAL\u00cd\u010cEK<\/a><\/div>\n\t<div class=\"wpb_raw_code wpb_content_element wpb_raw_html cdm-youtube-video\" >\n\t\t<div class=\"wpb_wrapper\">\n\t\t\t<iframe width=\"560\" height=\"315\" src=\"https:\/\/www.youtube.com\/embed\/2WoFdSME4Gc?si=3ukSTnKRVR8IzeIJ\" title=\"P\u0159ehr\u00e1va\u010d videa na YouTube\" frameborder=\"0\" allow=\"accelerometer; autoplay; clipboard-write; encrypted-media; gyroscope; picture-in-picture; web-share\" referrerpolicy=\"strict-origin-when-cross-origin\" allowfullscreen><\/iframe>\n\t\t<\/div>\n\t<\/div>\n\n\t\t<\/div>\n\t<\/div>\n\t<\/div>\n\n<\/div>\n<\/div>\n\n<div  class=\"content_row row page-content vc_row wpb_row  default-style fullwidth\" style=\"background-color: #bbac8c;\">\n\t\n\t<div class=\"content_row_wrapper  default\" >\n\t<div id=\"asdasd\" class=\"vc_col-sm-12 wpb_column vc_column_container\" >\n\t<div class=\"vc_column-inner\">\n\t\t<div class=\"wpb_wrapper\" >\n\t\t\t<div class=\"rt_heading_wrapper no-style\">\n\t\t\t\t\t\t<h1 class=\"rt_heading  no-style\"  style=\"font-size:24px;margin-top:24px;margin-bottom:0px;\">Funkce - <span class=\"after_h1 white\">Soleil Marbella<\/span><\/h1> \n\t\t\t\t\t<\/div><div class=\"vc_empty_space\"   style=\"height: 32px\"><span class=\"vc_empty_space_inner\"><\/span><\/div><div class=\"vc_separator wpb_content_element vc_separator_align_center vc_sep_width_100 vc_sep_style-4 vc_sep_pos_align_center vc_separator_no_text vc_sep_color_grey\" ><span class=\"vc_sep_holder vc_sep_holder_l\"><span class=\"vc_sep_line\"><\/span><\/span><span class=\"vc_sep_holder vc_sep_holder_r\"><span class=\"vc_sep_line\"><\/span><\/span>\n<\/div>\n\t<div class=\"wpb_text_column wpb_content_element\" >\n\t\t<div class=\"wpb_wrapper\">\n\t\t\t\t \n\t\t<div  class=\"bullet-list style-1  check\">\n\t\t<ul>\n<li>v exkluzivn\u00ed oblasti Altos de Monteros<\/li>\n<li>venkovn\u00ed baz\u00e9n a kryt\u00fd vyh\u0159\u00edvan\u00fd baz\u00e9n<\/li>\n<li>Apartm\u00e1ny se 2 nebo 3 lo\u017enicemi<\/li>\n<li>velmi prostorn\u00e9 terasy<\/li>\n<li>l\u00e1zn\u011b a tureck\u00e9 l\u00e1zn\u011b<\/li>\n<li>fitness m\u00edstnost<\/li>\n<li>co-workingov\u00fd prostor<\/li>\n<li>spole\u010densk\u00fd klub<\/li>\n<\/ul>\n\n\t\t<\/div>\n\t\n\n\t\t<\/div>\n\t<\/div>\n\n\t\t<\/div>\n\t<\/div>\n\t<\/div>\n\n<\/div>\n<\/div>\n\n<div  class=\"content_row row quote-row vc_row wpb_row  default-style fullwidth\" style=\"background-color: #fcfcfc;\">\n\t\n\t<div class=\"content_row_wrapper  fullwidth\" >\n\t<div id=\"asdasd\" class=\"vc_col-sm-12 wpb_column vc_column_container vc_custom_1644925648982\" >\n\t<div class=\"vc_column-inner\">\n\t\t<div class=\"wpb_wrapper\" >\n\t\t\t<div class=\"rt_heading_wrapper style-3\">\n\t\t\t\t\t\t<h4 class=\"rt_heading serif quote-max-width style-3\" >Informa\u010dn\u00ed bal\u00ed\u010dek Soleil Marbella <a href=\"https:\/\/soleil-marbella.com\/cs\/vice-informaci\/\"> Vy\u017e\u00e1dejte si informa\u010dn\u00ed bal\u00ed\u010dek <\/a><\/h4> \n\t\t\t\t\t<\/div>\n\t\t<\/div>\n\t<\/div>\n\t<\/div>\n\n<\/div>\n<\/div>\n\n<div  class=\"content_row row vc_row wpb_row  default-style fullwidth\" >\n\t\n\t<div class=\"content_row_wrapper  default\" >\n\t<div id=\"asdasd\" class=\"vc_col-sm-12 wpb_column vc_column_container\" >\n\t<div class=\"vc_column-inner\">\n\t\t<div class=\"wpb_wrapper\" >\n\t\t\t<div class=\"vc_btn3-container vc_btn3-center\" ><a class=\"vc_general vc_btn3 vc_btn3-size-md vc_btn3-shape-square vc_btn3-style-modern vc_btn3-color-warning\" href=\"https:\/\/soleil-marbella.com\/cs\/vice-informaci\/\" title=\"V\u00edce informac\u00ed\">VY\u017d\u00c1DEJTE INFORMA\u010cN\u00cd BAL\u00cd\u010cEK<\/a><\/div>\n\t\t<\/div>\n\t<\/div>\n\t<\/div>\n\n<\/div>\n<\/div>\n\n<div  class=\"content_row row vc_row wpb_row  default-style fullwidth\" >\n\t\n\t<div class=\"content_row_wrapper  default\" >\n\t<div id=\"asdasd\" class=\"vc_col-sm-12 wpb_column vc_column_container\" >\n\t<div class=\"vc_column-inner\">\n\t\t<div class=\"wpb_wrapper\" >\n\t\t\t\n\t\t<\/div>\n\t<\/div>\n\t<\/div>\n\n<\/div>\n<\/div>\n<\/section>","protected":false},"excerpt":{"rendered":"<p>\u2026 <a class=\"more-link\" href=\"https:\/\/soleil-marbella.com\/cs\/komplex\/\">pokra\u010dovat ve \u010dten\u00ed<\/a><\/p>","protected":false},"author":1,"featured_media":4220,"parent":0,"menu_order":3,"comment_status":"closed","ping_status":"closed","template":"","meta":{"footnotes":""},"class_list":["post-95","page","type-page","status-publish","has-post-thumbnail","hentry"],"yoast_head":"<!-- This site is optimized with the Yoast SEO plugin v26.0 - https:\/\/yoast.com\/wordpress\/plugins\/seo\/ -->\n<title>Over Soleil Marbella - Soleil Marbella<\/title>\n<meta name=\"robots\" content=\"index, follow, max-snippet:-1, max-image-preview:large, max-video-preview:-1\" \/>\n<link rel=\"canonical\" href=\"https:\/\/soleil-marbella.com\/cs\/komplex\/\" \/>\n<meta property=\"og:locale\" content=\"cs_CZ\" \/>\n<meta property=\"og:type\" content=\"article\" \/>\n<meta property=\"og:title\" content=\"Over Soleil Marbella - Soleil Marbella\" \/>\n<meta property=\"og:url\" content=\"https:\/\/soleil-marbella.com\/cs\/komplex\/\" \/>\n<meta property=\"og:site_name\" content=\"Soleil Marbella\" \/>\n<meta property=\"article:modified_time\" content=\"2025-06-26T14:48:22+00:00\" \/>\n<meta property=\"og:image\" content=\"https:\/\/soleil-marbella.com\/wp-content\/uploads\/sites\/50\/2022\/10\/SOLEIL-MARBELLA-view-1024x720.png\" \/>\n\t<meta property=\"og:image:width\" content=\"1024\" \/>\n\t<meta property=\"og:image:height\" content=\"720\" \/>\n\t<meta property=\"og:image:type\" content=\"image\/png\" \/>\n<meta name=\"twitter:card\" content=\"summary_large_image\" \/>\n<meta name=\"twitter:label1\" content=\"Odhadovan\u00e1 doba \u010dten\u00ed\" \/>\n\t<meta name=\"twitter:data1\" content=\"3 minuty\" \/>\n<script type=\"application\/ld+json\" class=\"yoast-schema-graph\">{\"@context\":\"https:\/\/schema.org\",\"@graph\":[{\"@type\":\"WebPage\",\"@id\":\"https:\/\/soleil-marbella.com\/het-complex\/\",\"url\":\"https:\/\/soleil-marbella.com\/het-complex\/\",\"name\":\"Over Soleil Marbella - Soleil Marbella\",\"isPartOf\":{\"@id\":\"https:\/\/soleil-marbella.com\/#website\"},\"primaryImageOfPage\":{\"@id\":\"https:\/\/soleil-marbella.com\/het-complex\/#primaryimage\"},\"image\":{\"@id\":\"https:\/\/soleil-marbella.com\/het-complex\/#primaryimage\"},\"thumbnailUrl\":\"https:\/\/soleil-marbella.com\/wp-content\/uploads\/sites\/50\/2022\/10\/SOLEIL-MARBELLA-view-scaled.png\",\"datePublished\":\"2022-01-27T10:58:29+00:00\",\"dateModified\":\"2025-06-26T14:48:22+00:00\",\"breadcrumb\":{\"@id\":\"https:\/\/soleil-marbella.com\/het-complex\/#breadcrumb\"},\"inLanguage\":\"cs\",\"potentialAction\":[{\"@type\":\"ReadAction\",\"target\":[\"https:\/\/soleil-marbella.com\/het-complex\/\"]}]},{\"@type\":\"ImageObject\",\"inLanguage\":\"cs\",\"@id\":\"https:\/\/soleil-marbella.com\/het-complex\/#primaryimage\",\"url\":\"https:\/\/soleil-marbella.com\/wp-content\/uploads\/sites\/50\/2022\/10\/SOLEIL-MARBELLA-view-scaled.png\",\"contentUrl\":\"https:\/\/soleil-marbella.com\/wp-content\/uploads\/sites\/50\/2022\/10\/SOLEIL-MARBELLA-view-scaled.png\",\"width\":2560,\"height\":1800},{\"@type\":\"BreadcrumbList\",\"@id\":\"https:\/\/soleil-marbella.com\/het-complex\/#breadcrumb\",\"itemListElement\":[{\"@type\":\"ListItem\",\"position\":1,\"name\":\"Home\",\"item\":\"https:\/\/soleil-marbella.com\/\"},{\"@type\":\"ListItem\",\"position\":2,\"name\":\"Over Soleil Marbella\"}]},{\"@type\":\"WebSite\",\"@id\":\"https:\/\/soleil-marbella.com\/#website\",\"url\":\"https:\/\/soleil-marbella.com\/\",\"name\":\"Soleil Marbella\",\"description\":\"Uitzonderlijk wonen in Marbella\",\"potentialAction\":[{\"@type\":\"SearchAction\",\"target\":{\"@type\":\"EntryPoint\",\"urlTemplate\":\"https:\/\/soleil-marbella.com\/?s={search_term_string}\"},\"query-input\":{\"@type\":\"PropertyValueSpecification\",\"valueRequired\":true,\"valueName\":\"search_term_string\"}}],\"inLanguage\":\"cs\"}]}<\/script>\n<!-- \/ Yoast SEO plugin. -->","yoast_head_json":{"title":"O Soleil Marbella - Soleil Marbella","robots":{"index":"index","follow":"follow","max-snippet":"max-snippet:-1","max-image-preview":"max-image-preview:large","max-video-preview":"max-video-preview:-1"},"canonical":"https:\/\/soleil-marbella.com\/cs\/komplex\/","og_locale":"cs_CZ","og_type":"article","og_title":"Over Soleil Marbella - Soleil Marbella","og_url":"https:\/\/soleil-marbella.com\/cs\/komplex\/","og_site_name":"Soleil Marbella","article_modified_time":"2025-06-26T14:48:22+00:00","og_image":[{"width":1024,"height":720,"url":"https:\/\/soleil-marbella.com\/wp-content\/uploads\/sites\/50\/2022\/10\/SOLEIL-MARBELLA-view-1024x720.png","type":"image\/png"}],"twitter_card":"summary_large_image","twitter_misc":{"Odhadovan\u00e1 doba \u010dten\u00ed":"3 minuty"},"schema":{"@context":"https:\/\/schema.org","@graph":[{"@type":"WebPage","@id":"https:\/\/soleil-marbella.com\/het-complex\/","url":"https:\/\/soleil-marbella.com\/het-complex\/","name":"O Soleil Marbella - Soleil Marbella","isPartOf":{"@id":"https:\/\/soleil-marbella.com\/#website"},"primaryImageOfPage":{"@id":"https:\/\/soleil-marbella.com\/het-complex\/#primaryimage"},"image":{"@id":"https:\/\/soleil-marbella.com\/het-complex\/#primaryimage"},"thumbnailUrl":"https:\/\/soleil-marbella.com\/wp-content\/uploads\/sites\/50\/2022\/10\/SOLEIL-MARBELLA-view-scaled.png","datePublished":"2022-01-27T10:58:29+00:00","dateModified":"2025-06-26T14:48:22+00:00","breadcrumb":{"@id":"https:\/\/soleil-marbella.com\/het-complex\/#breadcrumb"},"inLanguage":"cs","potentialAction":[{"@type":"ReadAction","target":["https:\/\/soleil-marbella.com\/het-complex\/"]}]},{"@type":"ImageObject","inLanguage":"cs","@id":"https:\/\/soleil-marbella.com\/het-complex\/#primaryimage","url":"https:\/\/soleil-marbella.com\/wp-content\/uploads\/sites\/50\/2022\/10\/SOLEIL-MARBELLA-view-scaled.png","contentUrl":"https:\/\/soleil-marbella.com\/wp-content\/uploads\/sites\/50\/2022\/10\/SOLEIL-MARBELLA-view-scaled.png","width":2560,"height":1800},{"@type":"BreadcrumbList","@id":"https:\/\/soleil-marbella.com\/het-complex\/#breadcrumb","itemListElement":[{"@type":"ListItem","position":1,"name":"Home","item":"https:\/\/soleil-marbella.com\/"},{"@type":"ListItem","position":2,"name":"Over Soleil Marbella"}]},{"@type":"WebSite","@id":"https:\/\/soleil-marbella.com\/#website","url":"https:\/\/soleil-marbella.com\/","name":"Soleil Marbella","description":"V\u00fdjime\u010dn\u00e9 bydlen\u00ed v Marbelle","potentialAction":[{"@type":"SearchAction","target":{"@type":"EntryPoint","urlTemplate":"https:\/\/soleil-marbella.com\/?s={search_term_string}"},"query-input":{"@type":"PropertyValueSpecification","valueRequired":true,"valueName":"search_term_string"}}],"inLanguage":"cs"}]}},"_links":{"self":[{"href":"https:\/\/soleil-marbella.com\/cs\/wp-json\/wp\/v2\/pages\/95","targetHints":{"allow":["GET"]}}],"collection":[{"href":"https:\/\/soleil-marbella.com\/cs\/wp-json\/wp\/v2\/pages"}],"about":[{"href":"https:\/\/soleil-marbella.com\/cs\/wp-json\/wp\/v2\/types\/page"}],"author":[{"embeddable":true,"href":"https:\/\/soleil-marbella.com\/cs\/wp-json\/wp\/v2\/users\/1"}],"replies":[{"embeddable":true,"href":"https:\/\/soleil-marbella.com\/cs\/wp-json\/wp\/v2\/comments?post=95"}],"version-history":[{"count":77,"href":"https:\/\/soleil-marbella.com\/cs\/wp-json\/wp\/v2\/pages\/95\/revisions"}],"predecessor-version":[{"id":4321,"href":"https:\/\/soleil-marbella.com\/cs\/wp-json\/wp\/v2\/pages\/95\/revisions\/4321"}],"wp:featuredmedia":[{"embeddable":true,"href":"https:\/\/soleil-marbella.com\/cs\/wp-json\/wp\/v2\/media\/4220"}],"wp:attachment":[{"href":"https:\/\/soleil-marbella.com\/cs\/wp-json\/wp\/v2\/media?parent=95"}],"curies":[{"name":"wp","href":"https:\/\/api.w.org\/{rel}","templated":true}]}}